{"id":2337,"date":"2023-03-10T11:31:18","date_gmt":"2023-03-10T10:31:18","guid":{"rendered":"http:\/\/www.lebreuilbourgogne.fr\/?page_id=2337"},"modified":"2025-10-17T14:23:58","modified_gmt":"2025-10-17T12:23:58","slug":"publications","status":"publish","type":"page","link":"https:\/\/www.lebreuilbourgogne.fr\/index.php\/ma-ville\/publications\/","title":{"rendered":"Publications"},"content":{"rendered":"\n<div style=\"height:50px\" aria-hidden=\"true\" class=\"wp-block-spacer\"><\/div>\n\n\n\n<div class=\"wp-block-cover alignfull is-light\" style=\"min-height:449px;aspect-ratio:unset;\"><img loading=\"lazy\" decoding=\"async\" width=\"1810\" height=\"2560\" class=\"wp-block-cover__image-background wp-image-2959\" alt=\"\" src=\"http:\/\/www.lebreuilbourgogne.fr\/wp-content\/uploads\/2023\/07\/Magazine-les-nouvelles-juin-23_Page_1-scaled.jpg\" data-object-fit=\"cover\" srcset=\"https:\/\/www.lebreuilbourgogne.fr\/wp-content\/uploads\/2023\/07\/Magazine-les-nouvelles-juin-23_Page_1-scaled.jpg 1810w, https:\/\/www.lebreuilbourgogne.fr\/wp-content\/uploads\/2023\/07\/Magazine-les-nouvelles-juin-23_Page_1-212x300.jpg 212w, https:\/\/www.lebreuilbourgogne.fr\/wp-content\/uploads\/2023\/07\/Magazine-les-nouvelles-juin-23_Page_1-724x1024.jpg 724w, https:\/\/www.lebreuilbourgogne.fr\/wp-content\/uploads\/2023\/07\/Magazine-les-nouvelles-juin-23_Page_1-768x1086.jpg 768w, https:\/\/www.lebreuilbourgogne.fr\/wp-content\/uploads\/2023\/07\/Magazine-les-nouvelles-juin-23_Page_1-1086x1536.jpg 1086w, https:\/\/www.lebreuilbourgogne.fr\/wp-content\/uploads\/2023\/07\/Magazine-les-nouvelles-juin-23_Page_1-1448x2048.jpg 1448w\" sizes=\"auto, (max-width: 1810px) 100vw, 1810px\" \/><span aria-hidden=\"true\" class=\"wp-block-cover__background has-background-dim\"><\/span><div class=\"wp-block-cover__inner-container is-layout-flow wp-block-cover-is-layout-flow\">\n<p class=\"has-text-align-center has-ast-global-color-4-color has-text-color has-link-color wp-elements-34c7962569e59be30aad0724efc06d37\" style=\"font-size:50px;letter-spacing:-3px;line-height:1.3;text-transform:uppercase\"><strong>PUBLICATIONS<\/strong><\/p>\n<\/div><\/div>\n\n\n\n<div style=\"height:70px\" aria-hidden=\"true\" class=\"wp-block-spacer\"><\/div>\n\n\n\n<div class=\"wp-block-columns is-layout-flex wp-container-core-columns-is-layout-28f84493 wp-block-columns-is-layout-flex\">\n<div class=\"wp-block-column is-layout-flow wp-block-column-is-layout-flow\">\n<figure class=\"wp-block-image aligncenter size-full has-custom-border\"><a href=\"http:\/\/www.lebreuilbourgogne.fr\/index.php\/ma-ville\/publications\/arretes-municipaux\/\"><img loading=\"lazy\" decoding=\"async\" width=\"351\" height=\"268\" src=\"http:\/\/www.lebreuilbourgogne.fr\/wp-content\/uploads\/2023\/07\/Design-sans-titre.png\" alt=\"\" class=\"has-border-color has-ast-global-color-1-border-color wp-image-2578\" style=\"border-width:5px;border-radius:20px\" srcset=\"https:\/\/www.lebreuilbourgogne.fr\/wp-content\/uploads\/2023\/07\/Design-sans-titre.png 351w, https:\/\/www.lebreuilbourgogne.fr\/wp-content\/uploads\/2023\/07\/Design-sans-titre-300x229.png 300w\" sizes=\"auto, (max-width: 351px) 100vw, 351px\" \/><\/a><\/figure>\n\n\n\n<h2 class=\"wp-block-heading has-text-align-center has-ast-global-color-0-color has-text-color\" style=\"font-size:25px;font-style:normal;font-weight:700;text-transform:uppercase\">Arr\u00eat\u00e9s MUNICIPAUX<\/h2>\n<\/div>\n\n\n\n<div class=\"wp-block-column is-layout-flow wp-block-column-is-layout-flow\">\n<figure class=\"wp-block-image aligncenter size-full has-custom-border\"><a href=\"https:\/\/www.lebreuilbourgogne.fr\/index.php\/ma-ville\/publications\/arretes-prefectoraux\/\"><img loading=\"lazy\" decoding=\"async\" width=\"351\" height=\"268\" src=\"http:\/\/www.lebreuilbourgogne.fr\/wp-content\/uploads\/2023\/07\/Design-sans-titre-1.png\" alt=\"\" class=\"has-border-color has-ast-global-color-1-border-color wp-image-2580\" style=\"border-width:5px;border-radius:20px\" srcset=\"https:\/\/www.lebreuilbourgogne.fr\/wp-content\/uploads\/2023\/07\/Design-sans-titre-1.png 351w, https:\/\/www.lebreuilbourgogne.fr\/wp-content\/uploads\/2023\/07\/Design-sans-titre-1-300x229.png 300w\" sizes=\"auto, (max-width: 351px) 100vw, 351px\" \/><\/a><\/figure>\n\n\n\n<h2 class=\"wp-block-heading has-text-align-center has-ast-global-color-0-color has-text-color\" style=\"font-size:25px;font-style:normal;font-weight:700;text-transform:uppercase\">Arr\u00eat\u00e9s pr\u00e9fectoraux<\/h2>\n<\/div>\n<\/div>\n\n\n\n<div class=\"wp-block-columns is-layout-flex wp-container-core-columns-is-layout-28f84493 wp-block-columns-is-layout-flex\">\n<div class=\"wp-block-column is-layout-flow wp-block-column-is-layout-flow\">\n<figure class=\"wp-block-image aligncenter size-full has-custom-border\"><a href=\"https:\/\/www.lebreuilbourgogne.fr\/index.php\/ma-ville\/publications\/magazines-municipaux\/\"><img loading=\"lazy\" decoding=\"async\" width=\"351\" height=\"268\" src=\"http:\/\/www.lebreuilbourgogne.fr\/wp-content\/uploads\/2023\/07\/Copie-de-en-attente-3.png\" alt=\"\" class=\"has-border-color has-ast-global-color-1-border-color wp-image-3020\" style=\"border-width:5px;border-radius:20px\" srcset=\"https:\/\/www.lebreuilbourgogne.fr\/wp-content\/uploads\/2023\/07\/Copie-de-en-attente-3.png 351w, https:\/\/www.lebreuilbourgogne.fr\/wp-content\/uploads\/2023\/07\/Copie-de-en-attente-3-300x229.png 300w\" sizes=\"auto, (max-width: 351px) 100vw, 351px\" \/><\/a><\/figure>\n\n\n\n<h2 class=\"wp-block-heading has-text-align-center has-ast-global-color-0-color has-text-color\" style=\"font-size:25px;font-style:normal;font-weight:700;text-transform:uppercase\"><a href=\"https:\/\/www.lebreuilbourgogne.fr\/index.php\/ma-ville\/publications\/magazines-municipaux\/\">Magazines municipaux<\/a><\/h2>\n<\/div>\n\n\n\n<div class=\"wp-block-column is-layout-flow wp-block-column-is-layout-flow\">\n<figure class=\"wp-block-image aligncenter size-full has-custom-border\"><a href=\"http:\/\/www.lebreuilbourgogne.fr\/index.php\/ma-ville\/publications\/informations-et-communiques\"><img loading=\"lazy\" decoding=\"async\" width=\"351\" height=\"268\" src=\"http:\/\/www.lebreuilbourgogne.fr\/wp-content\/uploads\/2023\/07\/Copie-de-en-attente-4.png\" alt=\"\" class=\"has-border-color has-ast-global-color-1-border-color wp-image-3022\" style=\"border-width:5px;border-radius:20px\" srcset=\"https:\/\/www.lebreuilbourgogne.fr\/wp-content\/uploads\/2023\/07\/Copie-de-en-attente-4.png 351w, https:\/\/www.lebreuilbourgogne.fr\/wp-content\/uploads\/2023\/07\/Copie-de-en-attente-4-300x229.png 300w\" sizes=\"auto, (max-width: 351px) 100vw, 351px\" \/><\/a><\/figure>\n\n\n\n<h2 class=\"wp-block-heading has-text-align-center has-ast-global-color-0-color has-text-color\" style=\"font-size:25px;font-style:normal;font-weight:700;text-transform:uppercase\"><a href=\"http:\/\/www.lebreuilbourgogne.fr\/index.php\/ma-ville\/publications\/informations-et-communiques\">iNFORMATIONS ET COMMUNIQU\u00e9s<\/a><\/h2>\n<\/div>\n<\/div>\n\n\n\n<div class=\"wp-block-columns is-layout-flex wp-container-core-columns-is-layout-28f84493 wp-block-columns-is-layout-flex\">\n<div class=\"wp-block-column is-layout-flow wp-block-column-is-layout-flow\">\n<figure class=\"wp-block-image aligncenter size-large is-resized has-custom-border\"><a href=\"https:\/\/www.lebreuilbourgogne.fr\/index.php\/ma-ville\/publications\/publication-etat-civil\/\"><img loading=\"lazy\" decoding=\"async\" width=\"1024\" height=\"768\" src=\"http:\/\/www.lebreuilbourgogne.fr\/wp-content\/uploads\/2023\/03\/etat-civil-1024x768.jpg\" alt=\"\" class=\"has-border-color has-ast-global-color-1-border-color wp-image-2422\" style=\"border-width:5px;border-radius:20px;width:351px;height:undefinedpx\" srcset=\"https:\/\/www.lebreuilbourgogne.fr\/wp-content\/uploads\/2023\/03\/etat-civil-1024x768.jpg 1024w, https:\/\/www.lebreuilbourgogne.fr\/wp-content\/uploads\/2023\/03\/etat-civil-300x225.jpg 300w, https:\/\/www.lebreuilbourgogne.fr\/wp-content\/uploads\/2023\/03\/etat-civil-768x576.jpg 768w, https:\/\/www.lebreuilbourgogne.fr\/wp-content\/uploads\/2023\/03\/etat-civil-1536x1152.jpg 1536w, https:\/\/www.lebreuilbourgogne.fr\/wp-content\/uploads\/2023\/03\/etat-civil.jpg 2016w\" sizes=\"auto, (max-width: 1024px) 100vw, 1024px\" \/><\/a><\/figure>\n\n\n\n<h2 class=\"wp-block-heading has-text-align-center\" style=\"font-size:25px\"><a href=\"https:\/\/www.lebreuilbourgogne.fr\/index.php\/ma-ville\/publications\/publication-etat-civil\/\"><strong>Publications etat-civil<\/strong><\/a><\/h2>\n<\/div>\n\n\n\n<div class=\"wp-block-column is-layout-flow wp-block-column-is-layout-flow\">\n<figure class=\"wp-block-image aligncenter size-full is-resized has-custom-border\"><a href=\"https:\/\/www.lebreuilbourgogne.fr\/index.php\/archives\/\"><img loading=\"lazy\" decoding=\"async\" width=\"512\" height=\"512\" src=\"https:\/\/www.lebreuilbourgogne.fr\/wp-content\/uploads\/2025\/09\/archiver.png\" alt=\"\" class=\"has-border-color has-ast-global-color-1-border-color wp-image-6945\" style=\"border-width:5px;border-radius:20px;width:270px;height:auto\" srcset=\"https:\/\/www.lebreuilbourgogne.fr\/wp-content\/uploads\/2025\/09\/archiver.png 512w, https:\/\/www.lebreuilbourgogne.fr\/wp-content\/uploads\/2025\/09\/archiver-300x300.png 300w, https:\/\/www.lebreuilbourgogne.fr\/wp-content\/uploads\/2025\/09\/archiver-150x150.png 150w\" sizes=\"auto, (max-width: 512px) 100vw, 512px\" \/><\/a><\/figure>\n\n\n\n<h2 class=\"wp-block-heading has-text-align-center has-ast-global-color-0-color has-text-color\" style=\"font-size:25px;font-style:normal;font-weight:700;text-transform:uppercase\"><a href=\"https:\/\/www.lebreuilbourgogne.fr\/index.php\/archives\/\">archives<\/a><\/h2>\n<\/div>\n<\/div>\n\n\n\n<div class=\"wp-block-columns is-layout-flex wp-container-core-columns-is-layout-28f84493 wp-block-columns-is-layout-flex\">\n<div class=\"wp-block-column is-layout-flow wp-block-column-is-layout-flow\">\n<figure class=\"wp-block-image aligncenter size-full is-resized has-custom-border\"><a href=\"https:\/\/www.lebreuilbourgogne.fr\/index.php\/decisions\/\"><img loading=\"lazy\" decoding=\"async\" width=\"500\" height=\"332\" src=\"https:\/\/www.lebreuilbourgogne.fr\/wp-content\/uploads\/2025\/09\/decision-maire.jpg\" alt=\"\" class=\"has-border-color has-ast-global-color-1-border-color wp-image-6954\" style=\"border-width:5px;border-radius:20px;width:351px;height:undefinedpx\" srcset=\"https:\/\/www.lebreuilbourgogne.fr\/wp-content\/uploads\/2025\/09\/decision-maire.jpg 500w, https:\/\/www.lebreuilbourgogne.fr\/wp-content\/uploads\/2025\/09\/decision-maire-300x199.jpg 300w\" sizes=\"auto, (max-width: 500px) 100vw, 500px\" \/><\/a><\/figure>\n\n\n\n<h2 class=\"wp-block-heading has-text-align-center\" style=\"font-size:25px\"><strong><a href=\"https:\/\/www.lebreuilbourgogne.fr\/index.php\/decisions\/\">d\u00e9cisions<\/a><\/strong><\/h2>\n<\/div>\n<\/div>\n\n\n\n<p><\/p>\n","protected":false},"excerpt":{"rendered":"<p>Arr\u00eat\u00e9s MUNICIPAUX Arr\u00eat\u00e9s pr\u00e9fectoraux Magazines municipaux iNFORMATIONS ET COMMUNIQU\u00e9s Publications etat-civil archives d\u00e9cisions<\/p>\n","protected":false},"author":2,"featured_media":0,"parent":82,"menu_order":0,"comment_status":"closed","ping_status":"closed","template":"","meta":{"_monsterinsights_skip_tracking":false,"_monsterinsights_sitenote_active":false,"_monsterinsights_sitenote_note":"","_monsterinsights_sitenote_category":0,"site-sidebar-layout":"default","site-content-layout":"","ast-site-content-layout":"default","site-content-style":"default","site-sidebar-style":"default","ast-global-header-display":"","ast-banner-title-visibility":"","ast-main-header-display":"","ast-hfb-above-header-display":"","ast-hfb-below-header-display":"","ast-hfb-mobile-header-display":"","site-post-title":"disabled","ast-breadcrumbs-content":"","ast-featured-img":"","footer-sml-layout":"","theme-transparent-header-meta":"","adv-header-id-meta":"","stick-header-meta":"","header-above-stick-meta":"","header-main-stick-meta":"","header-below-stick-meta":"","astra-migrate-meta-layouts":"set","ast-page-background-enabled":"default","ast-page-background-meta":{"desktop":{"background-color":"var(--ast-global-color-4)","background-image":"","background-repeat":"repeat","background-position":"center center","background-size":"auto","background-attachment":"scroll","background-type":"","background-media":"","overlay-type":"","overlay-color":"","overlay-opacity":"","overlay-gradient":""},"tablet":{"background-color":"","background-image":"","background-repeat":"repeat","background-position":"center center","background-size":"auto","background-attachment":"scroll","background-type":"","background-media":"","overlay-type":"","overlay-color":"","overlay-opacity":"","overlay-gradient":""},"mobile":{"background-color":"","background-image":"","background-repeat":"repeat","background-position":"center center","background-size":"auto","background-attachment":"scroll","background-type":"","background-media":"","overlay-type":"","overlay-color":"","overlay-opacity":"","overlay-gradient":""}},"ast-content-background-meta":{"desktop":{"background-color":"var(--ast-global-color-5)","background-image":"","background-repeat":"repeat","background-position":"center center","background-size":"auto","background-attachment":"scroll","background-type":"","background-media":"","overlay-type":"","overlay-color":"","overlay-opacity":"","overlay-gradient":""},"tablet":{"background-color":"var(--ast-global-color-5)","background-image":"","background-repeat":"repeat","background-position":"center center","background-size":"auto","background-attachment":"scroll","background-type":"","background-media":"","overlay-type":"","overlay-color":"","overlay-opacity":"","overlay-gradient":""},"mobile":{"background-color":"var(--ast-global-color-5)","background-image":"","background-repeat":"repeat","background-position":"center center","background-size":"auto","background-attachment":"scroll","background-type":"","background-media":"","overlay-type":"","overlay-color":"","overlay-opacity":"","overlay-gradient":""}},"_EventAllDay":false,"_EventTimezone":"","_EventStartDate":"","_EventEndDate":"","_EventStartDateUTC":"","_EventEndDateUTC":"","_EventShowMap":false,"_EventShowMapLink":false,"_EventURL":"","_EventCost":"","_EventCostDescription":"","_EventCurrencySymbol":"","_EventCurrencyCode":"","_EventCurrencyPosition":"","_EventDateTimeSeparator":"","_EventTimeRangeSeparator":"","_EventOrganizerID":[],"_EventVenueID":[],"_OrganizerEmail":"","_OrganizerPhone":"","_OrganizerWebsite":"","_VenueAddress":"","_VenueCity":"","_VenueCountry":"","_VenueProvince":"","_VenueState":"","_VenueZip":"","_VenuePhone":"","_VenueURL":"","_VenueStateProvince":"","_VenueLat":"","_VenueLng":"","_VenueShowMap":false,"_VenueShowMapLink":false,"footnotes":""},"class_list":["post-2337","page","type-page","status-publish","hentry"],"_links":{"self":[{"href":"https:\/\/www.lebreuilbourgogne.fr\/index.php\/wp-json\/wp\/v2\/pages\/2337","targetHints":{"allow":["GET"]}}],"collection":[{"href":"https:\/\/www.lebreuilbourgogne.fr\/index.php\/wp-json\/wp\/v2\/pages"}],"about":[{"href":"https:\/\/www.lebreuilbourgogne.fr\/index.php\/wp-json\/wp\/v2\/types\/page"}],"author":[{"embeddable":true,"href":"https:\/\/www.lebreuilbourgogne.fr\/index.php\/wp-json\/wp\/v2\/users\/2"}],"replies":[{"embeddable":true,"href":"https:\/\/www.lebreuilbourgogne.fr\/index.php\/wp-json\/wp\/v2\/comments?post=2337"}],"version-history":[{"count":37,"href":"https:\/\/www.lebreuilbourgogne.fr\/index.php\/wp-json\/wp\/v2\/pages\/2337\/revisions"}],"predecessor-version":[{"id":7272,"href":"https:\/\/www.lebreuilbourgogne.fr\/index.php\/wp-json\/wp\/v2\/pages\/2337\/revisions\/7272"}],"up":[{"embeddable":true,"href":"https:\/\/www.lebreuilbourgogne.fr\/index.php\/wp-json\/wp\/v2\/pages\/82"}],"wp:attachment":[{"href":"https:\/\/www.lebreuilbourgogne.fr\/index.php\/wp-json\/wp\/v2\/media?parent=2337"}],"curies":[{"name":"wp","href":"https:\/\/api.w.org\/{rel}","templated":true}]}}