{"id":2490,"date":"2023-03-16T15:54:29","date_gmt":"2023-03-16T14:54:29","guid":{"rendered":"http:\/\/www.lebreuilbourgogne.fr\/?page_id=2490"},"modified":"2026-03-24T09:12:18","modified_gmt":"2026-03-24T08:12:18","slug":"les-elus","status":"publish","type":"page","link":"https:\/\/www.lebreuilbourgogne.fr\/index.php\/ma-ville\/le-conseil-municipal\/les-elus\/","title":{"rendered":"Les \u00e9lus"},"content":{"rendered":"\n<div class=\"wp-block-cover alignfull\"><img loading=\"lazy\" decoding=\"async\" width=\"794\" height=\"430\" class=\"wp-block-cover__image-background wp-image-7911\" alt=\"\" src=\"https:\/\/www.lebreuilbourgogne.fr\/wp-content\/uploads\/2026\/03\/106860_2_full.jpg\" style=\"object-position:33% 9%\" data-object-fit=\"cover\" data-object-position=\"33% 9%\" srcset=\"https:\/\/www.lebreuilbourgogne.fr\/wp-content\/uploads\/2026\/03\/106860_2_full.jpg 794w, https:\/\/www.lebreuilbourgogne.fr\/wp-content\/uploads\/2026\/03\/106860_2_full-300x162.jpg 300w, https:\/\/www.lebreuilbourgogne.fr\/wp-content\/uploads\/2026\/03\/106860_2_full-768x416.jpg 768w\" sizes=\"auto, (max-width: 794px) 100vw, 794px\" \/><span aria-hidden=\"true\" class=\"wp-block-cover__background has-background-dim\" style=\"background-color:#826f67\"><\/span><div class=\"wp-block-cover__inner-container is-layout-flow wp-block-cover-is-layout-flow\">\n<p class=\"has-text-align-center has-ast-global-color-4-color has-text-color\" style=\"font-size:70px;font-style:normal;font-weight:900;line-height:1.5;text-transform:uppercase\">Les Elus<\/p>\n<\/div><\/div>\n\n\n\n<div style=\"height:90px\" aria-hidden=\"true\" class=\"wp-block-spacer\"><\/div>\n\n\n\n<h2 class=\"wp-block-heading alignwide has-text-align-center has-ast-global-color-4-color has-ast-global-color-0-background-color has-text-color has-background\" style=\"font-size:30px\"><strong>maire<\/strong><\/h2>\n\n\n\n<figure class=\"wp-block-image aligncenter size-large is-resized has-custom-border\"><img loading=\"lazy\" decoding=\"async\" width=\"683\" height=\"1024\" src=\"https:\/\/www.lebreuilbourgogne.fr\/wp-content\/uploads\/2026\/03\/Chantal-CORDELIER-1-683x1024.png\" alt=\"\" class=\"wp-image-7913\" style=\"border-radius:20px;aspect-ratio:1.214983713355049;object-fit:contain;width:578px;height:auto\" srcset=\"https:\/\/www.lebreuilbourgogne.fr\/wp-content\/uploads\/2026\/03\/Chantal-CORDELIER-1-683x1024.png 683w, https:\/\/www.lebreuilbourgogne.fr\/wp-content\/uploads\/2026\/03\/Chantal-CORDELIER-1-200x300.png 200w, https:\/\/www.lebreuilbourgogne.fr\/wp-content\/uploads\/2026\/03\/Chantal-CORDELIER-1-768x1152.png 768w, https:\/\/www.lebreuilbourgogne.fr\/wp-content\/uploads\/2026\/03\/Chantal-CORDELIER-1-1024x1536.png 1024w, https:\/\/www.lebreuilbourgogne.fr\/wp-content\/uploads\/2026\/03\/Chantal-CORDELIER-1-1365x2048.png 1365w, https:\/\/www.lebreuilbourgogne.fr\/wp-content\/uploads\/2026\/03\/Chantal-CORDELIER-1-scaled.png 1707w\" sizes=\"auto, (max-width: 683px) 100vw, 683px\" \/><\/figure>\n\n\n\n<p class=\"has-text-align-center has-ast-global-color-0-color has-text-color\" style=\"font-size:30px\"><strong>Chantal CORDELIER<\/strong><\/p>\n\n\n\n<h2 class=\"wp-block-heading alignwide has-text-align-center has-ast-global-color-4-color has-ast-global-color-1-background-color has-text-color has-background\" style=\"font-size:30px\"><strong>ADJOINTS<\/strong> au maire<\/h2>\n\n\n\n<div class=\"wp-block-columns alignwide is-layout-flex wp-container-core-columns-is-layout-28f84493 wp-block-columns-is-layout-flex\">\n<div class=\"wp-block-column is-layout-flow wp-block-column-is-layout-flow\">\n<p class=\"has-text-align-center has-ast-global-color-1-color has-text-color\" style=\"font-size:25px;line-height:0.2;text-transform:capitalize\"><strong>1e Adjointe<\/strong><\/p>\n\n\n\n<figure class=\"wp-block-image aligncenter size-large is-resized has-custom-border\"><img loading=\"lazy\" decoding=\"async\" width=\"683\" height=\"1024\" src=\"https:\/\/www.lebreuilbourgogne.fr\/wp-content\/uploads\/2026\/03\/Catherine-LANDRE-683x1024.png\" alt=\"\" class=\"wp-image-7897\" style=\"border-radius:20px;aspect-ratio:0.6669923465233676;width:281px;height:auto\" srcset=\"https:\/\/www.lebreuilbourgogne.fr\/wp-content\/uploads\/2026\/03\/Catherine-LANDRE-683x1024.png 683w, https:\/\/www.lebreuilbourgogne.fr\/wp-content\/uploads\/2026\/03\/Catherine-LANDRE-200x300.png 200w, https:\/\/www.lebreuilbourgogne.fr\/wp-content\/uploads\/2026\/03\/Catherine-LANDRE-768x1152.png 768w, https:\/\/www.lebreuilbourgogne.fr\/wp-content\/uploads\/2026\/03\/Catherine-LANDRE-1024x1536.png 1024w, https:\/\/www.lebreuilbourgogne.fr\/wp-content\/uploads\/2026\/03\/Catherine-LANDRE-1365x2048.png 1365w, https:\/\/www.lebreuilbourgogne.fr\/wp-content\/uploads\/2026\/03\/Catherine-LANDRE-scaled.png 1707w\" sizes=\"auto, (max-width: 683px) 100vw, 683px\" \/><\/figure>\n\n\n\n<div style=\"height:25px\" aria-hidden=\"true\" class=\"wp-block-spacer\"><\/div>\n\n\n\n<p class=\"has-text-align-center has-ast-global-color-0-color has-text-color has-medium-font-size\" style=\"line-height:0.2\"><strong>Catherine LANDR\u00c9<\/strong><\/p>\n\n\n\n<p class=\"has-text-align-center\" style=\"font-size:18px;line-height:0.2\"><strong><em>Action Sociale et Logement &#8211; CCAS<\/em><\/strong><\/p>\n<\/div>\n\n\n\n<div class=\"wp-block-column is-layout-flow wp-block-column-is-layout-flow\">\n<p class=\"has-text-align-center has-ast-global-color-1-color has-text-color\" style=\"font-size:25px;line-height:0.2;text-transform:capitalize\"><strong>2e Adjoint<\/strong><\/p>\n\n\n\n<figure class=\"wp-block-image aligncenter size-large is-resized has-custom-border\"><img loading=\"lazy\" decoding=\"async\" width=\"683\" height=\"1024\" src=\"https:\/\/www.lebreuilbourgogne.fr\/wp-content\/uploads\/2026\/03\/Robert-ARNOLDO-683x1024.png\" alt=\"\" class=\"wp-image-7915\" style=\"border-radius:20px;aspect-ratio:0.6669923465233676;object-fit:cover;width:281px\" srcset=\"https:\/\/www.lebreuilbourgogne.fr\/wp-content\/uploads\/2026\/03\/Robert-ARNOLDO-683x1024.png 683w, https:\/\/www.lebreuilbourgogne.fr\/wp-content\/uploads\/2026\/03\/Robert-ARNOLDO-200x300.png 200w, https:\/\/www.lebreuilbourgogne.fr\/wp-content\/uploads\/2026\/03\/Robert-ARNOLDO-768x1152.png 768w, https:\/\/www.lebreuilbourgogne.fr\/wp-content\/uploads\/2026\/03\/Robert-ARNOLDO-1024x1536.png 1024w, https:\/\/www.lebreuilbourgogne.fr\/wp-content\/uploads\/2026\/03\/Robert-ARNOLDO-1365x2048.png 1365w, https:\/\/www.lebreuilbourgogne.fr\/wp-content\/uploads\/2026\/03\/Robert-ARNOLDO-scaled.png 1707w\" sizes=\"auto, (max-width: 683px) 100vw, 683px\" \/><\/figure>\n\n\n\n<div style=\"height:25px\" aria-hidden=\"true\" class=\"wp-block-spacer\"><\/div>\n\n\n\n<p class=\"has-text-align-center has-ast-global-color-0-color has-text-color has-medium-font-size\" style=\"line-height:0.2\"><strong>Robert ARNOLDO<\/strong><\/p>\n\n\n\n<p class=\"has-text-align-center\" style=\"font-size:18px;line-height:0.2\"><strong><em>Travaux, Urbanisme et Proximit\u00e9<\/em><\/strong><\/p>\n<\/div>\n\n\n\n<div class=\"wp-block-column is-layout-flow wp-block-column-is-layout-flow\">\n<p class=\"has-text-align-center has-ast-global-color-1-color has-text-color\" style=\"font-size:25px;line-height:0.2\"><strong>3e Adjointe<\/strong><\/p>\n\n\n\n<figure class=\"wp-block-image aligncenter size-large is-resized has-custom-border\"><img loading=\"lazy\" decoding=\"async\" width=\"683\" height=\"1024\" src=\"https:\/\/www.lebreuilbourgogne.fr\/wp-content\/uploads\/2026\/03\/Nathalie-MOYSET-683x1024.png\" alt=\"\" class=\"wp-image-7910\" style=\"border-radius:20px;aspect-ratio:0.6669923465233676;object-fit:cover;width:281px\" srcset=\"https:\/\/www.lebreuilbourgogne.fr\/wp-content\/uploads\/2026\/03\/Nathalie-MOYSET-683x1024.png 683w, https:\/\/www.lebreuilbourgogne.fr\/wp-content\/uploads\/2026\/03\/Nathalie-MOYSET-200x300.png 200w, https:\/\/www.lebreuilbourgogne.fr\/wp-content\/uploads\/2026\/03\/Nathalie-MOYSET-768x1152.png 768w, https:\/\/www.lebreuilbourgogne.fr\/wp-content\/uploads\/2026\/03\/Nathalie-MOYSET-1024x1536.png 1024w, https:\/\/www.lebreuilbourgogne.fr\/wp-content\/uploads\/2026\/03\/Nathalie-MOYSET-1365x2048.png 1365w, https:\/\/www.lebreuilbourgogne.fr\/wp-content\/uploads\/2026\/03\/Nathalie-MOYSET-scaled.png 1707w\" sizes=\"auto, (max-width: 683px) 100vw, 683px\" \/><\/figure>\n\n\n\n<div style=\"height:25px\" aria-hidden=\"true\" class=\"wp-block-spacer\"><\/div>\n\n\n\n<p class=\"has-text-align-center has-ast-global-color-0-color has-text-color has-medium-font-size\" style=\"line-height:0.2\"><strong>Nathalie MOYSET<\/strong><\/p>\n\n\n\n<p class=\"has-text-align-center\" style=\"font-size:18px;line-height:0.2\"><strong><em><strong><em>Education, Enfance et Jeunesse<\/em><\/strong><\/em><\/strong><\/p>\n<\/div>\n<\/div>\n\n\n\n<div class=\"wp-block-columns alignwide is-layout-flex wp-container-core-columns-is-layout-28f84493 wp-block-columns-is-layout-flex\">\n<div class=\"wp-block-column is-layout-flow wp-block-column-is-layout-flow\">\n<p class=\"has-text-align-center has-ast-global-color-1-color has-text-color\" style=\"font-size:25px;line-height:0.2;text-transform:capitalize\"><strong>4e Adjoint<\/strong><\/p>\n\n\n\n<figure class=\"wp-block-image aligncenter size-large is-resized has-custom-border\"><img loading=\"lazy\" decoding=\"async\" width=\"683\" height=\"1024\" src=\"https:\/\/www.lebreuilbourgogne.fr\/wp-content\/uploads\/2026\/03\/Christian-MATHIAS-683x1024.png\" alt=\"\" class=\"wp-image-7899\" style=\"border-radius:20px;aspect-ratio:0.6669797943991492;object-fit:cover;width:281px\" srcset=\"https:\/\/www.lebreuilbourgogne.fr\/wp-content\/uploads\/2026\/03\/Christian-MATHIAS-683x1024.png 683w, https:\/\/www.lebreuilbourgogne.fr\/wp-content\/uploads\/2026\/03\/Christian-MATHIAS-200x300.png 200w, https:\/\/www.lebreuilbourgogne.fr\/wp-content\/uploads\/2026\/03\/Christian-MATHIAS-768x1152.png 768w, https:\/\/www.lebreuilbourgogne.fr\/wp-content\/uploads\/2026\/03\/Christian-MATHIAS-1024x1536.png 1024w, https:\/\/www.lebreuilbourgogne.fr\/wp-content\/uploads\/2026\/03\/Christian-MATHIAS-1365x2048.png 1365w, https:\/\/www.lebreuilbourgogne.fr\/wp-content\/uploads\/2026\/03\/Christian-MATHIAS-scaled.png 1707w\" sizes=\"auto, (max-width: 683px) 100vw, 683px\" \/><\/figure>\n\n\n\n<div style=\"height:24px\" aria-hidden=\"true\" class=\"wp-block-spacer\"><\/div>\n\n\n\n<p class=\"has-text-align-center has-ast-global-color-0-color has-text-color has-medium-font-size\" style=\"line-height:0.2\"><strong>Christian MATHIAS<\/strong><\/p>\n\n\n\n<p class=\"has-text-align-center\" style=\"font-size:18px;line-height:0.2\"><strong><em><strong><em>Sports et Vie associative<\/em><\/strong><\/em><\/strong><\/p>\n<\/div>\n\n\n\n<div class=\"wp-block-column is-layout-flow wp-block-column-is-layout-flow\">\n<p class=\"has-text-align-center has-ast-global-color-1-color has-text-color\" style=\"font-size:25px;line-height:0.2\"><strong>6e Adjoint<\/strong><\/p>\n\n\n\n<figure class=\"wp-block-image aligncenter size-large is-resized has-custom-border\"><img loading=\"lazy\" decoding=\"async\" width=\"683\" height=\"1024\" src=\"https:\/\/www.lebreuilbourgogne.fr\/wp-content\/uploads\/2026\/03\/Valerie-JULIEN-683x1024.png\" alt=\"\" class=\"wp-image-7892\" style=\"border-radius:20px;aspect-ratio:0.6669975186104219;object-fit:cover;width:281px\" srcset=\"https:\/\/www.lebreuilbourgogne.fr\/wp-content\/uploads\/2026\/03\/Valerie-JULIEN-683x1024.png 683w, https:\/\/www.lebreuilbourgogne.fr\/wp-content\/uploads\/2026\/03\/Valerie-JULIEN-200x300.png 200w, https:\/\/www.lebreuilbourgogne.fr\/wp-content\/uploads\/2026\/03\/Valerie-JULIEN-768x1152.png 768w, https:\/\/www.lebreuilbourgogne.fr\/wp-content\/uploads\/2026\/03\/Valerie-JULIEN-1024x1536.png 1024w, https:\/\/www.lebreuilbourgogne.fr\/wp-content\/uploads\/2026\/03\/Valerie-JULIEN-1365x2048.png 1365w, https:\/\/www.lebreuilbourgogne.fr\/wp-content\/uploads\/2026\/03\/Valerie-JULIEN-scaled.png 1707w\" sizes=\"auto, (max-width: 683px) 100vw, 683px\" \/><\/figure>\n\n\n\n<div style=\"height:25px\" aria-hidden=\"true\" class=\"wp-block-spacer\"><\/div>\n\n\n\n<p class=\"has-text-align-center has-ast-global-color-0-color has-text-color has-medium-font-size\" style=\"line-height:0.2\"><strong>Val\u00e9rie JULIEN<\/strong><\/p>\n\n\n\n<p class=\"has-text-align-center\" style=\"font-size:18px;line-height:0.2\"><strong><em>Culture et Animation de la Commune<\/em><\/strong><\/p>\n<\/div>\n<\/div>\n\n\n\n<h2 class=\"wp-block-heading alignwide has-text-align-center has-ast-global-color-4-color has-ast-global-color-0-background-color has-text-color has-background\">Conseillers d\u00e9l\u00e9gu\u00e9s aupr\u00e8s du maire<\/h2>\n\n\n\n<div class=\"wp-block-columns alignwide is-layout-flex wp-container-core-columns-is-layout-28f84493 wp-block-columns-is-layout-flex\">\n<div class=\"wp-block-column is-layout-flow wp-block-column-is-layout-flow\">\n<figure class=\"wp-block-image aligncenter size-large is-resized has-custom-border\"><img loading=\"lazy\" decoding=\"async\" width=\"683\" height=\"1024\" src=\"https:\/\/www.lebreuilbourgogne.fr\/wp-content\/uploads\/2026\/03\/Remi-FALCAND-683x1024.png\" alt=\"\" class=\"wp-image-7918\" style=\"border-radius:20px;width:281px\" srcset=\"https:\/\/www.lebreuilbourgogne.fr\/wp-content\/uploads\/2026\/03\/Remi-FALCAND-683x1024.png 683w, https:\/\/www.lebreuilbourgogne.fr\/wp-content\/uploads\/2026\/03\/Remi-FALCAND-200x300.png 200w, https:\/\/www.lebreuilbourgogne.fr\/wp-content\/uploads\/2026\/03\/Remi-FALCAND-768x1152.png 768w, https:\/\/www.lebreuilbourgogne.fr\/wp-content\/uploads\/2026\/03\/Remi-FALCAND-1024x1536.png 1024w, https:\/\/www.lebreuilbourgogne.fr\/wp-content\/uploads\/2026\/03\/Remi-FALCAND-1365x2048.png 1365w, https:\/\/www.lebreuilbourgogne.fr\/wp-content\/uploads\/2026\/03\/Remi-FALCAND-scaled.png 1707w\" sizes=\"auto, (max-width: 683px) 100vw, 683px\" \/><\/figure>\n\n\n\n<div style=\"height:25px\" aria-hidden=\"true\" class=\"wp-block-spacer\"><\/div>\n\n\n\n<p class=\"has-text-align-center has-ast-global-color-1-color has-text-color has-medium-font-size\" style=\"line-height:0.2\"><strong>R\u00e9mi FALCAND<\/strong><\/p>\n\n\n\n<p class=\"has-text-align-center\" style=\"font-size:18px;line-height:1\"><strong><em>D\u00e9veloppement Durable et Energies<\/em><\/strong><\/p>\n<\/div>\n\n\n\n<div class=\"wp-block-column is-layout-flow wp-block-column-is-layout-flow\">\n<figure class=\"wp-block-image aligncenter size-large is-resized has-custom-border\"><img loading=\"lazy\" decoding=\"async\" width=\"683\" height=\"1024\" src=\"https:\/\/www.lebreuilbourgogne.fr\/wp-content\/uploads\/2026\/03\/Stephanie-MICHELOT-LUQUET-683x1024.png\" alt=\"\" class=\"wp-image-7891\" style=\"border-radius:20px;width:281px\" srcset=\"https:\/\/www.lebreuilbourgogne.fr\/wp-content\/uploads\/2026\/03\/Stephanie-MICHELOT-LUQUET-683x1024.png 683w, https:\/\/www.lebreuilbourgogne.fr\/wp-content\/uploads\/2026\/03\/Stephanie-MICHELOT-LUQUET-200x300.png 200w, https:\/\/www.lebreuilbourgogne.fr\/wp-content\/uploads\/2026\/03\/Stephanie-MICHELOT-LUQUET-768x1152.png 768w, https:\/\/www.lebreuilbourgogne.fr\/wp-content\/uploads\/2026\/03\/Stephanie-MICHELOT-LUQUET-1024x1536.png 1024w, https:\/\/www.lebreuilbourgogne.fr\/wp-content\/uploads\/2026\/03\/Stephanie-MICHELOT-LUQUET-1365x2048.png 1365w, https:\/\/www.lebreuilbourgogne.fr\/wp-content\/uploads\/2026\/03\/Stephanie-MICHELOT-LUQUET-scaled.png 1707w\" sizes=\"auto, (max-width: 683px) 100vw, 683px\" \/><\/figure>\n\n\n\n<div style=\"height:24px\" aria-hidden=\"true\" class=\"wp-block-spacer\"><\/div>\n\n\n\n<p class=\"has-text-align-center has-ast-global-color-1-color has-text-color has-medium-font-size\" style=\"line-height:0.2\"><strong><strong>St\u00e9phanie MICHELOT-LUQUET<\/strong><\/strong><\/p>\n\n\n\n<p class=\"has-text-align-center\" style=\"font-size:18px;line-height:0.2\"><strong><strong><em>Communication et <strong><strong><em>D\u00e9mocratie participative<\/em><\/strong><\/strong><\/em><\/strong><\/strong><\/p>\n<\/div>\n<\/div>\n\n\n\n<div class=\"wp-block-columns is-layout-flex wp-container-core-columns-is-layout-28f84493 wp-block-columns-is-layout-flex\">\n<div class=\"wp-block-column is-layout-flow wp-block-column-is-layout-flow\">\n<figure class=\"wp-block-image aligncenter size-large is-resized has-custom-border\"><img loading=\"lazy\" decoding=\"async\" width=\"683\" height=\"1024\" src=\"https:\/\/www.lebreuilbourgogne.fr\/wp-content\/uploads\/2026\/03\/Gilles-COUVIDAT-683x1024.png\" alt=\"\" class=\"wp-image-7902\" style=\"border-radius:20px;width:281px\" srcset=\"https:\/\/www.lebreuilbourgogne.fr\/wp-content\/uploads\/2026\/03\/Gilles-COUVIDAT-683x1024.png 683w, https:\/\/www.lebreuilbourgogne.fr\/wp-content\/uploads\/2026\/03\/Gilles-COUVIDAT-200x300.png 200w, https:\/\/www.lebreuilbourgogne.fr\/wp-content\/uploads\/2026\/03\/Gilles-COUVIDAT-768x1152.png 768w, https:\/\/www.lebreuilbourgogne.fr\/wp-content\/uploads\/2026\/03\/Gilles-COUVIDAT-1024x1536.png 1024w, https:\/\/www.lebreuilbourgogne.fr\/wp-content\/uploads\/2026\/03\/Gilles-COUVIDAT-1365x2048.png 1365w, https:\/\/www.lebreuilbourgogne.fr\/wp-content\/uploads\/2026\/03\/Gilles-COUVIDAT-scaled.png 1707w\" sizes=\"auto, (max-width: 683px) 100vw, 683px\" \/><\/figure>\n\n\n\n<div style=\"height:25px\" aria-hidden=\"true\" class=\"wp-block-spacer\"><\/div>\n\n\n\n<p class=\"has-text-align-center has-ast-global-color-1-color has-text-color has-medium-font-size\" style=\"line-height:0.2\"><strong>Gilles COUVIDAT<\/strong><\/p>\n\n\n\n<p class=\"has-text-align-center\" style=\"font-size:18px;line-height:0.2\"><strong><em>Parcs et For\u00eats <\/em><\/strong><\/p>\n<\/div>\n\n\n\n<div class=\"wp-block-column is-layout-flow wp-block-column-is-layout-flow\">\n<figure class=\"wp-block-image aligncenter size-large is-resized has-custom-border\"><img loading=\"lazy\" decoding=\"async\" width=\"683\" height=\"1024\" src=\"https:\/\/www.lebreuilbourgogne.fr\/wp-content\/uploads\/2026\/03\/Marie-VARCIN-683x1024.png\" alt=\"\" class=\"wp-image-7906\" style=\"border-radius:20px;width:281px\" srcset=\"https:\/\/www.lebreuilbourgogne.fr\/wp-content\/uploads\/2026\/03\/Marie-VARCIN-683x1024.png 683w, https:\/\/www.lebreuilbourgogne.fr\/wp-content\/uploads\/2026\/03\/Marie-VARCIN-200x300.png 200w, https:\/\/www.lebreuilbourgogne.fr\/wp-content\/uploads\/2026\/03\/Marie-VARCIN-768x1152.png 768w, https:\/\/www.lebreuilbourgogne.fr\/wp-content\/uploads\/2026\/03\/Marie-VARCIN-1024x1536.png 1024w, https:\/\/www.lebreuilbourgogne.fr\/wp-content\/uploads\/2026\/03\/Marie-VARCIN-1365x2048.png 1365w, https:\/\/www.lebreuilbourgogne.fr\/wp-content\/uploads\/2026\/03\/Marie-VARCIN-scaled.png 1707w\" sizes=\"auto, (max-width: 683px) 100vw, 683px\" \/><\/figure>\n\n\n\n<div style=\"height:24px\" aria-hidden=\"true\" class=\"wp-block-spacer\"><\/div>\n\n\n\n<p class=\"has-text-align-center has-ast-global-color-1-color has-text-color has-medium-font-size\" style=\"line-height:0.2\"><strong>Marie VARCIN<\/strong><\/p>\n\n\n\n<p class=\"has-text-align-center\" style=\"font-size:18px;line-height:0.2\"><strong><em>S\u00e9curit\u00e9 <\/em>et Correspondant D\u00e9fense<\/strong><\/p>\n<\/div>\n<\/div>\n\n\n\n<h2 class=\"wp-block-heading alignwide has-text-align-center has-ast-global-color-4-color has-ast-global-color-1-background-color has-text-color has-background\">Conseillers municipaux de la majorit\u00e9<\/h2>\n\n\n\n<div class=\"wp-block-columns is-layout-flex wp-container-core-columns-is-layout-28f84493 wp-block-columns-is-layout-flex\">\n<div class=\"wp-block-column is-layout-flow wp-block-column-is-layout-flow\">\n<figure class=\"wp-block-image aligncenter size-large is-resized has-custom-border\"><img loading=\"lazy\" decoding=\"async\" width=\"683\" height=\"1024\" src=\"https:\/\/www.lebreuilbourgogne.fr\/wp-content\/uploads\/2026\/03\/Luis-MENARGUES-683x1024.png\" alt=\"\" class=\"wp-image-7905\" style=\"border-radius:20px;width:241px\" srcset=\"https:\/\/www.lebreuilbourgogne.fr\/wp-content\/uploads\/2026\/03\/Luis-MENARGUES-683x1024.png 683w, https:\/\/www.lebreuilbourgogne.fr\/wp-content\/uploads\/2026\/03\/Luis-MENARGUES-200x300.png 200w, https:\/\/www.lebreuilbourgogne.fr\/wp-content\/uploads\/2026\/03\/Luis-MENARGUES-768x1152.png 768w, https:\/\/www.lebreuilbourgogne.fr\/wp-content\/uploads\/2026\/03\/Luis-MENARGUES-1024x1536.png 1024w, https:\/\/www.lebreuilbourgogne.fr\/wp-content\/uploads\/2026\/03\/Luis-MENARGUES-1365x2048.png 1365w, https:\/\/www.lebreuilbourgogne.fr\/wp-content\/uploads\/2026\/03\/Luis-MENARGUES-scaled.png 1707w\" sizes=\"auto, (max-width: 683px) 100vw, 683px\" \/><\/figure>\n\n\n\n<p class=\"has-text-align-center has-ast-global-color-0-color has-text-color has-medium-font-size\" style=\"line-height:1.5\"><strong>Luis MENARGUES<\/strong><\/p>\n<\/div>\n\n\n\n<div class=\"wp-block-column is-layout-flow wp-block-column-is-layout-flow\">\n<figure class=\"wp-block-image aligncenter size-large is-resized has-custom-border\"><img loading=\"lazy\" decoding=\"async\" width=\"683\" height=\"1024\" src=\"https:\/\/www.lebreuilbourgogne.fr\/wp-content\/uploads\/2026\/03\/Mikael-GABON-683x1024.png\" alt=\"\" class=\"wp-image-7909\" style=\"border-radius:20px;width:241px\" srcset=\"https:\/\/www.lebreuilbourgogne.fr\/wp-content\/uploads\/2026\/03\/Mikael-GABON-683x1024.png 683w, https:\/\/www.lebreuilbourgogne.fr\/wp-content\/uploads\/2026\/03\/Mikael-GABON-200x300.png 200w, https:\/\/www.lebreuilbourgogne.fr\/wp-content\/uploads\/2026\/03\/Mikael-GABON-768x1152.png 768w, https:\/\/www.lebreuilbourgogne.fr\/wp-content\/uploads\/2026\/03\/Mikael-GABON-1024x1536.png 1024w, https:\/\/www.lebreuilbourgogne.fr\/wp-content\/uploads\/2026\/03\/Mikael-GABON-1365x2048.png 1365w, https:\/\/www.lebreuilbourgogne.fr\/wp-content\/uploads\/2026\/03\/Mikael-GABON-scaled.png 1707w\" sizes=\"auto, (max-width: 683px) 100vw, 683px\" \/><\/figure>\n\n\n\n<p class=\"has-text-align-center has-ast-global-color-0-color has-text-color has-medium-font-size\" style=\"line-height:1.5\"><strong>Mika\u00ebl GABON<\/strong><\/p>\n<\/div>\n\n\n\n<div class=\"wp-block-column is-layout-flow wp-block-column-is-layout-flow\">\n<figure class=\"wp-block-image aligncenter size-large is-resized has-custom-border\"><img loading=\"lazy\" decoding=\"async\" width=\"683\" height=\"1024\" src=\"https:\/\/www.lebreuilbourgogne.fr\/wp-content\/uploads\/2026\/03\/Carole-BILLARD-683x1024.png\" alt=\"\" class=\"wp-image-7896\" style=\"border-radius:20px;width:241px\" srcset=\"https:\/\/www.lebreuilbourgogne.fr\/wp-content\/uploads\/2026\/03\/Carole-BILLARD-683x1024.png 683w, https:\/\/www.lebreuilbourgogne.fr\/wp-content\/uploads\/2026\/03\/Carole-BILLARD-200x300.png 200w, https:\/\/www.lebreuilbourgogne.fr\/wp-content\/uploads\/2026\/03\/Carole-BILLARD-768x1152.png 768w, https:\/\/www.lebreuilbourgogne.fr\/wp-content\/uploads\/2026\/03\/Carole-BILLARD-1024x1536.png 1024w, https:\/\/www.lebreuilbourgogne.fr\/wp-content\/uploads\/2026\/03\/Carole-BILLARD-1365x2048.png 1365w, https:\/\/www.lebreuilbourgogne.fr\/wp-content\/uploads\/2026\/03\/Carole-BILLARD-scaled.png 1707w\" sizes=\"auto, (max-width: 683px) 100vw, 683px\" \/><\/figure>\n\n\n\n<p class=\"has-text-align-center has-ast-global-color-0-color has-text-color has-medium-font-size\" style=\"line-height:1.5\"><strong>Carole BILLARD<\/strong><\/p>\n<\/div>\n<\/div>\n\n\n\n<div class=\"wp-block-columns is-layout-flex wp-container-core-columns-is-layout-28f84493 wp-block-columns-is-layout-flex\">\n<div class=\"wp-block-column is-layout-flow wp-block-column-is-layout-flow\">\n<figure class=\"wp-block-image aligncenter size-large is-resized has-custom-border\"><img loading=\"lazy\" decoding=\"async\" width=\"683\" height=\"1024\" src=\"https:\/\/www.lebreuilbourgogne.fr\/wp-content\/uploads\/2026\/03\/Sandro-MARTINS-683x1024.png\" alt=\"\" class=\"wp-image-7920\" style=\"border-radius:20px;width:241px\" srcset=\"https:\/\/www.lebreuilbourgogne.fr\/wp-content\/uploads\/2026\/03\/Sandro-MARTINS-683x1024.png 683w, https:\/\/www.lebreuilbourgogne.fr\/wp-content\/uploads\/2026\/03\/Sandro-MARTINS-200x300.png 200w, https:\/\/www.lebreuilbourgogne.fr\/wp-content\/uploads\/2026\/03\/Sandro-MARTINS-768x1152.png 768w, https:\/\/www.lebreuilbourgogne.fr\/wp-content\/uploads\/2026\/03\/Sandro-MARTINS-1024x1536.png 1024w, https:\/\/www.lebreuilbourgogne.fr\/wp-content\/uploads\/2026\/03\/Sandro-MARTINS-1365x2048.png 1365w, https:\/\/www.lebreuilbourgogne.fr\/wp-content\/uploads\/2026\/03\/Sandro-MARTINS-scaled.png 1707w\" sizes=\"auto, (max-width: 683px) 100vw, 683px\" \/><\/figure>\n\n\n\n<p class=\"has-text-align-center has-ast-global-color-0-color has-text-color has-medium-font-size\" style=\"line-height:1.5\"><strong><strong>Sandro Filipe MARTINS<\/strong><\/strong><\/p>\n<\/div>\n\n\n\n<div class=\"wp-block-column is-layout-flow wp-block-column-is-layout-flow\">\n<figure class=\"wp-block-image aligncenter size-large is-resized has-custom-border\"><img loading=\"lazy\" decoding=\"async\" width=\"683\" height=\"1024\" src=\"https:\/\/www.lebreuilbourgogne.fr\/wp-content\/uploads\/2026\/03\/Marilyn-GIVRY-683x1024.png\" alt=\"\" class=\"wp-image-7907\" style=\"border-radius:20px;width:241px\" srcset=\"https:\/\/www.lebreuilbourgogne.fr\/wp-content\/uploads\/2026\/03\/Marilyn-GIVRY-683x1024.png 683w, https:\/\/www.lebreuilbourgogne.fr\/wp-content\/uploads\/2026\/03\/Marilyn-GIVRY-200x300.png 200w, https:\/\/www.lebreuilbourgogne.fr\/wp-content\/uploads\/2026\/03\/Marilyn-GIVRY-768x1152.png 768w, https:\/\/www.lebreuilbourgogne.fr\/wp-content\/uploads\/2026\/03\/Marilyn-GIVRY-1024x1536.png 1024w, https:\/\/www.lebreuilbourgogne.fr\/wp-content\/uploads\/2026\/03\/Marilyn-GIVRY-1365x2048.png 1365w, https:\/\/www.lebreuilbourgogne.fr\/wp-content\/uploads\/2026\/03\/Marilyn-GIVRY-scaled.png 1707w\" sizes=\"auto, (max-width: 683px) 100vw, 683px\" \/><\/figure>\n\n\n\n<p class=\"has-text-align-center has-ast-global-color-0-color has-text-color has-medium-font-size\" style=\"line-height:1.5\"><strong><strong>Marilyn GIVRY<\/strong><\/strong><\/p>\n<\/div>\n\n\n\n<div class=\"wp-block-column is-layout-flow wp-block-column-is-layout-flow\">\n<figure class=\"wp-block-image aligncenter size-large is-resized has-custom-border\"><img loading=\"lazy\" decoding=\"async\" width=\"683\" height=\"1024\" src=\"https:\/\/www.lebreuilbourgogne.fr\/wp-content\/uploads\/2026\/03\/Sebastien-LANGUINIER-683x1024.png\" alt=\"\" class=\"wp-image-7890\" style=\"border-radius:20px;width:241px\" srcset=\"https:\/\/www.lebreuilbourgogne.fr\/wp-content\/uploads\/2026\/03\/Sebastien-LANGUINIER-683x1024.png 683w, https:\/\/www.lebreuilbourgogne.fr\/wp-content\/uploads\/2026\/03\/Sebastien-LANGUINIER-200x300.png 200w, https:\/\/www.lebreuilbourgogne.fr\/wp-content\/uploads\/2026\/03\/Sebastien-LANGUINIER-768x1152.png 768w, https:\/\/www.lebreuilbourgogne.fr\/wp-content\/uploads\/2026\/03\/Sebastien-LANGUINIER-1024x1536.png 1024w, https:\/\/www.lebreuilbourgogne.fr\/wp-content\/uploads\/2026\/03\/Sebastien-LANGUINIER-1365x2048.png 1365w, https:\/\/www.lebreuilbourgogne.fr\/wp-content\/uploads\/2026\/03\/Sebastien-LANGUINIER-scaled.png 1707w\" sizes=\"auto, (max-width: 683px) 100vw, 683px\" \/><\/figure>\n\n\n\n<p class=\"has-text-align-center has-ast-global-color-0-color has-text-color has-medium-font-size\" style=\"line-height:1.5\"><strong>S\u00e9bastien LANGUINIER<\/strong><\/p>\n<\/div>\n<\/div>\n\n\n\n<div class=\"wp-block-columns is-layout-flex wp-container-core-columns-is-layout-28f84493 wp-block-columns-is-layout-flex\">\n<div class=\"wp-block-column is-layout-flow wp-block-column-is-layout-flow\">\n<figure class=\"wp-block-image aligncenter size-large is-resized has-custom-border\"><img loading=\"lazy\" decoding=\"async\" width=\"683\" height=\"1024\" src=\"https:\/\/www.lebreuilbourgogne.fr\/wp-content\/uploads\/2026\/03\/Anne-Sophie-BIREMBAUT-683x1024.png\" alt=\"\" class=\"wp-image-7894\" style=\"border-radius:20px;width:241px\" srcset=\"https:\/\/www.lebreuilbourgogne.fr\/wp-content\/uploads\/2026\/03\/Anne-Sophie-BIREMBAUT-683x1024.png 683w, https:\/\/www.lebreuilbourgogne.fr\/wp-content\/uploads\/2026\/03\/Anne-Sophie-BIREMBAUT-200x300.png 200w, https:\/\/www.lebreuilbourgogne.fr\/wp-content\/uploads\/2026\/03\/Anne-Sophie-BIREMBAUT-768x1152.png 768w, https:\/\/www.lebreuilbourgogne.fr\/wp-content\/uploads\/2026\/03\/Anne-Sophie-BIREMBAUT-1024x1536.png 1024w, https:\/\/www.lebreuilbourgogne.fr\/wp-content\/uploads\/2026\/03\/Anne-Sophie-BIREMBAUT-1365x2048.png 1365w, https:\/\/www.lebreuilbourgogne.fr\/wp-content\/uploads\/2026\/03\/Anne-Sophie-BIREMBAUT-scaled.png 1707w\" sizes=\"auto, (max-width: 683px) 100vw, 683px\" \/><\/figure>\n\n\n\n<p class=\"has-text-align-center has-ast-global-color-0-color has-text-color has-medium-font-size\" style=\"line-height:1.5\"><strong>Anne-Sophie BIREMBAUT<\/strong><\/p>\n<\/div>\n\n\n\n<div class=\"wp-block-column is-layout-flow wp-block-column-is-layout-flow\">\n<figure class=\"wp-block-image aligncenter size-large is-resized has-custom-border\"><img loading=\"lazy\" decoding=\"async\" width=\"683\" height=\"1024\" src=\"https:\/\/www.lebreuilbourgogne.fr\/wp-content\/uploads\/2026\/03\/Bernard-PILLOT-683x1024.png\" alt=\"\" class=\"wp-image-7895\" style=\"border-radius:20px;width:241px\" srcset=\"https:\/\/www.lebreuilbourgogne.fr\/wp-content\/uploads\/2026\/03\/Bernard-PILLOT-683x1024.png 683w, https:\/\/www.lebreuilbourgogne.fr\/wp-content\/uploads\/2026\/03\/Bernard-PILLOT-200x300.png 200w, https:\/\/www.lebreuilbourgogne.fr\/wp-content\/uploads\/2026\/03\/Bernard-PILLOT-768x1152.png 768w, https:\/\/www.lebreuilbourgogne.fr\/wp-content\/uploads\/2026\/03\/Bernard-PILLOT-1024x1536.png 1024w, https:\/\/www.lebreuilbourgogne.fr\/wp-content\/uploads\/2026\/03\/Bernard-PILLOT-1365x2048.png 1365w, https:\/\/www.lebreuilbourgogne.fr\/wp-content\/uploads\/2026\/03\/Bernard-PILLOT-scaled.png 1707w\" sizes=\"auto, (max-width: 683px) 100vw, 683px\" \/><\/figure>\n\n\n\n<p class=\"has-text-align-center has-ast-global-color-0-color has-text-color has-medium-font-size\" style=\"line-height:1.5\"><strong>Bernard PILLOT<\/strong><\/p>\n<\/div>\n\n\n\n<div class=\"wp-block-column is-layout-flow wp-block-column-is-layout-flow\">\n<figure class=\"wp-block-image aligncenter size-large is-resized has-custom-border\"><img loading=\"lazy\" decoding=\"async\" width=\"683\" height=\"1024\" src=\"https:\/\/www.lebreuilbourgogne.fr\/wp-content\/uploads\/2026\/03\/Donatella-SBERNA-683x1024.png\" alt=\"\" class=\"wp-image-7901\" style=\"border-radius:20px;width:241px\" srcset=\"https:\/\/www.lebreuilbourgogne.fr\/wp-content\/uploads\/2026\/03\/Donatella-SBERNA-683x1024.png 683w, https:\/\/www.lebreuilbourgogne.fr\/wp-content\/uploads\/2026\/03\/Donatella-SBERNA-200x300.png 200w, https:\/\/www.lebreuilbourgogne.fr\/wp-content\/uploads\/2026\/03\/Donatella-SBERNA-768x1152.png 768w, https:\/\/www.lebreuilbourgogne.fr\/wp-content\/uploads\/2026\/03\/Donatella-SBERNA-1024x1536.png 1024w, https:\/\/www.lebreuilbourgogne.fr\/wp-content\/uploads\/2026\/03\/Donatella-SBERNA-1365x2048.png 1365w, https:\/\/www.lebreuilbourgogne.fr\/wp-content\/uploads\/2026\/03\/Donatella-SBERNA-scaled.png 1707w\" sizes=\"auto, (max-width: 683px) 100vw, 683px\" \/><\/figure>\n\n\n\n<p class=\"has-text-align-center has-ast-global-color-0-color has-text-color has-medium-font-size\" style=\"line-height:1.5\"><strong>Donatella SBERNA<\/strong><\/p>\n<\/div>\n<\/div>\n\n\n\n<div class=\"wp-block-columns is-layout-flex wp-container-core-columns-is-layout-28f84493 wp-block-columns-is-layout-flex\">\n<div class=\"wp-block-column is-layout-flow wp-block-column-is-layout-flow\">\n<figure class=\"wp-block-image aligncenter size-large is-resized has-custom-border\"><img loading=\"lazy\" decoding=\"async\" width=\"683\" height=\"1024\" src=\"https:\/\/www.lebreuilbourgogne.fr\/wp-content\/uploads\/2026\/03\/Philippe-MEREAU-683x1024.png\" alt=\"\" class=\"wp-image-7922\" style=\"border-radius:20px;width:241px\" srcset=\"https:\/\/www.lebreuilbourgogne.fr\/wp-content\/uploads\/2026\/03\/Philippe-MEREAU-683x1024.png 683w, https:\/\/www.lebreuilbourgogne.fr\/wp-content\/uploads\/2026\/03\/Philippe-MEREAU-200x300.png 200w, https:\/\/www.lebreuilbourgogne.fr\/wp-content\/uploads\/2026\/03\/Philippe-MEREAU-768x1152.png 768w, https:\/\/www.lebreuilbourgogne.fr\/wp-content\/uploads\/2026\/03\/Philippe-MEREAU-1024x1536.png 1024w, https:\/\/www.lebreuilbourgogne.fr\/wp-content\/uploads\/2026\/03\/Philippe-MEREAU-1365x2048.png 1365w, https:\/\/www.lebreuilbourgogne.fr\/wp-content\/uploads\/2026\/03\/Philippe-MEREAU-scaled.png 1707w\" sizes=\"auto, (max-width: 683px) 100vw, 683px\" \/><\/figure>\n\n\n\n<p class=\"has-text-align-center has-ast-global-color-0-color has-text-color has-medium-font-size\" style=\"line-height:1.5\"><strong>Philippe MEREAU<\/strong><\/p>\n<\/div>\n\n\n\n<div class=\"wp-block-column is-layout-flow wp-block-column-is-layout-flow\">\n<figure class=\"wp-block-image aligncenter size-large is-resized has-custom-border\"><img loading=\"lazy\" decoding=\"async\" width=\"683\" height=\"1024\" src=\"https:\/\/www.lebreuilbourgogne.fr\/wp-content\/uploads\/2026\/03\/Martine-LEQUY-1-683x1024.png\" alt=\"\" class=\"wp-image-7921\" style=\"border-radius:20px;width:241px\" srcset=\"https:\/\/www.lebreuilbourgogne.fr\/wp-content\/uploads\/2026\/03\/Martine-LEQUY-1-683x1024.png 683w, https:\/\/www.lebreuilbourgogne.fr\/wp-content\/uploads\/2026\/03\/Martine-LEQUY-1-200x300.png 200w, https:\/\/www.lebreuilbourgogne.fr\/wp-content\/uploads\/2026\/03\/Martine-LEQUY-1-768x1152.png 768w, https:\/\/www.lebreuilbourgogne.fr\/wp-content\/uploads\/2026\/03\/Martine-LEQUY-1-1024x1536.png 1024w, https:\/\/www.lebreuilbourgogne.fr\/wp-content\/uploads\/2026\/03\/Martine-LEQUY-1-1365x2048.png 1365w, https:\/\/www.lebreuilbourgogne.fr\/wp-content\/uploads\/2026\/03\/Martine-LEQUY-1-scaled.png 1707w\" sizes=\"auto, (max-width: 683px) 100vw, 683px\" \/><\/figure>\n\n\n\n<p class=\"has-text-align-center has-ast-global-color-0-color has-text-color has-medium-font-size\" style=\"line-height:1.5\"><strong>Martine LEQUY<\/strong><\/p>\n<\/div>\n\n\n\n<div class=\"wp-block-column is-layout-flow wp-block-column-is-layout-flow\">\n<figure class=\"wp-block-image aligncenter size-large is-resized has-custom-border\"><img loading=\"lazy\" decoding=\"async\" width=\"683\" height=\"1024\" src=\"https:\/\/www.lebreuilbourgogne.fr\/wp-content\/uploads\/2026\/03\/Samuel-DO-PACO-683x1024.png\" alt=\"\" class=\"wp-image-7923\" style=\"border-radius:20px;width:241px\" srcset=\"https:\/\/www.lebreuilbourgogne.fr\/wp-content\/uploads\/2026\/03\/Samuel-DO-PACO-683x1024.png 683w, https:\/\/www.lebreuilbourgogne.fr\/wp-content\/uploads\/2026\/03\/Samuel-DO-PACO-200x300.png 200w, https:\/\/www.lebreuilbourgogne.fr\/wp-content\/uploads\/2026\/03\/Samuel-DO-PACO-768x1152.png 768w, https:\/\/www.lebreuilbourgogne.fr\/wp-content\/uploads\/2026\/03\/Samuel-DO-PACO-1024x1536.png 1024w, https:\/\/www.lebreuilbourgogne.fr\/wp-content\/uploads\/2026\/03\/Samuel-DO-PACO-1365x2048.png 1365w, https:\/\/www.lebreuilbourgogne.fr\/wp-content\/uploads\/2026\/03\/Samuel-DO-PACO-scaled.png 1707w\" sizes=\"auto, (max-width: 683px) 100vw, 683px\" \/><\/figure>\n\n\n\n<p class=\"has-text-align-center has-ast-global-color-0-color has-text-color has-medium-font-size\" style=\"line-height:1.5\"><strong>Samuel DO PA\u00c7O<\/strong><\/p>\n<\/div>\n<\/div>\n\n\n\n<div class=\"wp-block-columns is-layout-flex wp-container-core-columns-is-layout-28f84493 wp-block-columns-is-layout-flex\">\n<div class=\"wp-block-column is-layout-flow wp-block-column-is-layout-flow\">\n<figure class=\"wp-block-image aligncenter size-large is-resized has-custom-border\"><img loading=\"lazy\" decoding=\"async\" width=\"683\" height=\"1024\" src=\"https:\/\/www.lebreuilbourgogne.fr\/wp-content\/uploads\/2026\/03\/Colette-MATUSZYNSKI-683x1024.png\" alt=\"\" class=\"wp-image-7900\" style=\"border-radius:20px;width:241px\" srcset=\"https:\/\/www.lebreuilbourgogne.fr\/wp-content\/uploads\/2026\/03\/Colette-MATUSZYNSKI-683x1024.png 683w, https:\/\/www.lebreuilbourgogne.fr\/wp-content\/uploads\/2026\/03\/Colette-MATUSZYNSKI-200x300.png 200w, https:\/\/www.lebreuilbourgogne.fr\/wp-content\/uploads\/2026\/03\/Colette-MATUSZYNSKI-768x1152.png 768w, https:\/\/www.lebreuilbourgogne.fr\/wp-content\/uploads\/2026\/03\/Colette-MATUSZYNSKI-1024x1536.png 1024w, https:\/\/www.lebreuilbourgogne.fr\/wp-content\/uploads\/2026\/03\/Colette-MATUSZYNSKI-1365x2048.png 1365w, https:\/\/www.lebreuilbourgogne.fr\/wp-content\/uploads\/2026\/03\/Colette-MATUSZYNSKI-scaled.png 1707w\" sizes=\"auto, (max-width: 683px) 100vw, 683px\" \/><\/figure>\n\n\n\n<p class=\"has-text-align-center has-ast-global-color-0-color has-text-color has-medium-font-size\" style=\"line-height:1.5\"><strong>Colette MATUSZYNSKI<\/strong><\/p>\n<\/div>\n<\/div>\n\n\n\n<h2 class=\"wp-block-heading alignwide has-text-align-center has-ast-global-color-4-color has-ast-global-color-0-background-color has-text-color has-background\">Conseillers municipaux de l&rsquo;opposition<\/h2>\n\n\n\n<div class=\"wp-block-columns is-layout-flex wp-container-core-columns-is-layout-28f84493 wp-block-columns-is-layout-flex\">\n<div class=\"wp-block-column is-layout-flow wp-block-column-is-layout-flow\">\n<figure class=\"wp-block-image aligncenter size-large is-resized has-custom-border\"><img loading=\"lazy\" decoding=\"async\" width=\"768\" height=\"1024\" src=\"https:\/\/www.lebreuilbourgogne.fr\/wp-content\/uploads\/2026\/03\/Laurent-ECHALIER-768x1024.jpg\" alt=\"\" class=\"wp-image-7904\" style=\"border-radius:20px;width:241px\" srcset=\"https:\/\/www.lebreuilbourgogne.fr\/wp-content\/uploads\/2026\/03\/Laurent-ECHALIER-768x1024.jpg 768w, https:\/\/www.lebreuilbourgogne.fr\/wp-content\/uploads\/2026\/03\/Laurent-ECHALIER-225x300.jpg 225w, https:\/\/www.lebreuilbourgogne.fr\/wp-content\/uploads\/2026\/03\/Laurent-ECHALIER-1152x1536.jpg 1152w, https:\/\/www.lebreuilbourgogne.fr\/wp-content\/uploads\/2026\/03\/Laurent-ECHALIER-1536x2048.jpg 1536w, https:\/\/www.lebreuilbourgogne.fr\/wp-content\/uploads\/2026\/03\/Laurent-ECHALIER-scaled.jpg 1920w\" sizes=\"auto, (max-width: 768px) 100vw, 768px\" \/><\/figure>\n\n\n\n<p class=\"has-text-align-center has-ast-global-color-0-color has-text-color has-medium-font-size\" style=\"line-height:1.5\"><strong>Laurent ECHALIER<\/strong><\/p>\n<\/div>\n\n\n\n<div class=\"wp-block-column is-layout-flow wp-block-column-is-layout-flow\">\n<figure class=\"wp-block-image aligncenter size-large is-resized has-custom-border\"><img loading=\"lazy\" decoding=\"async\" width=\"768\" height=\"1024\" src=\"https:\/\/www.lebreuilbourgogne.fr\/wp-content\/uploads\/2026\/03\/Karine-BONDARENKO-768x1024.jpg\" alt=\"\" class=\"wp-image-7903\" style=\"border-radius:20px;width:241px\" srcset=\"https:\/\/www.lebreuilbourgogne.fr\/wp-content\/uploads\/2026\/03\/Karine-BONDARENKO-768x1024.jpg 768w, https:\/\/www.lebreuilbourgogne.fr\/wp-content\/uploads\/2026\/03\/Karine-BONDARENKO-225x300.jpg 225w, https:\/\/www.lebreuilbourgogne.fr\/wp-content\/uploads\/2026\/03\/Karine-BONDARENKO-1152x1536.jpg 1152w, https:\/\/www.lebreuilbourgogne.fr\/wp-content\/uploads\/2026\/03\/Karine-BONDARENKO-1536x2048.jpg 1536w, https:\/\/www.lebreuilbourgogne.fr\/wp-content\/uploads\/2026\/03\/Karine-BONDARENKO-scaled.jpg 1920w\" sizes=\"auto, (max-width: 768px) 100vw, 768px\" \/><\/figure>\n\n\n\n<p class=\"has-text-align-center has-ast-global-color-0-color has-text-color has-medium-font-size\" style=\"line-height:1.5\"><strong>Karine BONDARENKO<\/strong><\/p>\n<\/div>\n<\/div>\n\n\n\n<div class=\"wp-block-columns is-layout-flex wp-container-core-columns-is-layout-28f84493 wp-block-columns-is-layout-flex\">\n<div class=\"wp-block-column is-layout-flow wp-block-column-is-layout-flow\">\n<figure class=\"wp-block-image aligncenter size-large is-resized has-custom-border\"><img loading=\"lazy\" decoding=\"async\" width=\"722\" height=\"1024\" src=\"https:\/\/www.lebreuilbourgogne.fr\/wp-content\/uploads\/2026\/03\/Yannick-BOI-1-722x1024.jpg\" alt=\"\" class=\"wp-image-7926\" style=\"border-radius:20px;width:241px\" srcset=\"https:\/\/www.lebreuilbourgogne.fr\/wp-content\/uploads\/2026\/03\/Yannick-BOI-1-722x1024.jpg 722w, https:\/\/www.lebreuilbourgogne.fr\/wp-content\/uploads\/2026\/03\/Yannick-BOI-1-212x300.jpg 212w, https:\/\/www.lebreuilbourgogne.fr\/wp-content\/uploads\/2026\/03\/Yannick-BOI-1-768x1089.jpg 768w, https:\/\/www.lebreuilbourgogne.fr\/wp-content\/uploads\/2026\/03\/Yannick-BOI-1-1083x1536.jpg 1083w, https:\/\/www.lebreuilbourgogne.fr\/wp-content\/uploads\/2026\/03\/Yannick-BOI-1-1445x2048.jpg 1445w, https:\/\/www.lebreuilbourgogne.fr\/wp-content\/uploads\/2026\/03\/Yannick-BOI-1-scaled.jpg 1806w\" sizes=\"auto, (max-width: 722px) 100vw, 722px\" \/><\/figure>\n\n\n\n<p class=\"has-text-align-center has-ast-global-color-0-color has-text-color has-medium-font-size\" style=\"line-height:1.5\"><strong>Yannick BOI<\/strong><\/p>\n<\/div>\n\n\n\n<div class=\"wp-block-column is-layout-flow wp-block-column-is-layout-flow\">\n<figure class=\"wp-block-image aligncenter size-large is-resized has-custom-border\"><img loading=\"lazy\" decoding=\"async\" width=\"1024\" height=\"683\" src=\"http:\/\/www.lebreuilbourgogne.fr\/wp-content\/uploads\/2023\/03\/PLANTARD-Geraldine-1024x683.jpg\" alt=\"\" class=\"wp-image-2516\" style=\"border-radius:20px;aspect-ratio:1.4992709244677749;width:373px;height:auto\" srcset=\"https:\/\/www.lebreuilbourgogne.fr\/wp-content\/uploads\/2023\/03\/PLANTARD-Geraldine-1024x683.jpg 1024w, https:\/\/www.lebreuilbourgogne.fr\/wp-content\/uploads\/2023\/03\/PLANTARD-Geraldine-300x200.jpg 300w, https:\/\/www.lebreuilbourgogne.fr\/wp-content\/uploads\/2023\/03\/PLANTARD-Geraldine-768x512.jpg 768w, https:\/\/www.lebreuilbourgogne.fr\/wp-content\/uploads\/2023\/03\/PLANTARD-Geraldine.jpg 1134w\" sizes=\"auto, (max-width: 1024px) 100vw, 1024px\" \/><\/figure>\n\n\n\n<p class=\"has-text-align-center has-ast-global-color-0-color has-text-color has-medium-font-size\" style=\"line-height:1.5\"><strong>G\u00e9raldine PLANTARD<\/strong><\/p>\n<\/div>\n<\/div>\n","protected":false},"excerpt":{"rendered":"<p>maire Chantal CORDELIER ADJOINTS au maire 1e Adjointe Catherine LANDR\u00c9 Action Sociale et Logement &#8211; CCAS 2e Adjoint Robert ARNOLDO Travaux, Urbanisme et Proximit\u00e9 3e Adjointe Nathalie MOYSET Education, Enfance [&hellip;]<\/p>\n","protected":false},"author":2,"featured_media":0,"parent":2415,"menu_order":0,"comment_status":"closed","ping_status":"closed","template":"","meta":{"_monsterinsights_skip_tracking":false,"_monsterinsights_sitenote_active":false,"_monsterinsights_sitenote_note":"","_monsterinsights_sitenote_category":0,"site-sidebar-layout":"default","site-content-layout":"","ast-site-content-layout":"default","site-content-style":"default","site-sidebar-style":"default","ast-global-header-display":"","ast-banner-title-visibility":"","ast-main-header-display":"","ast-hfb-above-header-display":"","ast-hfb-below-header-display":"","ast-hfb-mobile-header-display":"","site-post-title":"disabled","ast-breadcrumbs-content":"","ast-featured-img":"","footer-sml-layout":"","theme-transparent-header-meta":"","adv-header-id-meta":"","stick-header-meta":"","header-above-stick-meta":"","header-main-stick-meta":"","header-below-stick-meta":"","astra-migrate-meta-layouts":"set","ast-page-background-enabled":"default","ast-page-background-meta":{"desktop":{"background-color":"var(--ast-global-color-4)","background-image":"","background-repeat":"repeat","background-position":"center center","background-size":"auto","background-attachment":"scroll","background-type":"","background-media":"","overlay-type":"","overlay-color":"","overlay-opacity":"","overlay-gradient":""},"tablet":{"background-color":"","background-image":"","background-repeat":"repeat","background-position":"center center","background-size":"auto","background-attachment":"scroll","background-type":"","background-media":"","overlay-type":"","overlay-color":"","overlay-opacity":"","overlay-gradient":""},"mobile":{"background-color":"","background-image":"","background-repeat":"repeat","background-position":"center center","background-size":"auto","background-attachment":"scroll","background-type":"","background-media":"","overlay-type":"","overlay-color":"","overlay-opacity":"","overlay-gradient":""}},"ast-content-background-meta":{"desktop":{"background-color":"var(--ast-global-color-5)","background-image":"","background-repeat":"repeat","background-position":"center center","background-size":"auto","background-attachment":"scroll","background-type":"","background-media":"","overlay-type":"","overlay-color":"","overlay-opacity":"","overlay-gradient":""},"tablet":{"background-color":"var(--ast-global-color-5)","background-image":"","background-repeat":"repeat","background-position":"center center","background-size":"auto","background-attachment":"scroll","background-type":"","background-media":"","overlay-type":"","overlay-color":"","overlay-opacity":"","overlay-gradient":""},"mobile":{"background-color":"var(--ast-global-color-5)","background-image":"","background-repeat":"repeat","background-position":"center center","background-size":"auto","background-attachment":"scroll","background-type":"","background-media":"","overlay-type":"","overlay-color":"","overlay-opacity":"","overlay-gradient":""}},"_EventAllDay":false,"_EventTimezone":"","_EventStartDate":"","_EventEndDate":"","_EventStartDateUTC":"","_EventEndDateUTC":"","_EventShowMap":false,"_EventShowMapLink":false,"_EventURL":"","_EventCost":"","_EventCostDescription":"","_EventCurrencySymbol":"","_EventCurrencyCode":"","_EventCurrencyPosition":"","_EventDateTimeSeparator":"","_EventTimeRangeSeparator":"","_EventOrganizerID":[],"_EventVenueID":[],"_OrganizerEmail":"","_OrganizerPhone":"","_OrganizerWebsite":"","_VenueAddress":"","_VenueCity":"","_VenueCountry":"","_VenueProvince":"","_VenueState":"","_VenueZip":"","_VenuePhone":"","_VenueURL":"","_VenueStateProvince":"","_VenueLat":"","_VenueLng":"","_VenueShowMap":false,"_VenueShowMapLink":false,"footnotes":""},"class_list":["post-2490","page","type-page","status-publish","hentry"],"_links":{"self":[{"href":"https:\/\/www.lebreuilbourgogne.fr\/index.php\/wp-json\/wp\/v2\/pages\/2490","targetHints":{"allow":["GET"]}}],"collection":[{"href":"https:\/\/www.lebreuilbourgogne.fr\/index.php\/wp-json\/wp\/v2\/pages"}],"about":[{"href":"https:\/\/www.lebreuilbourgogne.fr\/index.php\/wp-json\/wp\/v2\/types\/page"}],"author":[{"embeddable":true,"href":"https:\/\/www.lebreuilbourgogne.fr\/index.php\/wp-json\/wp\/v2\/users\/2"}],"replies":[{"embeddable":true,"href":"https:\/\/www.lebreuilbourgogne.fr\/index.php\/wp-json\/wp\/v2\/comments?post=2490"}],"version-history":[{"count":19,"href":"https:\/\/www.lebreuilbourgogne.fr\/index.php\/wp-json\/wp\/v2\/pages\/2490\/revisions"}],"predecessor-version":[{"id":7928,"href":"https:\/\/www.lebreuilbourgogne.fr\/index.php\/wp-json\/wp\/v2\/pages\/2490\/revisions\/7928"}],"up":[{"embeddable":true,"href":"https:\/\/www.lebreuilbourgogne.fr\/index.php\/wp-json\/wp\/v2\/pages\/2415"}],"wp:attachment":[{"href":"https:\/\/www.lebreuilbourgogne.fr\/index.php\/wp-json\/wp\/v2\/media?parent=2490"}],"curies":[{"name":"wp","href":"https:\/\/api.w.org\/{rel}","templated":true}]}}