{"id":2585,"date":"2023-07-03T12:30:48","date_gmt":"2023-07-03T10:30:48","guid":{"rendered":"http:\/\/www.lebreuilbourgogne.fr\/?page_id=2585"},"modified":"2025-07-03T09:37:08","modified_gmt":"2025-07-03T07:37:08","slug":"arretes-municipaux","status":"publish","type":"page","link":"https:\/\/www.lebreuilbourgogne.fr\/index.php\/ma-ville\/publications\/arretes-municipaux\/","title":{"rendered":"Arr\u00eat\u00e9s municipaux"},"content":{"rendered":"\n<div class=\"wp-block-cover alignfull is-light\"><img loading=\"lazy\" decoding=\"async\" width=\"1024\" height=\"858\" class=\"wp-block-cover__image-background wp-image-4961 size-large\" alt=\"\" src=\"https:\/\/www.lebreuilbourgogne.fr\/wp-content\/uploads\/2024\/08\/arrete-modele-simple-1024x858.jpg\" style=\"object-position:52% 0%\" data-object-fit=\"cover\" data-object-position=\"52% 0%\" srcset=\"https:\/\/www.lebreuilbourgogne.fr\/wp-content\/uploads\/2024\/08\/arrete-modele-simple-1024x858.jpg 1024w, https:\/\/www.lebreuilbourgogne.fr\/wp-content\/uploads\/2024\/08\/arrete-modele-simple-300x251.jpg 300w, https:\/\/www.lebreuilbourgogne.fr\/wp-content\/uploads\/2024\/08\/arrete-modele-simple-768x644.jpg 768w, https:\/\/www.lebreuilbourgogne.fr\/wp-content\/uploads\/2024\/08\/arrete-modele-simple-1536x1287.jpg 1536w, https:\/\/www.lebreuilbourgogne.fr\/wp-content\/uploads\/2024\/08\/arrete-modele-simple-2048x1717.jpg 2048w\" sizes=\"auto, (max-width: 1024px) 100vw, 1024px\" \/><span aria-hidden=\"true\" class=\"wp-block-cover__background has-background-dim\" style=\"background-color:#f1f3f2\"><\/span><div class=\"wp-block-cover__inner-container is-layout-flow wp-block-cover-is-layout-flow\">\n<p class=\"has-text-align-center\" style=\"font-size:58px;line-height:1.5;text-transform:uppercase\"><strong>Arr\u00eat\u00e9s Municipaux<\/strong><\/p>\n<\/div><\/div>\n\n\n\n<div style=\"height:74px\" aria-hidden=\"true\" class=\"wp-block-spacer\"><\/div>\n\n\n\n<h2 class=\"wp-block-heading alignwide has-ast-global-color-4-color has-ast-global-color-0-background-color has-text-color has-background\">Arr\u00eat\u00e9s Temporaires<\/h2>\n\n\n<ul class=\"wp-block-latest-posts__list is-grid columns-3 has-dates wp-block-latest-posts\"><li><div class=\"wp-block-latest-posts__featured-image\"><img loading=\"lazy\" decoding=\"async\" width=\"300\" height=\"251\" src=\"https:\/\/www.lebreuilbourgogne.fr\/wp-content\/uploads\/2024\/08\/arrete-modele-simple-300x251.jpg\" class=\"attachment-medium size-medium wp-post-image\" alt=\"\" style=\"\" srcset=\"https:\/\/www.lebreuilbourgogne.fr\/wp-content\/uploads\/2024\/08\/arrete-modele-simple-300x251.jpg 300w, https:\/\/www.lebreuilbourgogne.fr\/wp-content\/uploads\/2024\/08\/arrete-modele-simple-1024x858.jpg 1024w, https:\/\/www.lebreuilbourgogne.fr\/wp-content\/uploads\/2024\/08\/arrete-modele-simple-768x644.jpg 768w, https:\/\/www.lebreuilbourgogne.fr\/wp-content\/uploads\/2024\/08\/arrete-modele-simple-1536x1287.jpg 1536w, https:\/\/www.lebreuilbourgogne.fr\/wp-content\/uploads\/2024\/08\/arrete-modele-simple-2048x1717.jpg 2048w\" sizes=\"auto, (max-width: 300px) 100vw, 300px\" \/><\/div><a class=\"wp-block-latest-posts__post-title\" href=\"https:\/\/www.lebreuilbourgogne.fr\/index.php\/2026\/04\/13\/arrete-le-breuil-en-fete\/\">Arr\u00eat\u00e9 Le Breuil en F\u00eate<\/a><time datetime=\"2026-04-13T14:40:54+02:00\" class=\"wp-block-latest-posts__post-date\">13 avril 2026<\/time><\/li>\n<li><div class=\"wp-block-latest-posts__featured-image\"><img loading=\"lazy\" decoding=\"async\" width=\"300\" height=\"251\" src=\"https:\/\/www.lebreuilbourgogne.fr\/wp-content\/uploads\/2024\/08\/arrete-modele-simple-300x251.jpg\" class=\"attachment-medium size-medium wp-post-image\" alt=\"\" style=\"\" srcset=\"https:\/\/www.lebreuilbourgogne.fr\/wp-content\/uploads\/2024\/08\/arrete-modele-simple-300x251.jpg 300w, https:\/\/www.lebreuilbourgogne.fr\/wp-content\/uploads\/2024\/08\/arrete-modele-simple-1024x858.jpg 1024w, https:\/\/www.lebreuilbourgogne.fr\/wp-content\/uploads\/2024\/08\/arrete-modele-simple-768x644.jpg 768w, https:\/\/www.lebreuilbourgogne.fr\/wp-content\/uploads\/2024\/08\/arrete-modele-simple-1536x1287.jpg 1536w, https:\/\/www.lebreuilbourgogne.fr\/wp-content\/uploads\/2024\/08\/arrete-modele-simple-2048x1717.jpg 2048w\" sizes=\"auto, (max-width: 300px) 100vw, 300px\" \/><\/div><a class=\"wp-block-latest-posts__post-title\" href=\"https:\/\/www.lebreuilbourgogne.fr\/index.php\/2026\/03\/12\/arrete-concernant-jaune-evenements-2026\/\">Arr\u00eat\u00e9 concernant Jaune \u00e9v\u00e9nements 2026<\/a><time datetime=\"2026-03-12T16:13:20+01:00\" class=\"wp-block-latest-posts__post-date\">12 mars 2026<\/time><\/li>\n<li><div class=\"wp-block-latest-posts__featured-image\"><img loading=\"lazy\" decoding=\"async\" width=\"300\" height=\"251\" src=\"https:\/\/www.lebreuilbourgogne.fr\/wp-content\/uploads\/2024\/08\/arrete-modele-simple-300x251.jpg\" class=\"attachment-medium size-medium wp-post-image\" alt=\"\" style=\"\" srcset=\"https:\/\/www.lebreuilbourgogne.fr\/wp-content\/uploads\/2024\/08\/arrete-modele-simple-300x251.jpg 300w, https:\/\/www.lebreuilbourgogne.fr\/wp-content\/uploads\/2024\/08\/arrete-modele-simple-1024x858.jpg 1024w, https:\/\/www.lebreuilbourgogne.fr\/wp-content\/uploads\/2024\/08\/arrete-modele-simple-768x644.jpg 768w, https:\/\/www.lebreuilbourgogne.fr\/wp-content\/uploads\/2024\/08\/arrete-modele-simple-1536x1287.jpg 1536w, https:\/\/www.lebreuilbourgogne.fr\/wp-content\/uploads\/2024\/08\/arrete-modele-simple-2048x1717.jpg 2048w\" sizes=\"auto, (max-width: 300px) 100vw, 300px\" \/><\/div><a class=\"wp-block-latest-posts__post-title\" href=\"https:\/\/www.lebreuilbourgogne.fr\/index.php\/2026\/03\/11\/arrete-temporaire-route-des-lavriots\/\">Arr\u00eat\u00e9 temporaire &#8211; Route des lavriots<\/a><time datetime=\"2026-03-11T10:51:30+01:00\" class=\"wp-block-latest-posts__post-date\">11 mars 2026<\/time><\/li>\n<li><div class=\"wp-block-latest-posts__featured-image\"><img loading=\"lazy\" decoding=\"async\" width=\"300\" height=\"251\" src=\"https:\/\/www.lebreuilbourgogne.fr\/wp-content\/uploads\/2024\/08\/arrete-modele-simple-300x251.jpg\" class=\"attachment-medium size-medium wp-post-image\" alt=\"\" style=\"\" srcset=\"https:\/\/www.lebreuilbourgogne.fr\/wp-content\/uploads\/2024\/08\/arrete-modele-simple-300x251.jpg 300w, https:\/\/www.lebreuilbourgogne.fr\/wp-content\/uploads\/2024\/08\/arrete-modele-simple-1024x858.jpg 1024w, https:\/\/www.lebreuilbourgogne.fr\/wp-content\/uploads\/2024\/08\/arrete-modele-simple-768x644.jpg 768w, https:\/\/www.lebreuilbourgogne.fr\/wp-content\/uploads\/2024\/08\/arrete-modele-simple-1536x1287.jpg 1536w, https:\/\/www.lebreuilbourgogne.fr\/wp-content\/uploads\/2024\/08\/arrete-modele-simple-2048x1717.jpg 2048w\" sizes=\"auto, (max-width: 300px) 100vw, 300px\" \/><\/div><a class=\"wp-block-latest-posts__post-title\" href=\"https:\/\/www.lebreuilbourgogne.fr\/index.php\/2026\/03\/10\/arretes-rue-du-creusot-et-rue-de-de-legalite\/\">ARRETES RUE DU CREUSOT ET RUE DE DE L&rsquo;EGALITE<\/a><time datetime=\"2026-03-10T09:00:54+01:00\" class=\"wp-block-latest-posts__post-date\">10 mars 2026<\/time><\/li>\n<li><div class=\"wp-block-latest-posts__featured-image\"><img loading=\"lazy\" decoding=\"async\" width=\"300\" height=\"251\" src=\"https:\/\/www.lebreuilbourgogne.fr\/wp-content\/uploads\/2024\/08\/arrete-modele-simple-300x251.jpg\" class=\"attachment-medium size-medium wp-post-image\" alt=\"\" style=\"\" srcset=\"https:\/\/www.lebreuilbourgogne.fr\/wp-content\/uploads\/2024\/08\/arrete-modele-simple-300x251.jpg 300w, https:\/\/www.lebreuilbourgogne.fr\/wp-content\/uploads\/2024\/08\/arrete-modele-simple-1024x858.jpg 1024w, https:\/\/www.lebreuilbourgogne.fr\/wp-content\/uploads\/2024\/08\/arrete-modele-simple-768x644.jpg 768w, https:\/\/www.lebreuilbourgogne.fr\/wp-content\/uploads\/2024\/08\/arrete-modele-simple-1536x1287.jpg 1536w, https:\/\/www.lebreuilbourgogne.fr\/wp-content\/uploads\/2024\/08\/arrete-modele-simple-2048x1717.jpg 2048w\" sizes=\"auto, (max-width: 300px) 100vw, 300px\" \/><\/div><a class=\"wp-block-latest-posts__post-title\" href=\"https:\/\/www.lebreuilbourgogne.fr\/index.php\/2026\/03\/02\/arretes-concernant-le-train-hard-2026\/\">Arr\u00eat\u00e9s concernant le TRAIN HARD 2026<\/a><time datetime=\"2026-03-02T17:22:59+01:00\" class=\"wp-block-latest-posts__post-date\">2 mars 2026<\/time><\/li>\n<li><div class=\"wp-block-latest-posts__featured-image\"><img loading=\"lazy\" decoding=\"async\" width=\"300\" height=\"251\" src=\"https:\/\/www.lebreuilbourgogne.fr\/wp-content\/uploads\/2024\/08\/arrete-modele-simple-300x251.jpg\" class=\"attachment-medium size-medium wp-post-image\" alt=\"\" style=\"\" srcset=\"https:\/\/www.lebreuilbourgogne.fr\/wp-content\/uploads\/2024\/08\/arrete-modele-simple-300x251.jpg 300w, https:\/\/www.lebreuilbourgogne.fr\/wp-content\/uploads\/2024\/08\/arrete-modele-simple-1024x858.jpg 1024w, https:\/\/www.lebreuilbourgogne.fr\/wp-content\/uploads\/2024\/08\/arrete-modele-simple-768x644.jpg 768w, https:\/\/www.lebreuilbourgogne.fr\/wp-content\/uploads\/2024\/08\/arrete-modele-simple-1536x1287.jpg 1536w, https:\/\/www.lebreuilbourgogne.fr\/wp-content\/uploads\/2024\/08\/arrete-modele-simple-2048x1717.jpg 2048w\" sizes=\"auto, (max-width: 300px) 100vw, 300px\" \/><\/div><a class=\"wp-block-latest-posts__post-title\" href=\"https:\/\/www.lebreuilbourgogne.fr\/index.php\/2026\/02\/25\/arrete-temporaire-rue-de-montcoy-3\/\">ARRETE TEMPORAIRE RUE DE MONTCOY<\/a><time datetime=\"2026-02-25T12:00:20+01:00\" class=\"wp-block-latest-posts__post-date\">25 f\u00e9vrier 2026<\/time><\/li>\n<li><div class=\"wp-block-latest-posts__featured-image\"><img loading=\"lazy\" decoding=\"async\" width=\"300\" height=\"251\" src=\"https:\/\/www.lebreuilbourgogne.fr\/wp-content\/uploads\/2024\/08\/arrete-modele-simple-300x251.jpg\" class=\"attachment-medium size-medium wp-post-image\" alt=\"\" style=\"\" srcset=\"https:\/\/www.lebreuilbourgogne.fr\/wp-content\/uploads\/2024\/08\/arrete-modele-simple-300x251.jpg 300w, https:\/\/www.lebreuilbourgogne.fr\/wp-content\/uploads\/2024\/08\/arrete-modele-simple-1024x858.jpg 1024w, https:\/\/www.lebreuilbourgogne.fr\/wp-content\/uploads\/2024\/08\/arrete-modele-simple-768x644.jpg 768w, https:\/\/www.lebreuilbourgogne.fr\/wp-content\/uploads\/2024\/08\/arrete-modele-simple-1536x1287.jpg 1536w, https:\/\/www.lebreuilbourgogne.fr\/wp-content\/uploads\/2024\/08\/arrete-modele-simple-2048x1717.jpg 2048w\" sizes=\"auto, (max-width: 300px) 100vw, 300px\" \/><\/div><a class=\"wp-block-latest-posts__post-title\" href=\"https:\/\/www.lebreuilbourgogne.fr\/index.php\/2026\/02\/25\/arrete-temporaire-route-de-couches-rd984\/\">ARRETE TEMPORAIRE ROUTE DE COUCHES (RD984)<\/a><time datetime=\"2026-02-25T09:24:04+01:00\" class=\"wp-block-latest-posts__post-date\">25 f\u00e9vrier 2026<\/time><\/li>\n<li><div class=\"wp-block-latest-posts__featured-image\"><img loading=\"lazy\" decoding=\"async\" width=\"300\" height=\"251\" src=\"https:\/\/www.lebreuilbourgogne.fr\/wp-content\/uploads\/2024\/08\/arrete-modele-simple-300x251.jpg\" class=\"attachment-medium size-medium wp-post-image\" alt=\"\" style=\"\" srcset=\"https:\/\/www.lebreuilbourgogne.fr\/wp-content\/uploads\/2024\/08\/arrete-modele-simple-300x251.jpg 300w, https:\/\/www.lebreuilbourgogne.fr\/wp-content\/uploads\/2024\/08\/arrete-modele-simple-1024x858.jpg 1024w, https:\/\/www.lebreuilbourgogne.fr\/wp-content\/uploads\/2024\/08\/arrete-modele-simple-768x644.jpg 768w, https:\/\/www.lebreuilbourgogne.fr\/wp-content\/uploads\/2024\/08\/arrete-modele-simple-1536x1287.jpg 1536w, https:\/\/www.lebreuilbourgogne.fr\/wp-content\/uploads\/2024\/08\/arrete-modele-simple-2048x1717.jpg 2048w\" sizes=\"auto, (max-width: 300px) 100vw, 300px\" \/><\/div><a class=\"wp-block-latest-posts__post-title\" href=\"https:\/\/www.lebreuilbourgogne.fr\/index.php\/2026\/02\/06\/arrete-temporaire-rue-de-legalite-d290\/\">ARRETE TEMPORAIRE RUE DE L&rsquo;EGALITE (D290)<\/a><time datetime=\"2026-02-06T11:22:02+01:00\" class=\"wp-block-latest-posts__post-date\">6 f\u00e9vrier 2026<\/time><\/li>\n<li><div class=\"wp-block-latest-posts__featured-image\"><img loading=\"lazy\" decoding=\"async\" width=\"300\" height=\"251\" src=\"https:\/\/www.lebreuilbourgogne.fr\/wp-content\/uploads\/2024\/08\/arrete-modele-simple-300x251.jpg\" class=\"attachment-medium size-medium wp-post-image\" alt=\"\" style=\"\" srcset=\"https:\/\/www.lebreuilbourgogne.fr\/wp-content\/uploads\/2024\/08\/arrete-modele-simple-300x251.jpg 300w, https:\/\/www.lebreuilbourgogne.fr\/wp-content\/uploads\/2024\/08\/arrete-modele-simple-1024x858.jpg 1024w, https:\/\/www.lebreuilbourgogne.fr\/wp-content\/uploads\/2024\/08\/arrete-modele-simple-768x644.jpg 768w, https:\/\/www.lebreuilbourgogne.fr\/wp-content\/uploads\/2024\/08\/arrete-modele-simple-1536x1287.jpg 1536w, https:\/\/www.lebreuilbourgogne.fr\/wp-content\/uploads\/2024\/08\/arrete-modele-simple-2048x1717.jpg 2048w\" sizes=\"auto, (max-width: 300px) 100vw, 300px\" \/><\/div><a class=\"wp-block-latest-posts__post-title\" href=\"https:\/\/www.lebreuilbourgogne.fr\/index.php\/2026\/02\/02\/arrete-temporaire-chemin-des-bruyeres-2\/\">ARRETE TEMPORAIRE CHEMIN DES BRUYERES<\/a><time datetime=\"2026-02-02T08:31:05+01:00\" class=\"wp-block-latest-posts__post-date\">2 f\u00e9vrier 2026<\/time><\/li>\n<li><div class=\"wp-block-latest-posts__featured-image\"><img loading=\"lazy\" decoding=\"async\" width=\"300\" height=\"251\" src=\"https:\/\/www.lebreuilbourgogne.fr\/wp-content\/uploads\/2024\/08\/arrete-modele-simple-300x251.jpg\" class=\"attachment-medium size-medium wp-post-image\" alt=\"\" style=\"\" srcset=\"https:\/\/www.lebreuilbourgogne.fr\/wp-content\/uploads\/2024\/08\/arrete-modele-simple-300x251.jpg 300w, https:\/\/www.lebreuilbourgogne.fr\/wp-content\/uploads\/2024\/08\/arrete-modele-simple-1024x858.jpg 1024w, https:\/\/www.lebreuilbourgogne.fr\/wp-content\/uploads\/2024\/08\/arrete-modele-simple-768x644.jpg 768w, https:\/\/www.lebreuilbourgogne.fr\/wp-content\/uploads\/2024\/08\/arrete-modele-simple-1536x1287.jpg 1536w, https:\/\/www.lebreuilbourgogne.fr\/wp-content\/uploads\/2024\/08\/arrete-modele-simple-2048x1717.jpg 2048w\" sizes=\"auto, (max-width: 300px) 100vw, 300px\" \/><\/div><a class=\"wp-block-latest-posts__post-title\" href=\"https:\/\/www.lebreuilbourgogne.fr\/index.php\/2026\/01\/26\/arrete-temporaire-7-13-rue-bel-air\/\">ARRETE TEMPORAIRE 7-13 RUE BEL AIR<\/a><time datetime=\"2026-01-26T11:18:12+01:00\" class=\"wp-block-latest-posts__post-date\">26 janvier 2026<\/time><\/li>\n<li><div class=\"wp-block-latest-posts__featured-image\"><img loading=\"lazy\" decoding=\"async\" width=\"300\" height=\"251\" src=\"https:\/\/www.lebreuilbourgogne.fr\/wp-content\/uploads\/2024\/08\/arrete-modele-simple-300x251.jpg\" class=\"attachment-medium size-medium wp-post-image\" alt=\"\" style=\"\" srcset=\"https:\/\/www.lebreuilbourgogne.fr\/wp-content\/uploads\/2024\/08\/arrete-modele-simple-300x251.jpg 300w, https:\/\/www.lebreuilbourgogne.fr\/wp-content\/uploads\/2024\/08\/arrete-modele-simple-1024x858.jpg 1024w, https:\/\/www.lebreuilbourgogne.fr\/wp-content\/uploads\/2024\/08\/arrete-modele-simple-768x644.jpg 768w, https:\/\/www.lebreuilbourgogne.fr\/wp-content\/uploads\/2024\/08\/arrete-modele-simple-1536x1287.jpg 1536w, https:\/\/www.lebreuilbourgogne.fr\/wp-content\/uploads\/2024\/08\/arrete-modele-simple-2048x1717.jpg 2048w\" sizes=\"auto, (max-width: 300px) 100vw, 300px\" \/><\/div><a class=\"wp-block-latest-posts__post-title\" href=\"https:\/\/www.lebreuilbourgogne.fr\/index.php\/2026\/01\/16\/arretes-temporaires-rue-saint-etienne-avenue-de-chambreuil-d61-route-de-marmagne\/\">ARRETES TEMPORAIRES &#8211; RUE SAINT ETIENNE &#8211; AVENUE DE CHAMBREUIL &#8211; D61-ROUTE DE MARMAGNE<\/a><time datetime=\"2026-01-16T11:15:18+01:00\" class=\"wp-block-latest-posts__post-date\">16 janvier 2026<\/time><\/li>\n<li><div class=\"wp-block-latest-posts__featured-image\"><img loading=\"lazy\" decoding=\"async\" width=\"300\" height=\"251\" src=\"https:\/\/www.lebreuilbourgogne.fr\/wp-content\/uploads\/2024\/08\/arrete-modele-simple-300x251.jpg\" class=\"attachment-medium size-medium wp-post-image\" alt=\"\" style=\"\" srcset=\"https:\/\/www.lebreuilbourgogne.fr\/wp-content\/uploads\/2024\/08\/arrete-modele-simple-300x251.jpg 300w, https:\/\/www.lebreuilbourgogne.fr\/wp-content\/uploads\/2024\/08\/arrete-modele-simple-1024x858.jpg 1024w, https:\/\/www.lebreuilbourgogne.fr\/wp-content\/uploads\/2024\/08\/arrete-modele-simple-768x644.jpg 768w, https:\/\/www.lebreuilbourgogne.fr\/wp-content\/uploads\/2024\/08\/arrete-modele-simple-1536x1287.jpg 1536w, https:\/\/www.lebreuilbourgogne.fr\/wp-content\/uploads\/2024\/08\/arrete-modele-simple-2048x1717.jpg 2048w\" sizes=\"auto, (max-width: 300px) 100vw, 300px\" \/><\/div><a class=\"wp-block-latest-posts__post-title\" href=\"https:\/\/www.lebreuilbourgogne.fr\/index.php\/2025\/12\/23\/arrete-temporaire-18-rue-charleville\/\">ARRETE TEMPORAIRE &#8211; 18 RUE CHARLEVILLE<\/a><time datetime=\"2025-12-23T15:34:47+01:00\" class=\"wp-block-latest-posts__post-date\">23 d\u00e9cembre 2025<\/time><\/li>\n<li><div class=\"wp-block-latest-posts__featured-image\"><img loading=\"lazy\" decoding=\"async\" width=\"300\" height=\"251\" src=\"https:\/\/www.lebreuilbourgogne.fr\/wp-content\/uploads\/2024\/08\/arrete-modele-simple-300x251.jpg\" class=\"attachment-medium size-medium wp-post-image\" alt=\"\" style=\"\" srcset=\"https:\/\/www.lebreuilbourgogne.fr\/wp-content\/uploads\/2024\/08\/arrete-modele-simple-300x251.jpg 300w, https:\/\/www.lebreuilbourgogne.fr\/wp-content\/uploads\/2024\/08\/arrete-modele-simple-1024x858.jpg 1024w, https:\/\/www.lebreuilbourgogne.fr\/wp-content\/uploads\/2024\/08\/arrete-modele-simple-768x644.jpg 768w, https:\/\/www.lebreuilbourgogne.fr\/wp-content\/uploads\/2024\/08\/arrete-modele-simple-1536x1287.jpg 1536w, https:\/\/www.lebreuilbourgogne.fr\/wp-content\/uploads\/2024\/08\/arrete-modele-simple-2048x1717.jpg 2048w\" sizes=\"auto, (max-width: 300px) 100vw, 300px\" \/><\/div><a class=\"wp-block-latest-posts__post-title\" href=\"https:\/\/www.lebreuilbourgogne.fr\/index.php\/2025\/11\/28\/arrete-autorisation-temporaire-de-stationnement-au-59-route-de-couches\/\">arr\u00eat\u00e9 &#8211; autorisation temporaire de stationnement au 59 route de Couches<\/a><time datetime=\"2025-11-28T11:56:17+01:00\" class=\"wp-block-latest-posts__post-date\">28 novembre 2025<\/time><\/li>\n<li><div class=\"wp-block-latest-posts__featured-image\"><img loading=\"lazy\" decoding=\"async\" width=\"300\" height=\"251\" src=\"https:\/\/www.lebreuilbourgogne.fr\/wp-content\/uploads\/2024\/08\/arrete-modele-simple-300x251.jpg\" class=\"attachment-medium size-medium wp-post-image\" alt=\"\" style=\"\" srcset=\"https:\/\/www.lebreuilbourgogne.fr\/wp-content\/uploads\/2024\/08\/arrete-modele-simple-300x251.jpg 300w, https:\/\/www.lebreuilbourgogne.fr\/wp-content\/uploads\/2024\/08\/arrete-modele-simple-1024x858.jpg 1024w, https:\/\/www.lebreuilbourgogne.fr\/wp-content\/uploads\/2024\/08\/arrete-modele-simple-768x644.jpg 768w, https:\/\/www.lebreuilbourgogne.fr\/wp-content\/uploads\/2024\/08\/arrete-modele-simple-1536x1287.jpg 1536w, https:\/\/www.lebreuilbourgogne.fr\/wp-content\/uploads\/2024\/08\/arrete-modele-simple-2048x1717.jpg 2048w\" sizes=\"auto, (max-width: 300px) 100vw, 300px\" \/><\/div><a class=\"wp-block-latest-posts__post-title\" href=\"https:\/\/www.lebreuilbourgogne.fr\/index.php\/2025\/11\/26\/arrete-temporaire-route-depinac\/\">ARRETE TEMPORAIRE &#8211; ROUTE D&rsquo;EPINAC<\/a><time datetime=\"2025-11-26T08:38:04+01:00\" class=\"wp-block-latest-posts__post-date\">26 novembre 2025<\/time><\/li>\n<li><div class=\"wp-block-latest-posts__featured-image\"><img loading=\"lazy\" decoding=\"async\" width=\"300\" height=\"251\" src=\"https:\/\/www.lebreuilbourgogne.fr\/wp-content\/uploads\/2024\/08\/arrete-modele-simple-300x251.jpg\" class=\"attachment-medium size-medium wp-post-image\" alt=\"\" style=\"\" srcset=\"https:\/\/www.lebreuilbourgogne.fr\/wp-content\/uploads\/2024\/08\/arrete-modele-simple-300x251.jpg 300w, https:\/\/www.lebreuilbourgogne.fr\/wp-content\/uploads\/2024\/08\/arrete-modele-simple-1024x858.jpg 1024w, https:\/\/www.lebreuilbourgogne.fr\/wp-content\/uploads\/2024\/08\/arrete-modele-simple-768x644.jpg 768w, https:\/\/www.lebreuilbourgogne.fr\/wp-content\/uploads\/2024\/08\/arrete-modele-simple-1536x1287.jpg 1536w, https:\/\/www.lebreuilbourgogne.fr\/wp-content\/uploads\/2024\/08\/arrete-modele-simple-2048x1717.jpg 2048w\" sizes=\"auto, (max-width: 300px) 100vw, 300px\" \/><\/div><a class=\"wp-block-latest-posts__post-title\" href=\"https:\/\/www.lebreuilbourgogne.fr\/index.php\/2025\/11\/26\/arrete-temporaire-rue-du-creusot\/\">ARRETE TEMPORAIRE &#8211; RUE DU CREUSOT<\/a><time datetime=\"2025-11-26T08:37:36+01:00\" class=\"wp-block-latest-posts__post-date\">26 novembre 2025<\/time><\/li>\n<li><div class=\"wp-block-latest-posts__featured-image\"><img loading=\"lazy\" decoding=\"async\" width=\"300\" height=\"251\" src=\"https:\/\/www.lebreuilbourgogne.fr\/wp-content\/uploads\/2024\/08\/arrete-modele-simple-300x251.jpg\" class=\"attachment-medium size-medium wp-post-image\" alt=\"\" style=\"\" srcset=\"https:\/\/www.lebreuilbourgogne.fr\/wp-content\/uploads\/2024\/08\/arrete-modele-simple-300x251.jpg 300w, https:\/\/www.lebreuilbourgogne.fr\/wp-content\/uploads\/2024\/08\/arrete-modele-simple-1024x858.jpg 1024w, https:\/\/www.lebreuilbourgogne.fr\/wp-content\/uploads\/2024\/08\/arrete-modele-simple-768x644.jpg 768w, https:\/\/www.lebreuilbourgogne.fr\/wp-content\/uploads\/2024\/08\/arrete-modele-simple-1536x1287.jpg 1536w, https:\/\/www.lebreuilbourgogne.fr\/wp-content\/uploads\/2024\/08\/arrete-modele-simple-2048x1717.jpg 2048w\" sizes=\"auto, (max-width: 300px) 100vw, 300px\" \/><\/div><a class=\"wp-block-latest-posts__post-title\" href=\"https:\/\/www.lebreuilbourgogne.fr\/index.php\/2025\/11\/26\/arrete-temporaire-route-du-garnoy\/\">ARRETE TEMPORAIRE &#8211; ROUTE DU GARNOY<\/a><time datetime=\"2025-11-26T08:34:47+01:00\" class=\"wp-block-latest-posts__post-date\">26 novembre 2025<\/time><\/li>\n<li><div class=\"wp-block-latest-posts__featured-image\"><img loading=\"lazy\" decoding=\"async\" width=\"300\" height=\"251\" src=\"https:\/\/www.lebreuilbourgogne.fr\/wp-content\/uploads\/2024\/08\/arrete-modele-simple-300x251.jpg\" class=\"attachment-medium size-medium wp-post-image\" alt=\"\" style=\"\" srcset=\"https:\/\/www.lebreuilbourgogne.fr\/wp-content\/uploads\/2024\/08\/arrete-modele-simple-300x251.jpg 300w, https:\/\/www.lebreuilbourgogne.fr\/wp-content\/uploads\/2024\/08\/arrete-modele-simple-1024x858.jpg 1024w, https:\/\/www.lebreuilbourgogne.fr\/wp-content\/uploads\/2024\/08\/arrete-modele-simple-768x644.jpg 768w, https:\/\/www.lebreuilbourgogne.fr\/wp-content\/uploads\/2024\/08\/arrete-modele-simple-1536x1287.jpg 1536w, https:\/\/www.lebreuilbourgogne.fr\/wp-content\/uploads\/2024\/08\/arrete-modele-simple-2048x1717.jpg 2048w\" sizes=\"auto, (max-width: 300px) 100vw, 300px\" \/><\/div><a class=\"wp-block-latest-posts__post-title\" href=\"https:\/\/www.lebreuilbourgogne.fr\/index.php\/2025\/11\/20\/arrete-temporaire-rue-humblot-2\/\">ARRETE TEMPORAIRE &#8211; RUE HUMBLOT<\/a><time datetime=\"2025-11-20T15:53:15+01:00\" class=\"wp-block-latest-posts__post-date\">20 novembre 2025<\/time><\/li>\n<li><div class=\"wp-block-latest-posts__featured-image\"><img loading=\"lazy\" decoding=\"async\" width=\"300\" height=\"251\" src=\"https:\/\/www.lebreuilbourgogne.fr\/wp-content\/uploads\/2024\/08\/arrete-modele-simple-300x251.jpg\" class=\"attachment-medium size-medium wp-post-image\" alt=\"\" style=\"\" srcset=\"https:\/\/www.lebreuilbourgogne.fr\/wp-content\/uploads\/2024\/08\/arrete-modele-simple-300x251.jpg 300w, https:\/\/www.lebreuilbourgogne.fr\/wp-content\/uploads\/2024\/08\/arrete-modele-simple-1024x858.jpg 1024w, https:\/\/www.lebreuilbourgogne.fr\/wp-content\/uploads\/2024\/08\/arrete-modele-simple-768x644.jpg 768w, https:\/\/www.lebreuilbourgogne.fr\/wp-content\/uploads\/2024\/08\/arrete-modele-simple-1536x1287.jpg 1536w, https:\/\/www.lebreuilbourgogne.fr\/wp-content\/uploads\/2024\/08\/arrete-modele-simple-2048x1717.jpg 2048w\" sizes=\"auto, (max-width: 300px) 100vw, 300px\" \/><\/div><a class=\"wp-block-latest-posts__post-title\" href=\"https:\/\/www.lebreuilbourgogne.fr\/index.php\/2025\/11\/06\/arrete-temporaire-place-de-la-fraternite\/\">ARRETE TEMPORAIRE &#8211; PLACE DE LA FRATERNITE<\/a><time datetime=\"2025-11-06T11:49:27+01:00\" class=\"wp-block-latest-posts__post-date\">6 novembre 2025<\/time><\/li>\n<li><div class=\"wp-block-latest-posts__featured-image\"><img loading=\"lazy\" decoding=\"async\" width=\"300\" height=\"251\" src=\"https:\/\/www.lebreuilbourgogne.fr\/wp-content\/uploads\/2024\/08\/arrete-modele-simple-300x251.jpg\" class=\"attachment-medium size-medium wp-post-image\" alt=\"\" style=\"\" srcset=\"https:\/\/www.lebreuilbourgogne.fr\/wp-content\/uploads\/2024\/08\/arrete-modele-simple-300x251.jpg 300w, https:\/\/www.lebreuilbourgogne.fr\/wp-content\/uploads\/2024\/08\/arrete-modele-simple-1024x858.jpg 1024w, https:\/\/www.lebreuilbourgogne.fr\/wp-content\/uploads\/2024\/08\/arrete-modele-simple-768x644.jpg 768w, https:\/\/www.lebreuilbourgogne.fr\/wp-content\/uploads\/2024\/08\/arrete-modele-simple-1536x1287.jpg 1536w, https:\/\/www.lebreuilbourgogne.fr\/wp-content\/uploads\/2024\/08\/arrete-modele-simple-2048x1717.jpg 2048w\" sizes=\"auto, (max-width: 300px) 100vw, 300px\" \/><\/div><a class=\"wp-block-latest-posts__post-title\" href=\"https:\/\/www.lebreuilbourgogne.fr\/index.php\/2025\/11\/03\/arrete-temporaire-75-route-de-couches\/\">ARRETE TEMPORAIRE &#8211; 75 ROUTE DE COUCHES<\/a><time datetime=\"2025-11-03T09:02:23+01:00\" class=\"wp-block-latest-posts__post-date\">3 novembre 2025<\/time><\/li>\n<li><div class=\"wp-block-latest-posts__featured-image\"><img loading=\"lazy\" decoding=\"async\" width=\"300\" height=\"251\" src=\"https:\/\/www.lebreuilbourgogne.fr\/wp-content\/uploads\/2024\/08\/arrete-modele-simple-300x251.jpg\" class=\"attachment-medium size-medium wp-post-image\" alt=\"\" style=\"\" srcset=\"https:\/\/www.lebreuilbourgogne.fr\/wp-content\/uploads\/2024\/08\/arrete-modele-simple-300x251.jpg 300w, https:\/\/www.lebreuilbourgogne.fr\/wp-content\/uploads\/2024\/08\/arrete-modele-simple-1024x858.jpg 1024w, https:\/\/www.lebreuilbourgogne.fr\/wp-content\/uploads\/2024\/08\/arrete-modele-simple-768x644.jpg 768w, https:\/\/www.lebreuilbourgogne.fr\/wp-content\/uploads\/2024\/08\/arrete-modele-simple-1536x1287.jpg 1536w, https:\/\/www.lebreuilbourgogne.fr\/wp-content\/uploads\/2024\/08\/arrete-modele-simple-2048x1717.jpg 2048w\" sizes=\"auto, (max-width: 300px) 100vw, 300px\" \/><\/div><a class=\"wp-block-latest-posts__post-title\" href=\"https:\/\/www.lebreuilbourgogne.fr\/index.php\/2025\/10\/30\/arrete-temporaire-rue-de-legalite\/\">ARRETE TEMPORAIRE &#8211; RUE DE L&rsquo;EGALITE<\/a><time datetime=\"2025-10-30T17:01:44+01:00\" class=\"wp-block-latest-posts__post-date\">30 octobre 2025<\/time><\/li>\n<li><div class=\"wp-block-latest-posts__featured-image\"><img loading=\"lazy\" decoding=\"async\" width=\"300\" height=\"251\" src=\"https:\/\/www.lebreuilbourgogne.fr\/wp-content\/uploads\/2024\/08\/arrete-modele-simple-300x251.jpg\" class=\"attachment-medium size-medium wp-post-image\" alt=\"\" style=\"\" srcset=\"https:\/\/www.lebreuilbourgogne.fr\/wp-content\/uploads\/2024\/08\/arrete-modele-simple-300x251.jpg 300w, https:\/\/www.lebreuilbourgogne.fr\/wp-content\/uploads\/2024\/08\/arrete-modele-simple-1024x858.jpg 1024w, https:\/\/www.lebreuilbourgogne.fr\/wp-content\/uploads\/2024\/08\/arrete-modele-simple-768x644.jpg 768w, https:\/\/www.lebreuilbourgogne.fr\/wp-content\/uploads\/2024\/08\/arrete-modele-simple-1536x1287.jpg 1536w, https:\/\/www.lebreuilbourgogne.fr\/wp-content\/uploads\/2024\/08\/arrete-modele-simple-2048x1717.jpg 2048w\" sizes=\"auto, (max-width: 300px) 100vw, 300px\" \/><\/div><a class=\"wp-block-latest-posts__post-title\" href=\"https:\/\/www.lebreuilbourgogne.fr\/index.php\/2025\/10\/28\/arrete-temporaire-route-de-marmagne-d-61-2\/\">ARRETE TEMPORAIRE &#8211; ROUTE DE MARMAGNE D 61<\/a><time datetime=\"2025-10-28T08:38:15+01:00\" class=\"wp-block-latest-posts__post-date\">28 octobre 2025<\/time><\/li>\n<li><div class=\"wp-block-latest-posts__featured-image\"><img loading=\"lazy\" decoding=\"async\" width=\"300\" height=\"251\" src=\"https:\/\/www.lebreuilbourgogne.fr\/wp-content\/uploads\/2024\/08\/arrete-modele-simple-300x251.jpg\" class=\"attachment-medium size-medium wp-post-image\" alt=\"\" style=\"\" srcset=\"https:\/\/www.lebreuilbourgogne.fr\/wp-content\/uploads\/2024\/08\/arrete-modele-simple-300x251.jpg 300w, https:\/\/www.lebreuilbourgogne.fr\/wp-content\/uploads\/2024\/08\/arrete-modele-simple-1024x858.jpg 1024w, https:\/\/www.lebreuilbourgogne.fr\/wp-content\/uploads\/2024\/08\/arrete-modele-simple-768x644.jpg 768w, https:\/\/www.lebreuilbourgogne.fr\/wp-content\/uploads\/2024\/08\/arrete-modele-simple-1536x1287.jpg 1536w, https:\/\/www.lebreuilbourgogne.fr\/wp-content\/uploads\/2024\/08\/arrete-modele-simple-2048x1717.jpg 2048w\" sizes=\"auto, (max-width: 300px) 100vw, 300px\" \/><\/div><a class=\"wp-block-latest-posts__post-title\" href=\"https:\/\/www.lebreuilbourgogne.fr\/index.php\/2025\/10\/28\/arrete-temporaire-chemin-des-bruyeres\/\">ARRETE TEMPORAIRE &#8211; CHEMIN DES BRUYERES<\/a><time datetime=\"2025-10-28T08:37:31+01:00\" class=\"wp-block-latest-posts__post-date\">28 octobre 2025<\/time><\/li>\n<li><div class=\"wp-block-latest-posts__featured-image\"><img loading=\"lazy\" decoding=\"async\" width=\"300\" height=\"251\" src=\"https:\/\/www.lebreuilbourgogne.fr\/wp-content\/uploads\/2024\/08\/arrete-modele-simple-300x251.jpg\" class=\"attachment-medium size-medium wp-post-image\" alt=\"\" style=\"\" srcset=\"https:\/\/www.lebreuilbourgogne.fr\/wp-content\/uploads\/2024\/08\/arrete-modele-simple-300x251.jpg 300w, https:\/\/www.lebreuilbourgogne.fr\/wp-content\/uploads\/2024\/08\/arrete-modele-simple-1024x858.jpg 1024w, https:\/\/www.lebreuilbourgogne.fr\/wp-content\/uploads\/2024\/08\/arrete-modele-simple-768x644.jpg 768w, https:\/\/www.lebreuilbourgogne.fr\/wp-content\/uploads\/2024\/08\/arrete-modele-simple-1536x1287.jpg 1536w, https:\/\/www.lebreuilbourgogne.fr\/wp-content\/uploads\/2024\/08\/arrete-modele-simple-2048x1717.jpg 2048w\" sizes=\"auto, (max-width: 300px) 100vw, 300px\" \/><\/div><a class=\"wp-block-latest-posts__post-title\" href=\"https:\/\/www.lebreuilbourgogne.fr\/index.php\/2025\/10\/28\/arrete-temporaire-route-de-marmagne-d-61\/\">ARRETE TEMPORAIRE &#8211; ROUTE DE MARMAGNE D 61<\/a><time datetime=\"2025-10-28T08:35:48+01:00\" class=\"wp-block-latest-posts__post-date\">28 octobre 2025<\/time><\/li>\n<li><div class=\"wp-block-latest-posts__featured-image\"><img loading=\"lazy\" decoding=\"async\" width=\"300\" height=\"251\" src=\"https:\/\/www.lebreuilbourgogne.fr\/wp-content\/uploads\/2024\/08\/arrete-modele-simple-300x251.jpg\" class=\"attachment-medium size-medium wp-post-image\" alt=\"\" style=\"\" srcset=\"https:\/\/www.lebreuilbourgogne.fr\/wp-content\/uploads\/2024\/08\/arrete-modele-simple-300x251.jpg 300w, https:\/\/www.lebreuilbourgogne.fr\/wp-content\/uploads\/2024\/08\/arrete-modele-simple-1024x858.jpg 1024w, https:\/\/www.lebreuilbourgogne.fr\/wp-content\/uploads\/2024\/08\/arrete-modele-simple-768x644.jpg 768w, https:\/\/www.lebreuilbourgogne.fr\/wp-content\/uploads\/2024\/08\/arrete-modele-simple-1536x1287.jpg 1536w, https:\/\/www.lebreuilbourgogne.fr\/wp-content\/uploads\/2024\/08\/arrete-modele-simple-2048x1717.jpg 2048w\" sizes=\"auto, (max-width: 300px) 100vw, 300px\" \/><\/div><a class=\"wp-block-latest-posts__post-title\" href=\"https:\/\/www.lebreuilbourgogne.fr\/index.php\/2025\/10\/22\/arrete-temporaire-route-de-couches-d-984\/\">ARRETE TEMPORAIRE &#8211; ROUTE DE COUCHES -D 984<\/a><time datetime=\"2025-10-22T14:44:13+02:00\" class=\"wp-block-latest-posts__post-date\">22 octobre 2025<\/time><\/li>\n<li><div class=\"wp-block-latest-posts__featured-image\"><img loading=\"lazy\" decoding=\"async\" width=\"300\" height=\"251\" src=\"https:\/\/www.lebreuilbourgogne.fr\/wp-content\/uploads\/2024\/08\/arrete-modele-simple-300x251.jpg\" class=\"attachment-medium size-medium wp-post-image\" alt=\"\" style=\"\" srcset=\"https:\/\/www.lebreuilbourgogne.fr\/wp-content\/uploads\/2024\/08\/arrete-modele-simple-300x251.jpg 300w, https:\/\/www.lebreuilbourgogne.fr\/wp-content\/uploads\/2024\/08\/arrete-modele-simple-1024x858.jpg 1024w, https:\/\/www.lebreuilbourgogne.fr\/wp-content\/uploads\/2024\/08\/arrete-modele-simple-768x644.jpg 768w, https:\/\/www.lebreuilbourgogne.fr\/wp-content\/uploads\/2024\/08\/arrete-modele-simple-1536x1287.jpg 1536w, https:\/\/www.lebreuilbourgogne.fr\/wp-content\/uploads\/2024\/08\/arrete-modele-simple-2048x1717.jpg 2048w\" sizes=\"auto, (max-width: 300px) 100vw, 300px\" \/><\/div><a class=\"wp-block-latest-posts__post-title\" href=\"https:\/\/www.lebreuilbourgogne.fr\/index.php\/2025\/10\/16\/arrete-temporaire-route-des-fauches\/\">ARRETE TEMPORAIRE &#8211; ROUTE DES FAUCHES<\/a><time datetime=\"2025-10-16T15:24:10+02:00\" class=\"wp-block-latest-posts__post-date\">16 octobre 2025<\/time><\/li>\n<li><div class=\"wp-block-latest-posts__featured-image\"><img loading=\"lazy\" decoding=\"async\" width=\"300\" height=\"251\" src=\"https:\/\/www.lebreuilbourgogne.fr\/wp-content\/uploads\/2024\/08\/arrete-modele-simple-300x251.jpg\" class=\"attachment-medium size-medium wp-post-image\" alt=\"\" style=\"\" srcset=\"https:\/\/www.lebreuilbourgogne.fr\/wp-content\/uploads\/2024\/08\/arrete-modele-simple-300x251.jpg 300w, https:\/\/www.lebreuilbourgogne.fr\/wp-content\/uploads\/2024\/08\/arrete-modele-simple-1024x858.jpg 1024w, https:\/\/www.lebreuilbourgogne.fr\/wp-content\/uploads\/2024\/08\/arrete-modele-simple-768x644.jpg 768w, https:\/\/www.lebreuilbourgogne.fr\/wp-content\/uploads\/2024\/08\/arrete-modele-simple-1536x1287.jpg 1536w, https:\/\/www.lebreuilbourgogne.fr\/wp-content\/uploads\/2024\/08\/arrete-modele-simple-2048x1717.jpg 2048w\" sizes=\"auto, (max-width: 300px) 100vw, 300px\" \/><\/div><a class=\"wp-block-latest-posts__post-title\" href=\"https:\/\/www.lebreuilbourgogne.fr\/index.php\/2025\/10\/16\/arrete-temporaire-rue-du-creusot-d-290\/\">ARRETE TEMPORAIRE &#8211; RUE DU CREUSOT &#8211; D 290<\/a><time datetime=\"2025-10-16T15:23:29+02:00\" class=\"wp-block-latest-posts__post-date\">16 octobre 2025<\/time><\/li>\n<li><div class=\"wp-block-latest-posts__featured-image\"><img loading=\"lazy\" decoding=\"async\" width=\"300\" height=\"251\" src=\"https:\/\/www.lebreuilbourgogne.fr\/wp-content\/uploads\/2024\/08\/arrete-modele-simple-300x251.jpg\" class=\"attachment-medium size-medium wp-post-image\" alt=\"\" style=\"\" srcset=\"https:\/\/www.lebreuilbourgogne.fr\/wp-content\/uploads\/2024\/08\/arrete-modele-simple-300x251.jpg 300w, https:\/\/www.lebreuilbourgogne.fr\/wp-content\/uploads\/2024\/08\/arrete-modele-simple-1024x858.jpg 1024w, https:\/\/www.lebreuilbourgogne.fr\/wp-content\/uploads\/2024\/08\/arrete-modele-simple-768x644.jpg 768w, https:\/\/www.lebreuilbourgogne.fr\/wp-content\/uploads\/2024\/08\/arrete-modele-simple-1536x1287.jpg 1536w, https:\/\/www.lebreuilbourgogne.fr\/wp-content\/uploads\/2024\/08\/arrete-modele-simple-2048x1717.jpg 2048w\" sizes=\"auto, (max-width: 300px) 100vw, 300px\" \/><\/div><a class=\"wp-block-latest-posts__post-title\" href=\"https:\/\/www.lebreuilbourgogne.fr\/index.php\/2025\/10\/13\/arrete-temporaire-9-route-du-mesvrin\/\">ARRETE TEMPORAIRE &#8211; 9 ROUTE DU MESVRIN<\/a><time datetime=\"2025-10-13T17:30:21+02:00\" class=\"wp-block-latest-posts__post-date\">13 octobre 2025<\/time><\/li>\n<li><div class=\"wp-block-latest-posts__featured-image\"><img loading=\"lazy\" decoding=\"async\" width=\"300\" height=\"251\" src=\"https:\/\/www.lebreuilbourgogne.fr\/wp-content\/uploads\/2024\/08\/arrete-modele-simple-300x251.jpg\" class=\"attachment-medium size-medium wp-post-image\" alt=\"\" style=\"\" srcset=\"https:\/\/www.lebreuilbourgogne.fr\/wp-content\/uploads\/2024\/08\/arrete-modele-simple-300x251.jpg 300w, https:\/\/www.lebreuilbourgogne.fr\/wp-content\/uploads\/2024\/08\/arrete-modele-simple-1024x858.jpg 1024w, https:\/\/www.lebreuilbourgogne.fr\/wp-content\/uploads\/2024\/08\/arrete-modele-simple-768x644.jpg 768w, https:\/\/www.lebreuilbourgogne.fr\/wp-content\/uploads\/2024\/08\/arrete-modele-simple-1536x1287.jpg 1536w, https:\/\/www.lebreuilbourgogne.fr\/wp-content\/uploads\/2024\/08\/arrete-modele-simple-2048x1717.jpg 2048w\" sizes=\"auto, (max-width: 300px) 100vw, 300px\" \/><\/div><a class=\"wp-block-latest-posts__post-title\" href=\"https:\/\/www.lebreuilbourgogne.fr\/index.php\/2025\/10\/13\/arretes-temporaires-route-du-bois-de-lauverne-et-rue-de-montcoy\/\">ARRETES TEMPORAIRES &#8211; ROUTE DU BOIS DE LAUVERNE ET RUE DE MONTCOY<\/a><time datetime=\"2025-10-13T17:29:43+02:00\" class=\"wp-block-latest-posts__post-date\">13 octobre 2025<\/time><\/li>\n<li><div class=\"wp-block-latest-posts__featured-image\"><img loading=\"lazy\" decoding=\"async\" width=\"300\" height=\"251\" src=\"https:\/\/www.lebreuilbourgogne.fr\/wp-content\/uploads\/2024\/02\/arrete-modele-300x251.jpg\" class=\"attachment-medium size-medium wp-post-image\" alt=\"\" style=\"\" srcset=\"https:\/\/www.lebreuilbourgogne.fr\/wp-content\/uploads\/2024\/02\/arrete-modele-300x251.jpg 300w, https:\/\/www.lebreuilbourgogne.fr\/wp-content\/uploads\/2024\/02\/arrete-modele-1024x858.jpg 1024w, https:\/\/www.lebreuilbourgogne.fr\/wp-content\/uploads\/2024\/02\/arrete-modele-768x644.jpg 768w, https:\/\/www.lebreuilbourgogne.fr\/wp-content\/uploads\/2024\/02\/arrete-modele-1536x1287.jpg 1536w, https:\/\/www.lebreuilbourgogne.fr\/wp-content\/uploads\/2024\/02\/arrete-modele-2048x1717.jpg 2048w\" sizes=\"auto, (max-width: 300px) 100vw, 300px\" \/><\/div><a class=\"wp-block-latest-posts__post-title\" href=\"https:\/\/www.lebreuilbourgogne.fr\/index.php\/2025\/10\/13\/arrete-montvaltin\/\">Arr\u00eat\u00e9 Montvaltin<\/a><time datetime=\"2025-10-13T17:28:55+02:00\" class=\"wp-block-latest-posts__post-date\">13 octobre 2025<\/time><\/li>\n<li><div class=\"wp-block-latest-posts__featured-image\"><img loading=\"lazy\" decoding=\"async\" width=\"300\" height=\"251\" src=\"https:\/\/www.lebreuilbourgogne.fr\/wp-content\/uploads\/2024\/08\/arrete-modele-simple-300x251.jpg\" class=\"attachment-medium size-medium wp-post-image\" alt=\"\" style=\"\" srcset=\"https:\/\/www.lebreuilbourgogne.fr\/wp-content\/uploads\/2024\/08\/arrete-modele-simple-300x251.jpg 300w, https:\/\/www.lebreuilbourgogne.fr\/wp-content\/uploads\/2024\/08\/arrete-modele-simple-1024x858.jpg 1024w, https:\/\/www.lebreuilbourgogne.fr\/wp-content\/uploads\/2024\/08\/arrete-modele-simple-768x644.jpg 768w, https:\/\/www.lebreuilbourgogne.fr\/wp-content\/uploads\/2024\/08\/arrete-modele-simple-1536x1287.jpg 1536w, https:\/\/www.lebreuilbourgogne.fr\/wp-content\/uploads\/2024\/08\/arrete-modele-simple-2048x1717.jpg 2048w\" sizes=\"auto, (max-width: 300px) 100vw, 300px\" \/><\/div><a class=\"wp-block-latest-posts__post-title\" href=\"https:\/\/www.lebreuilbourgogne.fr\/index.php\/2025\/10\/09\/arrete-temporaire-les-lavriots\/\">Arr\u00eat\u00e9 Temporaire &#8211; Les LAVRIOTS<\/a><time datetime=\"2025-10-09T09:39:38+02:00\" class=\"wp-block-latest-posts__post-date\">9 octobre 2025<\/time><\/li>\n<\/ul>\n\n\n<div style=\"height:80px\" aria-hidden=\"true\" class=\"wp-block-spacer\"><\/div>\n\n\n\n<h2 class=\"wp-block-heading alignwide has-ast-global-color-4-color has-ast-global-color-1-background-color has-text-color has-background\">aRR\u00eat\u00e9s  du Maire<\/h2>\n\n\n\n<div class=\"wp-block-file\"><a id=\"wp-block-file--media-ec0c2594-d681-4bb0-906b-beef94ad101f\" href=\"https:\/\/www.lebreuilbourgogne.fr\/wp-content\/uploads\/2025\/05\/CHIEN-CATEGORIE-2-1.pdf\">CHIEN CATEGORIE 2<\/a><a href=\"https:\/\/www.lebreuilbourgogne.fr\/wp-content\/uploads\/2025\/05\/CHIEN-CATEGORIE-2-1.pdf\" class=\"wp-block-file__button wp-element-button\" download aria-describedby=\"wp-block-file--media-ec0c2594-d681-4bb0-906b-beef94ad101f\">T\u00e9l\u00e9charger<\/a><\/div>\n\n\n\n<div class=\"wp-block-file\"><a id=\"wp-block-file--media-de015ab5-83b8-4499-aa1f-694c7bbd54e9\" href=\"https:\/\/www.lebreuilbourgogne.fr\/wp-content\/uploads\/2025\/07\/PDV-LES-MARCAUDES.pdf\">PDV LES MARCAUDES<\/a><a href=\"https:\/\/www.lebreuilbourgogne.fr\/wp-content\/uploads\/2025\/07\/PDV-LES-MARCAUDES.pdf\" class=\"wp-block-file__button wp-element-button\" download aria-describedby=\"wp-block-file--media-de015ab5-83b8-4499-aa1f-694c7bbd54e9\">T\u00e9l\u00e9charger<\/a><\/div>\n\n\n\n<div class=\"wp-block-file\"><a id=\"wp-block-file--media-737dffd2-643a-465e-81b0-a2e1f025f1e2\" href=\"https:\/\/www.lebreuilbourgogne.fr\/wp-content\/uploads\/2025\/07\/VITESSE-LES-VERNIZYS.pdf\">VITESSE LES VERNIZYS<\/a><a href=\"https:\/\/www.lebreuilbourgogne.fr\/wp-content\/uploads\/2025\/07\/VITESSE-LES-VERNIZYS.pdf\" class=\"wp-block-file__button wp-element-button\" download aria-describedby=\"wp-block-file--media-737dffd2-643a-465e-81b0-a2e1f025f1e2\">T\u00e9l\u00e9charger<\/a><\/div>\n\n\n\n<div class=\"wp-block-file\"><a id=\"wp-block-file--media-f7341146-073b-4de9-9db3-5bd003be102b\" href=\"https:\/\/www.lebreuilbourgogne.fr\/wp-content\/uploads\/2025\/07\/VITESSE-LES-VOISOTTES.pdf\">VITESSE LES VOISOTTES<\/a><a href=\"https:\/\/www.lebreuilbourgogne.fr\/wp-content\/uploads\/2025\/07\/VITESSE-LES-VOISOTTES.pdf\" class=\"wp-block-file__button wp-element-button\" download aria-describedby=\"wp-block-file--media-f7341146-073b-4de9-9db3-5bd003be102b\">T\u00e9l\u00e9charger<\/a><\/div>\n","protected":false},"excerpt":{"rendered":"<p>Arr\u00eat\u00e9s Temporaires aRR\u00eat\u00e9s du Maire<\/p>\n","protected":false},"author":2,"featured_media":0,"parent":2337,"menu_order":0,"comment_status":"closed","ping_status":"closed","template":"","meta":{"_monsterinsights_skip_tracking":false,"_monsterinsights_sitenote_active":false,"_monsterinsights_sitenote_note":"","_monsterinsights_sitenote_category":0,"site-sidebar-layout":"default","site-content-layout":"","ast-site-content-layout":"default","site-content-style":"default","site-sidebar-style":"default","ast-global-header-display":"","ast-banner-title-visibility":"","ast-main-header-display":"","ast-hfb-above-header-display":"","ast-hfb-below-header-display":"","ast-hfb-mobile-header-display":"","site-post-title":"disabled","ast-breadcrumbs-content":"","ast-featured-img":"disabled","footer-sml-layout":"","theme-transparent-header-meta":"","adv-header-id-meta":"","stick-header-meta":"","header-above-stick-meta":"","header-main-stick-meta":"","header-below-stick-meta":"","astra-migrate-meta-layouts":"set","ast-page-background-enabled":"default","ast-page-background-meta":{"desktop":{"background-color":"var(--ast-global-color-4)","background-image":"","background-repeat":"repeat","background-position":"center center","background-size":"auto","background-attachment":"scroll","background-type":"","background-media":"","overlay-type":"","overlay-color":"","overlay-opacity":"","overlay-gradient":""},"tablet":{"background-color":"","background-image":"","background-repeat":"repeat","background-position":"center center","background-size":"auto","background-attachment":"scroll","background-type":"","background-media":"","overlay-type":"","overlay-color":"","overlay-opacity":"","overlay-gradient":""},"mobile":{"background-color":"","background-image":"","background-repeat":"repeat","background-position":"center center","background-size":"auto","background-attachment":"scroll","background-type":"","background-media":"","overlay-type":"","overlay-color":"","overlay-opacity":"","overlay-gradient":""}},"ast-content-background-meta":{"desktop":{"background-color":"var(--ast-global-color-5)","background-image":"","background-repeat":"repeat","background-position":"center center","background-size":"auto","background-attachment":"scroll","background-type":"","background-media":"","overlay-type":"","overlay-color":"","overlay-opacity":"","overlay-gradient":""},"tablet":{"background-color":"var(--ast-global-color-5)","background-image":"","background-repeat":"repeat","background-position":"center center","background-size":"auto","background-attachment":"scroll","background-type":"","background-media":"","overlay-type":"","overlay-color":"","overlay-opacity":"","overlay-gradient":""},"mobile":{"background-color":"var(--ast-global-color-5)","background-image":"","background-repeat":"repeat","background-position":"center center","background-size":"auto","background-attachment":"scroll","background-type":"","background-media":"","overlay-type":"","overlay-color":"","overlay-opacity":"","overlay-gradient":""}},"_EventAllDay":false,"_EventTimezone":"","_EventStartDate":"","_EventEndDate":"","_EventStartDateUTC":"","_EventEndDateUTC":"","_EventShowMap":false,"_EventShowMapLink":false,"_EventURL":"","_EventCost":"","_EventCostDescription":"","_EventCurrencySymbol":"","_EventCurrencyCode":"","_EventCurrencyPosition":"","_EventDateTimeSeparator":"","_EventTimeRangeSeparator":"","_EventOrganizerID":[],"_EventVenueID":[],"_OrganizerEmail":"","_OrganizerPhone":"","_OrganizerWebsite":"","_VenueAddress":"","_VenueCity":"","_VenueCountry":"","_VenueProvince":"","_VenueState":"","_VenueZip":"","_VenuePhone":"","_VenueURL":"","_VenueStateProvince":"","_VenueLat":"","_VenueLng":"","_VenueShowMap":false,"_VenueShowMapLink":false,"footnotes":""},"class_list":["post-2585","page","type-page","status-publish","hentry"],"_links":{"self":[{"href":"https:\/\/www.lebreuilbourgogne.fr\/index.php\/wp-json\/wp\/v2\/pages\/2585","targetHints":{"allow":["GET"]}}],"collection":[{"href":"https:\/\/www.lebreuilbourgogne.fr\/index.php\/wp-json\/wp\/v2\/pages"}],"about":[{"href":"https:\/\/www.lebreuilbourgogne.fr\/index.php\/wp-json\/wp\/v2\/types\/page"}],"author":[{"embeddable":true,"href":"https:\/\/www.lebreuilbourgogne.fr\/index.php\/wp-json\/wp\/v2\/users\/2"}],"replies":[{"embeddable":true,"href":"https:\/\/www.lebreuilbourgogne.fr\/index.php\/wp-json\/wp\/v2\/comments?post=2585"}],"version-history":[{"count":23,"href":"https:\/\/www.lebreuilbourgogne.fr\/index.php\/wp-json\/wp\/v2\/pages\/2585\/revisions"}],"predecessor-version":[{"id":6639,"href":"https:\/\/www.lebreuilbourgogne.fr\/index.php\/wp-json\/wp\/v2\/pages\/2585\/revisions\/6639"}],"up":[{"embeddable":true,"href":"https:\/\/www.lebreuilbourgogne.fr\/index.php\/wp-json\/wp\/v2\/pages\/2337"}],"wp:attachment":[{"href":"https:\/\/www.lebreuilbourgogne.fr\/index.php\/wp-json\/wp\/v2\/media?parent=2585"}],"curies":[{"name":"wp","href":"https:\/\/api.w.org\/{rel}","templated":true}]}}