{"id":2592,"date":"2023-07-03T14:35:01","date_gmt":"2023-07-03T12:35:01","guid":{"rendered":"http:\/\/www.lebreuilbourgogne.fr\/?page_id=2592"},"modified":"2024-12-10T16:10:13","modified_gmt":"2024-12-10T15:10:13","slug":"arretes-prefectoraux","status":"publish","type":"page","link":"https:\/\/www.lebreuilbourgogne.fr\/index.php\/ma-ville\/publications\/arretes-prefectoraux\/","title":{"rendered":"Arr\u00eat\u00e9s pr\u00e9fectoraux"},"content":{"rendered":"\n<div class=\"wp-block-cover alignfull is-light\"><span aria-hidden=\"true\" class=\"wp-block-cover__background has-background-dim\"><\/span><img loading=\"lazy\" decoding=\"async\" width=\"300\" height=\"225\" class=\"wp-block-cover__image-background wp-image-2593\" alt=\"\" src=\"http:\/\/www.lebreuilbourgogne.fr\/wp-content\/uploads\/2023\/07\/pref_devant-ca7c0.jpg\" data-object-fit=\"cover\"\/><div class=\"wp-block-cover__inner-container is-layout-flow wp-block-cover-is-layout-flow\">\n<p class=\"has-text-align-center\" style=\"font-size:47px;line-height:1.5;text-transform:uppercase\"><strong>Arr\u00eat\u00e9s pr\u00e9fectoraux <\/strong><\/p>\n<\/div><\/div>\n\n\n\n<div style=\"height:58px\" aria-hidden=\"true\" class=\"wp-block-spacer\"><\/div>\n\n\n<ul style=\"padding-top:0;padding-bottom:0;\" class=\"wp-block-latest-posts__list is-grid columns-3 has-dates wp-block-latest-posts has-text-color has-ast-global-color-1-color\"><li><div class=\"wp-block-latest-posts__featured-image\"><img loading=\"lazy\" decoding=\"async\" width=\"300\" height=\"188\" src=\"https:\/\/www.lebreuilbourgogne.fr\/wp-content\/uploads\/2023\/09\/Prefet_de_Saone-et-Loire.svg_-300x188.png\" class=\"attachment-medium size-medium wp-post-image\" alt=\"\" style=\"\" srcset=\"https:\/\/www.lebreuilbourgogne.fr\/wp-content\/uploads\/2023\/09\/Prefet_de_Saone-et-Loire.svg_-300x188.png 300w, https:\/\/www.lebreuilbourgogne.fr\/wp-content\/uploads\/2023\/09\/Prefet_de_Saone-et-Loire.svg_-1024x642.png 1024w, https:\/\/www.lebreuilbourgogne.fr\/wp-content\/uploads\/2023\/09\/Prefet_de_Saone-et-Loire.svg_-768x481.png 768w, https:\/\/www.lebreuilbourgogne.fr\/wp-content\/uploads\/2023\/09\/Prefet_de_Saone-et-Loire.svg_-1536x962.png 1536w, https:\/\/www.lebreuilbourgogne.fr\/wp-content\/uploads\/2023\/09\/Prefet_de_Saone-et-Loire.svg_-2048x1283.png 2048w\" sizes=\"auto, (max-width: 300px) 100vw, 300px\" \/><\/div><a class=\"wp-block-latest-posts__post-title\" href=\"https:\/\/www.lebreuilbourgogne.fr\/index.php\/2026\/02\/02\/arrete-dautorisation-de-penetrer-rte-ligne-souterraine-a-225-000-volts-feu-de-verse-henri-paul\/\">Arr\u00eate d&rsquo;autorisation de p\u00e9n\u00e9trer &#8211; RTE &#8211; ligne souterraine \u00e0 225 000 volts Feu de Verse &#8211; Henri Paul<\/a><time datetime=\"2026-02-02T11:04:56+01:00\" class=\"wp-block-latest-posts__post-date\">2 f\u00e9vrier 2026<\/time><\/li>\n<li><a class=\"wp-block-latest-posts__post-title\" href=\"https:\/\/www.lebreuilbourgogne.fr\/index.php\/2026\/01\/22\/calendrier-des-quetes-sur-la-voie-publique-au-titre-de-lannee-2026-avenant-1\/\">Calendrier des qu\u00eates sur la voie publique au titre de l&rsquo;ann\u00e9e 2026 &#8211; avenant 1<\/a><time datetime=\"2026-01-22T14:28:34+01:00\" class=\"wp-block-latest-posts__post-date\">22 janvier 2026<\/time><\/li>\n<li><div class=\"wp-block-latest-posts__featured-image\"><img loading=\"lazy\" decoding=\"async\" width=\"300\" height=\"188\" src=\"https:\/\/www.lebreuilbourgogne.fr\/wp-content\/uploads\/2023\/09\/Prefet_de_Saone-et-Loire.svg_-300x188.png\" class=\"attachment-medium size-medium wp-post-image\" alt=\"\" style=\"\" srcset=\"https:\/\/www.lebreuilbourgogne.fr\/wp-content\/uploads\/2023\/09\/Prefet_de_Saone-et-Loire.svg_-300x188.png 300w, https:\/\/www.lebreuilbourgogne.fr\/wp-content\/uploads\/2023\/09\/Prefet_de_Saone-et-Loire.svg_-1024x642.png 1024w, https:\/\/www.lebreuilbourgogne.fr\/wp-content\/uploads\/2023\/09\/Prefet_de_Saone-et-Loire.svg_-768x481.png 768w, https:\/\/www.lebreuilbourgogne.fr\/wp-content\/uploads\/2023\/09\/Prefet_de_Saone-et-Loire.svg_-1536x962.png 1536w, https:\/\/www.lebreuilbourgogne.fr\/wp-content\/uploads\/2023\/09\/Prefet_de_Saone-et-Loire.svg_-2048x1283.png 2048w\" sizes=\"auto, (max-width: 300px) 100vw, 300px\" \/><\/div><a class=\"wp-block-latest-posts__post-title\" href=\"https:\/\/www.lebreuilbourgogne.fr\/index.php\/2025\/12\/23\/arrete-part-communale-daccise-sur-lelectricite\/\">Arr\u00eat\u00e9 &#8211; Part communale d&rsquo;accise sur l&rsquo;\u00e9lectricit\u00e9<\/a><time datetime=\"2025-12-23T08:31:12+01:00\" class=\"wp-block-latest-posts__post-date\">23 d\u00e9cembre 2025<\/time><\/li>\n<li><div class=\"wp-block-latest-posts__featured-image\"><img loading=\"lazy\" decoding=\"async\" width=\"300\" height=\"188\" src=\"https:\/\/www.lebreuilbourgogne.fr\/wp-content\/uploads\/2023\/07\/Prefet_de_Saone-et-Loire.svg_-300x188.png\" class=\"attachment-medium size-medium wp-post-image\" alt=\"\" style=\"\" srcset=\"https:\/\/www.lebreuilbourgogne.fr\/wp-content\/uploads\/2023\/07\/Prefet_de_Saone-et-Loire.svg_-300x188.png 300w, https:\/\/www.lebreuilbourgogne.fr\/wp-content\/uploads\/2023\/07\/Prefet_de_Saone-et-Loire.svg_-1024x642.png 1024w, https:\/\/www.lebreuilbourgogne.fr\/wp-content\/uploads\/2023\/07\/Prefet_de_Saone-et-Loire.svg_-768x481.png 768w, https:\/\/www.lebreuilbourgogne.fr\/wp-content\/uploads\/2023\/07\/Prefet_de_Saone-et-Loire.svg_.png 1200w\" sizes=\"auto, (max-width: 300px) 100vw, 300px\" \/><\/div><a class=\"wp-block-latest-posts__post-title\" href=\"https:\/\/www.lebreuilbourgogne.fr\/index.php\/2025\/12\/22\/arrete-prefectoral-mesures-urgences-suite-visite-inspection-du-8-decembre-2025-incendie-du-27-11-2025-industeel-france\/\">arr\u00eat\u00e9 pr\u00e9fectoral mesures urgences suite visite inspection du 8 decembre 2025 &#8211; Incendie du 27\/11\/2025 &#8211; INDUSTEEL FRANCE<\/a><time datetime=\"2025-12-22T11:29:57+01:00\" class=\"wp-block-latest-posts__post-date\">22 d\u00e9cembre 2025<\/time><\/li>\n<li><div class=\"wp-block-latest-posts__featured-image\"><img loading=\"lazy\" decoding=\"async\" width=\"300\" height=\"188\" src=\"https:\/\/www.lebreuilbourgogne.fr\/wp-content\/uploads\/2023\/09\/Prefet_de_Saone-et-Loire.svg_-300x188.png\" class=\"attachment-medium size-medium wp-post-image\" alt=\"\" style=\"\" srcset=\"https:\/\/www.lebreuilbourgogne.fr\/wp-content\/uploads\/2023\/09\/Prefet_de_Saone-et-Loire.svg_-300x188.png 300w, https:\/\/www.lebreuilbourgogne.fr\/wp-content\/uploads\/2023\/09\/Prefet_de_Saone-et-Loire.svg_-1024x642.png 1024w, https:\/\/www.lebreuilbourgogne.fr\/wp-content\/uploads\/2023\/09\/Prefet_de_Saone-et-Loire.svg_-768x481.png 768w, https:\/\/www.lebreuilbourgogne.fr\/wp-content\/uploads\/2023\/09\/Prefet_de_Saone-et-Loire.svg_-1536x962.png 1536w, https:\/\/www.lebreuilbourgogne.fr\/wp-content\/uploads\/2023\/09\/Prefet_de_Saone-et-Loire.svg_-2048x1283.png 2048w\" sizes=\"auto, (max-width: 300px) 100vw, 300px\" \/><\/div><a class=\"wp-block-latest-posts__post-title\" href=\"https:\/\/www.lebreuilbourgogne.fr\/index.php\/2025\/11\/28\/installations-photovoltaiques-arrete-prefectoral-etablissant-le-document-cadre\/\">Installations photovolta\u00efques &#8211; arr\u00eat\u00e9 pr\u00e9fectoral \u00e9tablissant le document cadre<\/a><time datetime=\"2025-11-28T08:43:55+01:00\" class=\"wp-block-latest-posts__post-date\">28 novembre 2025<\/time><\/li>\n<li><div class=\"wp-block-latest-posts__featured-image\"><img loading=\"lazy\" decoding=\"async\" width=\"300\" height=\"188\" src=\"https:\/\/www.lebreuilbourgogne.fr\/wp-content\/uploads\/2023\/07\/Prefet_de_Saone-et-Loire.svg_-300x188.png\" class=\"attachment-medium size-medium wp-post-image\" alt=\"\" style=\"\" srcset=\"https:\/\/www.lebreuilbourgogne.fr\/wp-content\/uploads\/2023\/07\/Prefet_de_Saone-et-Loire.svg_-300x188.png 300w, https:\/\/www.lebreuilbourgogne.fr\/wp-content\/uploads\/2023\/07\/Prefet_de_Saone-et-Loire.svg_-1024x642.png 1024w, https:\/\/www.lebreuilbourgogne.fr\/wp-content\/uploads\/2023\/07\/Prefet_de_Saone-et-Loire.svg_-768x481.png 768w, https:\/\/www.lebreuilbourgogne.fr\/wp-content\/uploads\/2023\/07\/Prefet_de_Saone-et-Loire.svg_.png 1200w\" sizes=\"auto, (max-width: 300px) 100vw, 300px\" \/><\/div><a class=\"wp-block-latest-posts__post-title\" href=\"https:\/\/www.lebreuilbourgogne.fr\/index.php\/2025\/11\/13\/nomination-des-lieutenants-de-louveterie-2025-2029\/\">Nomination des lieutenants de louveterie 2025-2029<\/a><time datetime=\"2025-11-13T11:18:31+01:00\" class=\"wp-block-latest-posts__post-date\">13 novembre 2025<\/time><\/li>\n<li><div class=\"wp-block-latest-posts__featured-image\"><img loading=\"lazy\" decoding=\"async\" width=\"300\" height=\"188\" src=\"https:\/\/www.lebreuilbourgogne.fr\/wp-content\/uploads\/2023\/09\/Prefet_de_Saone-et-Loire.svg_-300x188.png\" class=\"attachment-medium size-medium wp-post-image\" alt=\"\" style=\"\" srcset=\"https:\/\/www.lebreuilbourgogne.fr\/wp-content\/uploads\/2023\/09\/Prefet_de_Saone-et-Loire.svg_-300x188.png 300w, https:\/\/www.lebreuilbourgogne.fr\/wp-content\/uploads\/2023\/09\/Prefet_de_Saone-et-Loire.svg_-1024x642.png 1024w, https:\/\/www.lebreuilbourgogne.fr\/wp-content\/uploads\/2023\/09\/Prefet_de_Saone-et-Loire.svg_-768x481.png 768w, https:\/\/www.lebreuilbourgogne.fr\/wp-content\/uploads\/2023\/09\/Prefet_de_Saone-et-Loire.svg_-1536x962.png 1536w, https:\/\/www.lebreuilbourgogne.fr\/wp-content\/uploads\/2023\/09\/Prefet_de_Saone-et-Loire.svg_-2048x1283.png 2048w\" sizes=\"auto, (max-width: 300px) 100vw, 300px\" \/><\/div><a class=\"wp-block-latest-posts__post-title\" href=\"https:\/\/www.lebreuilbourgogne.fr\/index.php\/2025\/11\/07\/arrete-dinterdiction-de-rassemblements-festifs-a-caractere-musical-07-novembre-2025-a-18h00-au-10-novembre-2025-a-08h00\/\">Arr\u00eat\u00e9 d&rsquo;interdiction de rassemblements festifs \u00e0 caract\u00e8re musical &#8211; 07 novembre 2025 \u00e0 18h00 au 10 novembre 2025 \u00e0 08h00<\/a><time datetime=\"2025-11-07T10:09:49+01:00\" class=\"wp-block-latest-posts__post-date\">7 novembre 2025<\/time><\/li>\n<li><div class=\"wp-block-latest-posts__featured-image\"><img loading=\"lazy\" decoding=\"async\" width=\"300\" height=\"188\" src=\"https:\/\/www.lebreuilbourgogne.fr\/wp-content\/uploads\/2023\/09\/Prefet_de_Saone-et-Loire.svg_-300x188.png\" class=\"attachment-medium size-medium wp-post-image\" alt=\"\" style=\"\" srcset=\"https:\/\/www.lebreuilbourgogne.fr\/wp-content\/uploads\/2023\/09\/Prefet_de_Saone-et-Loire.svg_-300x188.png 300w, https:\/\/www.lebreuilbourgogne.fr\/wp-content\/uploads\/2023\/09\/Prefet_de_Saone-et-Loire.svg_-1024x642.png 1024w, https:\/\/www.lebreuilbourgogne.fr\/wp-content\/uploads\/2023\/09\/Prefet_de_Saone-et-Loire.svg_-768x481.png 768w, https:\/\/www.lebreuilbourgogne.fr\/wp-content\/uploads\/2023\/09\/Prefet_de_Saone-et-Loire.svg_-1536x962.png 1536w, https:\/\/www.lebreuilbourgogne.fr\/wp-content\/uploads\/2023\/09\/Prefet_de_Saone-et-Loire.svg_-2048x1283.png 2048w\" sizes=\"auto, (max-width: 300px) 100vw, 300px\" \/><\/div><a class=\"wp-block-latest-posts__post-title\" href=\"https:\/\/www.lebreuilbourgogne.fr\/index.php\/2025\/10\/31\/arretes-portant-reglementation-temporaire-de-lachat-vente-transport-dartifices-et-carburants-halloween-2025\/\">Arr\u00eat\u00e9s portant r\u00e9glementation temporaire de l&rsquo;achat vente transport d&rsquo;artifices et carburants &#8211; Halloween 2025<\/a><time datetime=\"2025-10-31T08:23:33+01:00\" class=\"wp-block-latest-posts__post-date\">31 octobre 2025<\/time><\/li>\n<li><div class=\"wp-block-latest-posts__featured-image\"><img loading=\"lazy\" decoding=\"async\" width=\"300\" height=\"188\" src=\"https:\/\/www.lebreuilbourgogne.fr\/wp-content\/uploads\/2023\/07\/Prefet_de_Saone-et-Loire.svg_-300x188.png\" class=\"attachment-medium size-medium wp-post-image\" alt=\"\" style=\"\" srcset=\"https:\/\/www.lebreuilbourgogne.fr\/wp-content\/uploads\/2023\/07\/Prefet_de_Saone-et-Loire.svg_-300x188.png 300w, https:\/\/www.lebreuilbourgogne.fr\/wp-content\/uploads\/2023\/07\/Prefet_de_Saone-et-Loire.svg_-1024x642.png 1024w, https:\/\/www.lebreuilbourgogne.fr\/wp-content\/uploads\/2023\/07\/Prefet_de_Saone-et-Loire.svg_-768x481.png 768w, https:\/\/www.lebreuilbourgogne.fr\/wp-content\/uploads\/2023\/07\/Prefet_de_Saone-et-Loire.svg_.png 1200w\" sizes=\"auto, (max-width: 300px) 100vw, 300px\" \/><\/div><a class=\"wp-block-latest-posts__post-title\" href=\"https:\/\/www.lebreuilbourgogne.fr\/index.php\/2025\/10\/30\/arretes-interdictions-weekend-halloween\/\">Arr\u00eat\u00e9s interdictions &#8211; weekend Halloween<\/a><time datetime=\"2025-10-30T17:02:17+01:00\" class=\"wp-block-latest-posts__post-date\">30 octobre 2025<\/time><\/li>\n<li><div class=\"wp-block-latest-posts__featured-image\"><img loading=\"lazy\" decoding=\"async\" width=\"300\" height=\"188\" src=\"https:\/\/www.lebreuilbourgogne.fr\/wp-content\/uploads\/2023\/09\/Prefet_de_Saone-et-Loire.svg_-300x188.png\" class=\"attachment-medium size-medium wp-post-image\" alt=\"\" style=\"\" srcset=\"https:\/\/www.lebreuilbourgogne.fr\/wp-content\/uploads\/2023\/09\/Prefet_de_Saone-et-Loire.svg_-300x188.png 300w, https:\/\/www.lebreuilbourgogne.fr\/wp-content\/uploads\/2023\/09\/Prefet_de_Saone-et-Loire.svg_-1024x642.png 1024w, https:\/\/www.lebreuilbourgogne.fr\/wp-content\/uploads\/2023\/09\/Prefet_de_Saone-et-Loire.svg_-768x481.png 768w, https:\/\/www.lebreuilbourgogne.fr\/wp-content\/uploads\/2023\/09\/Prefet_de_Saone-et-Loire.svg_-1536x962.png 1536w, https:\/\/www.lebreuilbourgogne.fr\/wp-content\/uploads\/2023\/09\/Prefet_de_Saone-et-Loire.svg_-2048x1283.png 2048w\" sizes=\"auto, (max-width: 300px) 100vw, 300px\" \/><\/div><a class=\"wp-block-latest-posts__post-title\" href=\"https:\/\/www.lebreuilbourgogne.fr\/index.php\/2025\/10\/24\/arrete-dinterdiction-de-rassemblements-festifs-a-caractere-musical-24-octobre-2025-a-18h00-au-27-octobre-2025-a-08h00\/\">Arr\u00eat\u00e9 d&rsquo;interdiction de rassemblements festifs \u00e0 caract\u00e8re musical &#8211; 24 octobre 2025 \u00e0 18h00 au 27 octobre 2025 \u00e0 08h00<\/a><time datetime=\"2025-10-24T11:03:22+02:00\" class=\"wp-block-latest-posts__post-date\">24 octobre 2025<\/time><\/li>\n<li><div class=\"wp-block-latest-posts__featured-image\"><img loading=\"lazy\" decoding=\"async\" width=\"300\" height=\"188\" src=\"https:\/\/www.lebreuilbourgogne.fr\/wp-content\/uploads\/2023\/09\/Prefet_de_Saone-et-Loire.svg_-300x188.png\" class=\"attachment-medium size-medium wp-post-image\" alt=\"\" style=\"\" srcset=\"https:\/\/www.lebreuilbourgogne.fr\/wp-content\/uploads\/2023\/09\/Prefet_de_Saone-et-Loire.svg_-300x188.png 300w, https:\/\/www.lebreuilbourgogne.fr\/wp-content\/uploads\/2023\/09\/Prefet_de_Saone-et-Loire.svg_-1024x642.png 1024w, https:\/\/www.lebreuilbourgogne.fr\/wp-content\/uploads\/2023\/09\/Prefet_de_Saone-et-Loire.svg_-768x481.png 768w, https:\/\/www.lebreuilbourgogne.fr\/wp-content\/uploads\/2023\/09\/Prefet_de_Saone-et-Loire.svg_-1536x962.png 1536w, https:\/\/www.lebreuilbourgogne.fr\/wp-content\/uploads\/2023\/09\/Prefet_de_Saone-et-Loire.svg_-2048x1283.png 2048w\" sizes=\"auto, (max-width: 300px) 100vw, 300px\" \/><\/div><a class=\"wp-block-latest-posts__post-title\" href=\"https:\/\/www.lebreuilbourgogne.fr\/index.php\/2025\/10\/24\/iahp-niveau-de-risque-eleve\/\">IAHP \u2013 niveau de risque \u00ab\u00a0\u00e9lev\u00e9\u00a0\u00bb<\/a><time datetime=\"2025-10-24T08:48:52+02:00\" class=\"wp-block-latest-posts__post-date\">24 octobre 2025<\/time><\/li>\n<li><div class=\"wp-block-latest-posts__featured-image\"><img loading=\"lazy\" decoding=\"async\" width=\"300\" height=\"188\" src=\"https:\/\/www.lebreuilbourgogne.fr\/wp-content\/uploads\/2023\/09\/Prefet_de_Saone-et-Loire.svg_-300x188.png\" class=\"attachment-medium size-medium wp-post-image\" alt=\"\" style=\"\" srcset=\"https:\/\/www.lebreuilbourgogne.fr\/wp-content\/uploads\/2023\/09\/Prefet_de_Saone-et-Loire.svg_-300x188.png 300w, https:\/\/www.lebreuilbourgogne.fr\/wp-content\/uploads\/2023\/09\/Prefet_de_Saone-et-Loire.svg_-1024x642.png 1024w, https:\/\/www.lebreuilbourgogne.fr\/wp-content\/uploads\/2023\/09\/Prefet_de_Saone-et-Loire.svg_-768x481.png 768w, https:\/\/www.lebreuilbourgogne.fr\/wp-content\/uploads\/2023\/09\/Prefet_de_Saone-et-Loire.svg_-1536x962.png 1536w, https:\/\/www.lebreuilbourgogne.fr\/wp-content\/uploads\/2023\/09\/Prefet_de_Saone-et-Loire.svg_-2048x1283.png 2048w\" sizes=\"auto, (max-width: 300px) 100vw, 300px\" \/><\/div><a class=\"wp-block-latest-posts__post-title\" href=\"https:\/\/www.lebreuilbourgogne.fr\/index.php\/2025\/10\/23\/cucm-arrete-prefectoral-portant-composition-du-conseil-communautaire-2026\/\">CUCM &#8211; Arr\u00eat\u00e9 pr\u00e9fectoral portant composition du conseil communautaire 2026<\/a><time datetime=\"2025-10-23T09:19:17+02:00\" class=\"wp-block-latest-posts__post-date\">23 octobre 2025<\/time><\/li>\n<li><div class=\"wp-block-latest-posts__featured-image\"><img loading=\"lazy\" decoding=\"async\" width=\"300\" height=\"188\" src=\"https:\/\/www.lebreuilbourgogne.fr\/wp-content\/uploads\/2023\/07\/Prefet_de_Saone-et-Loire.svg_-300x188.png\" class=\"attachment-medium size-medium wp-post-image\" alt=\"\" style=\"\" srcset=\"https:\/\/www.lebreuilbourgogne.fr\/wp-content\/uploads\/2023\/07\/Prefet_de_Saone-et-Loire.svg_-300x188.png 300w, https:\/\/www.lebreuilbourgogne.fr\/wp-content\/uploads\/2023\/07\/Prefet_de_Saone-et-Loire.svg_-1024x642.png 1024w, https:\/\/www.lebreuilbourgogne.fr\/wp-content\/uploads\/2023\/07\/Prefet_de_Saone-et-Loire.svg_-768x481.png 768w, https:\/\/www.lebreuilbourgogne.fr\/wp-content\/uploads\/2023\/07\/Prefet_de_Saone-et-Loire.svg_.png 1200w\" sizes=\"auto, (max-width: 300px) 100vw, 300px\" \/><\/div><a class=\"wp-block-latest-posts__post-title\" href=\"https:\/\/www.lebreuilbourgogne.fr\/index.php\/2025\/10\/17\/arrete-dinterdiction-de-rassemblement-festif-a-caractere-musical-17-au-20-octobre-2025\/\">Arr\u00eat\u00e9 d&rsquo;interdiction de rassemblement festif \u00e0 caract\u00e8re musical &#8211; 17 au 20 octobre 2025<\/a><time datetime=\"2025-10-17T11:25:15+02:00\" class=\"wp-block-latest-posts__post-date\">17 octobre 2025<\/time><\/li>\n<li><div class=\"wp-block-latest-posts__featured-image\"><img loading=\"lazy\" decoding=\"async\" width=\"300\" height=\"188\" src=\"https:\/\/www.lebreuilbourgogne.fr\/wp-content\/uploads\/2023\/07\/Prefet_de_Saone-et-Loire.svg_-300x188.png\" class=\"attachment-medium size-medium wp-post-image\" alt=\"\" style=\"\" srcset=\"https:\/\/www.lebreuilbourgogne.fr\/wp-content\/uploads\/2023\/07\/Prefet_de_Saone-et-Loire.svg_-300x188.png 300w, https:\/\/www.lebreuilbourgogne.fr\/wp-content\/uploads\/2023\/07\/Prefet_de_Saone-et-Loire.svg_-1024x642.png 1024w, https:\/\/www.lebreuilbourgogne.fr\/wp-content\/uploads\/2023\/07\/Prefet_de_Saone-et-Loire.svg_-768x481.png 768w, https:\/\/www.lebreuilbourgogne.fr\/wp-content\/uploads\/2023\/07\/Prefet_de_Saone-et-Loire.svg_.png 1200w\" sizes=\"auto, (max-width: 300px) 100vw, 300px\" \/><\/div><a class=\"wp-block-latest-posts__post-title\" href=\"https:\/\/www.lebreuilbourgogne.fr\/index.php\/2025\/10\/17\/arrete-portant-interdiction-de-rassemblements-de-bovins-expositions-concours-rassemblement-danimaux-des-especes-bovines-dans-le-departement-de-saone-et-loire\/\">Arr\u00eat\u00e9 portant interdiction de rassemblements de bovins (expositions, concours, rassemblement d&rsquo;animaux des esp\u00e8ces bovines) dans le d\u00e9partement de Sa\u00f4ne-et-Loire<\/a><time datetime=\"2025-10-17T08:26:48+02:00\" class=\"wp-block-latest-posts__post-date\">17 octobre 2025<\/time><\/li>\n<li><div class=\"wp-block-latest-posts__featured-image\"><img loading=\"lazy\" decoding=\"async\" width=\"300\" height=\"188\" src=\"https:\/\/www.lebreuilbourgogne.fr\/wp-content\/uploads\/2023\/09\/Prefet_de_Saone-et-Loire.svg_-300x188.png\" class=\"attachment-medium size-medium wp-post-image\" alt=\"\" style=\"\" srcset=\"https:\/\/www.lebreuilbourgogne.fr\/wp-content\/uploads\/2023\/09\/Prefet_de_Saone-et-Loire.svg_-300x188.png 300w, https:\/\/www.lebreuilbourgogne.fr\/wp-content\/uploads\/2023\/09\/Prefet_de_Saone-et-Loire.svg_-1024x642.png 1024w, https:\/\/www.lebreuilbourgogne.fr\/wp-content\/uploads\/2023\/09\/Prefet_de_Saone-et-Loire.svg_-768x481.png 768w, https:\/\/www.lebreuilbourgogne.fr\/wp-content\/uploads\/2023\/09\/Prefet_de_Saone-et-Loire.svg_-1536x962.png 1536w, https:\/\/www.lebreuilbourgogne.fr\/wp-content\/uploads\/2023\/09\/Prefet_de_Saone-et-Loire.svg_-2048x1283.png 2048w\" sizes=\"auto, (max-width: 300px) 100vw, 300px\" \/><\/div><a class=\"wp-block-latest-posts__post-title\" href=\"https:\/\/www.lebreuilbourgogne.fr\/index.php\/2025\/09\/30\/arretes-prefectoraux-portant-diverses-restrictions-pour-le-2-octobre-2025-artifices-carburants\/\">Arr\u00eat\u00e9s pr\u00e9fectoraux portant diverses restrictions pour le 2 octobre 2025 (artifices, carburants)<\/a><time datetime=\"2025-09-30T17:17:24+02:00\" class=\"wp-block-latest-posts__post-date\">30 septembre 2025<\/time><\/li>\n<li><div class=\"wp-block-latest-posts__featured-image\"><img loading=\"lazy\" decoding=\"async\" width=\"300\" height=\"188\" src=\"https:\/\/www.lebreuilbourgogne.fr\/wp-content\/uploads\/2023\/09\/Prefet_de_Saone-et-Loire.svg_-300x188.png\" class=\"attachment-medium size-medium wp-post-image\" alt=\"\" style=\"\" srcset=\"https:\/\/www.lebreuilbourgogne.fr\/wp-content\/uploads\/2023\/09\/Prefet_de_Saone-et-Loire.svg_-300x188.png 300w, https:\/\/www.lebreuilbourgogne.fr\/wp-content\/uploads\/2023\/09\/Prefet_de_Saone-et-Loire.svg_-1024x642.png 1024w, https:\/\/www.lebreuilbourgogne.fr\/wp-content\/uploads\/2023\/09\/Prefet_de_Saone-et-Loire.svg_-768x481.png 768w, https:\/\/www.lebreuilbourgogne.fr\/wp-content\/uploads\/2023\/09\/Prefet_de_Saone-et-Loire.svg_-1536x962.png 1536w, https:\/\/www.lebreuilbourgogne.fr\/wp-content\/uploads\/2023\/09\/Prefet_de_Saone-et-Loire.svg_-2048x1283.png 2048w\" sizes=\"auto, (max-width: 300px) 100vw, 300px\" \/><\/div><a class=\"wp-block-latest-posts__post-title\" href=\"https:\/\/www.lebreuilbourgogne.fr\/index.php\/2025\/09\/18\/arrete-interdiction-festival-black-metal\/\">arr\u00eat\u00e9 interdiction festival Black M\u00e9tal<\/a><time datetime=\"2025-09-18T09:37:24+02:00\" class=\"wp-block-latest-posts__post-date\">18 septembre 2025<\/time><\/li>\n<li><div class=\"wp-block-latest-posts__featured-image\"><img loading=\"lazy\" decoding=\"async\" width=\"300\" height=\"188\" src=\"https:\/\/www.lebreuilbourgogne.fr\/wp-content\/uploads\/2023\/07\/Prefet_de_Saone-et-Loire.svg_-300x188.png\" class=\"attachment-medium size-medium wp-post-image\" alt=\"\" style=\"\" srcset=\"https:\/\/www.lebreuilbourgogne.fr\/wp-content\/uploads\/2023\/07\/Prefet_de_Saone-et-Loire.svg_-300x188.png 300w, https:\/\/www.lebreuilbourgogne.fr\/wp-content\/uploads\/2023\/07\/Prefet_de_Saone-et-Loire.svg_-1024x642.png 1024w, https:\/\/www.lebreuilbourgogne.fr\/wp-content\/uploads\/2023\/07\/Prefet_de_Saone-et-Loire.svg_-768x481.png 768w, https:\/\/www.lebreuilbourgogne.fr\/wp-content\/uploads\/2023\/07\/Prefet_de_Saone-et-Loire.svg_.png 1200w\" sizes=\"auto, (max-width: 300px) 100vw, 300px\" \/><\/div><a class=\"wp-block-latest-posts__post-title\" href=\"https:\/\/www.lebreuilbourgogne.fr\/index.php\/2025\/09\/18\/arretes-prefectoraux-portant-diverses-restrictions-pour-le-10-septembre-2025-artifices-carburant-2\/\">Arr\u00eat\u00e9s pr\u00e9fectoraux portant diverses restrictions pour le 10 septembre 2025 (artifices, carburant)<\/a><time datetime=\"2025-09-18T09:36:44+02:00\" class=\"wp-block-latest-posts__post-date\">18 septembre 2025<\/time><\/li>\n<li><div class=\"wp-block-latest-posts__featured-image\"><img loading=\"lazy\" decoding=\"async\" width=\"300\" height=\"188\" src=\"https:\/\/www.lebreuilbourgogne.fr\/wp-content\/uploads\/2023\/07\/Prefet_de_Saone-et-Loire.svg_-300x188.png\" class=\"attachment-medium size-medium wp-post-image\" alt=\"\" style=\"\" srcset=\"https:\/\/www.lebreuilbourgogne.fr\/wp-content\/uploads\/2023\/07\/Prefet_de_Saone-et-Loire.svg_-300x188.png 300w, https:\/\/www.lebreuilbourgogne.fr\/wp-content\/uploads\/2023\/07\/Prefet_de_Saone-et-Loire.svg_-1024x642.png 1024w, https:\/\/www.lebreuilbourgogne.fr\/wp-content\/uploads\/2023\/07\/Prefet_de_Saone-et-Loire.svg_-768x481.png 768w, https:\/\/www.lebreuilbourgogne.fr\/wp-content\/uploads\/2023\/07\/Prefet_de_Saone-et-Loire.svg_.png 1200w\" sizes=\"auto, (max-width: 300px) 100vw, 300px\" \/><\/div><a class=\"wp-block-latest-posts__post-title\" href=\"https:\/\/www.lebreuilbourgogne.fr\/index.php\/2025\/09\/10\/arretes-prefectoraux-portant-diverses-restrictions-pour-le-10-septembre-2025-artifices-carburant\/\">Arr\u00eat\u00e9s pr\u00e9fectoraux portant diverses restrictions pour le 10 septembre 2025 (artifices, carburant)<\/a><time datetime=\"2025-09-10T09:08:02+02:00\" class=\"wp-block-latest-posts__post-date\">10 septembre 2025<\/time><\/li>\n<li><div class=\"wp-block-latest-posts__featured-image\"><img loading=\"lazy\" decoding=\"async\" width=\"300\" height=\"188\" src=\"https:\/\/www.lebreuilbourgogne.fr\/wp-content\/uploads\/2023\/07\/Prefet_de_Saone-et-Loire.svg_-300x188.png\" class=\"attachment-medium size-medium wp-post-image\" alt=\"\" style=\"\" srcset=\"https:\/\/www.lebreuilbourgogne.fr\/wp-content\/uploads\/2023\/07\/Prefet_de_Saone-et-Loire.svg_-300x188.png 300w, https:\/\/www.lebreuilbourgogne.fr\/wp-content\/uploads\/2023\/07\/Prefet_de_Saone-et-Loire.svg_-1024x642.png 1024w, https:\/\/www.lebreuilbourgogne.fr\/wp-content\/uploads\/2023\/07\/Prefet_de_Saone-et-Loire.svg_-768x481.png 768w, https:\/\/www.lebreuilbourgogne.fr\/wp-content\/uploads\/2023\/07\/Prefet_de_Saone-et-Loire.svg_.png 1200w\" sizes=\"auto, (max-width: 300px) 100vw, 300px\" \/><\/div><a class=\"wp-block-latest-posts__post-title\" href=\"https:\/\/www.lebreuilbourgogne.fr\/index.php\/2025\/09\/04\/arrete-dcl-bre-2025-66-du-29-aout-2025-institution-des-bureaux-de-vote-pour-la-periode-du-1er-janvier-au-31-decembre-2026\/\">Arr\u00eat\u00e9 DCL-BRE-2025-66 du 29 ao\u00fbt 2025 &#8211; Institution des bureaux de vote pour la p\u00e9riode du 1er janvier au 31 d\u00e9cembre 2026<\/a><time datetime=\"2025-09-04T09:51:23+02:00\" class=\"wp-block-latest-posts__post-date\">4 septembre 2025<\/time><\/li>\n<li><div class=\"wp-block-latest-posts__featured-image\"><img loading=\"lazy\" decoding=\"async\" width=\"300\" height=\"188\" src=\"https:\/\/www.lebreuilbourgogne.fr\/wp-content\/uploads\/2023\/09\/Prefet_de_Saone-et-Loire.svg_-300x188.png\" class=\"attachment-medium size-medium wp-post-image\" alt=\"\" style=\"\" srcset=\"https:\/\/www.lebreuilbourgogne.fr\/wp-content\/uploads\/2023\/09\/Prefet_de_Saone-et-Loire.svg_-300x188.png 300w, https:\/\/www.lebreuilbourgogne.fr\/wp-content\/uploads\/2023\/09\/Prefet_de_Saone-et-Loire.svg_-1024x642.png 1024w, https:\/\/www.lebreuilbourgogne.fr\/wp-content\/uploads\/2023\/09\/Prefet_de_Saone-et-Loire.svg_-768x481.png 768w, https:\/\/www.lebreuilbourgogne.fr\/wp-content\/uploads\/2023\/09\/Prefet_de_Saone-et-Loire.svg_-1536x962.png 1536w, https:\/\/www.lebreuilbourgogne.fr\/wp-content\/uploads\/2023\/09\/Prefet_de_Saone-et-Loire.svg_-2048x1283.png 2048w\" sizes=\"auto, (max-width: 300px) 100vw, 300px\" \/><\/div><a class=\"wp-block-latest-posts__post-title\" href=\"https:\/\/www.lebreuilbourgogne.fr\/index.php\/2025\/09\/04\/arrete-prefectoral-de-restriction-des-usages-de-leau-du-3-septembre-2025\/\">Arr\u00eat\u00e9 pr\u00e9fectoral de restriction des usages de l&rsquo;eau du 3 septembre 2025<\/a><time datetime=\"2025-09-04T09:46:03+02:00\" class=\"wp-block-latest-posts__post-date\">4 septembre 2025<\/time><\/li>\n<\/ul>","protected":false},"excerpt":{"rendered":"","protected":false},"author":2,"featured_media":0,"parent":2337,"menu_order":2,"comment_status":"closed","ping_status":"closed","template":"","meta":{"_monsterinsights_skip_tracking":false,"_monsterinsights_sitenote_active":false,"_monsterinsights_sitenote_note":"","_monsterinsights_sitenote_category":0,"site-sidebar-layout":"default","site-content-layout":"","ast-site-content-layout":"default","site-content-style":"default","site-sidebar-style":"default","ast-global-header-display":"","ast-banner-title-visibility":"","ast-main-header-display":"","ast-hfb-above-header-display":"","ast-hfb-below-header-display":"","ast-hfb-mobile-header-display":"","site-post-title":"disabled","ast-breadcrumbs-content":"","ast-featured-img":"","footer-sml-layout":"","theme-transparent-header-meta":"","adv-header-id-meta":"","stick-header-meta":"","header-above-stick-meta":"","header-main-stick-meta":"","header-below-stick-meta":"","astra-migrate-meta-layouts":"set","ast-page-background-enabled":"default","ast-page-background-meta":{"desktop":{"background-color":"var(--ast-global-color-4)","background-image":"","background-repeat":"repeat","background-position":"center center","background-size":"auto","background-attachment":"scroll","background-type":"","background-media":"","overlay-type":"","overlay-color":"","overlay-opacity":"","overlay-gradient":""},"tablet":{"background-color":"","background-image":"","background-repeat":"repeat","background-position":"center center","background-size":"auto","background-attachment":"scroll","background-type":"","background-media":"","overlay-type":"","overlay-color":"","overlay-opacity":"","overlay-gradient":""},"mobile":{"background-color":"","background-image":"","background-repeat":"repeat","background-position":"center center","background-size":"auto","background-attachment":"scroll","background-type":"","background-media":"","overlay-type":"","overlay-color":"","overlay-opacity":"","overlay-gradient":""}},"ast-content-background-meta":{"desktop":{"background-color":"var(--ast-global-color-5)","background-image":"","background-repeat":"repeat","background-position":"center center","background-size":"auto","background-attachment":"scroll","background-type":"","background-media":"","overlay-type":"","overlay-color":"","overlay-opacity":"","overlay-gradient":""},"tablet":{"background-color":"var(--ast-global-color-5)","background-image":"","background-repeat":"repeat","background-position":"center center","background-size":"auto","background-attachment":"scroll","background-type":"","background-media":"","overlay-type":"","overlay-color":"","overlay-opacity":"","overlay-gradient":""},"mobile":{"background-color":"var(--ast-global-color-5)","background-image":"","background-repeat":"repeat","background-position":"center center","background-size":"auto","background-attachment":"scroll","background-type":"","background-media":"","overlay-type":"","overlay-color":"","overlay-opacity":"","overlay-gradient":""}},"_EventAllDay":false,"_EventTimezone":"","_EventStartDate":"","_EventEndDate":"","_EventStartDateUTC":"","_EventEndDateUTC":"","_EventShowMap":false,"_EventShowMapLink":false,"_EventURL":"","_EventCost":"","_EventCostDescription":"","_EventCurrencySymbol":"","_EventCurrencyCode":"","_EventCurrencyPosition":"","_EventDateTimeSeparator":"","_EventTimeRangeSeparator":"","_EventOrganizerID":[],"_EventVenueID":[],"_OrganizerEmail":"","_OrganizerPhone":"","_OrganizerWebsite":"","_VenueAddress":"","_VenueCity":"","_VenueCountry":"","_VenueProvince":"","_VenueState":"","_VenueZip":"","_VenuePhone":"","_VenueURL":"","_VenueStateProvince":"","_VenueLat":"","_VenueLng":"","_VenueShowMap":false,"_VenueShowMapLink":false,"footnotes":""},"class_list":["post-2592","page","type-page","status-publish","hentry"],"_links":{"self":[{"href":"https:\/\/www.lebreuilbourgogne.fr\/index.php\/wp-json\/wp\/v2\/pages\/2592","targetHints":{"allow":["GET"]}}],"collection":[{"href":"https:\/\/www.lebreuilbourgogne.fr\/index.php\/wp-json\/wp\/v2\/pages"}],"about":[{"href":"https:\/\/www.lebreuilbourgogne.fr\/index.php\/wp-json\/wp\/v2\/types\/page"}],"author":[{"embeddable":true,"href":"https:\/\/www.lebreuilbourgogne.fr\/index.php\/wp-json\/wp\/v2\/users\/2"}],"replies":[{"embeddable":true,"href":"https:\/\/www.lebreuilbourgogne.fr\/index.php\/wp-json\/wp\/v2\/comments?post=2592"}],"version-history":[{"count":13,"href":"https:\/\/www.lebreuilbourgogne.fr\/index.php\/wp-json\/wp\/v2\/pages\/2592\/revisions"}],"predecessor-version":[{"id":5697,"href":"https:\/\/www.lebreuilbourgogne.fr\/index.php\/wp-json\/wp\/v2\/pages\/2592\/revisions\/5697"}],"up":[{"embeddable":true,"href":"https:\/\/www.lebreuilbourgogne.fr\/index.php\/wp-json\/wp\/v2\/pages\/2337"}],"wp:attachment":[{"href":"https:\/\/www.lebreuilbourgogne.fr\/index.php\/wp-json\/wp\/v2\/media?parent=2592"}],"curies":[{"name":"wp","href":"https:\/\/api.w.org\/{rel}","templated":true}]}}