{"id":2669,"date":"2023-07-06T09:58:15","date_gmt":"2023-07-06T07:58:15","guid":{"rendered":"http:\/\/www.lebreuilbourgogne.fr\/?page_id=2669"},"modified":"2026-01-16T08:28:45","modified_gmt":"2026-01-16T07:28:45","slug":"salles-municipales","status":"publish","type":"page","link":"https:\/\/www.lebreuilbourgogne.fr\/index.php\/demarche\/salles-municipales\/","title":{"rendered":"Salles Municipales"},"content":{"rendered":"\n<div class=\"wp-block-cover alignfull is-light\" style=\"min-height:430px;aspect-ratio:unset;\"><img loading=\"lazy\" decoding=\"async\" width=\"348\" height=\"261\" class=\"wp-block-cover__image-background wp-image-2670\" alt=\"\" src=\"http:\/\/www.lebreuilbourgogne.fr\/wp-content\/uploads\/2023\/07\/morambeau2.jpg\" style=\"object-position:62% 53%\" data-object-fit=\"cover\" data-object-position=\"62% 53%\" srcset=\"https:\/\/www.lebreuilbourgogne.fr\/wp-content\/uploads\/2023\/07\/morambeau2.jpg 348w, https:\/\/www.lebreuilbourgogne.fr\/wp-content\/uploads\/2023\/07\/morambeau2-300x225.jpg 300w\" sizes=\"auto, (max-width: 348px) 100vw, 348px\" \/><span aria-hidden=\"true\" class=\"wp-block-cover__background has-background-dim\"><\/span><div class=\"wp-block-cover__inner-container is-layout-flow wp-block-cover-is-layout-flow\">\n<p class=\"has-text-align-center has-ast-global-color-4-color has-text-color has-link-color wp-elements-20818f6644525764a64ef988ef89229f\" style=\"font-size:58px;letter-spacing:-3px;line-height:1.3;text-transform:uppercase\"><strong>Salles Municipales<\/strong><\/p>\n<\/div><\/div>\n\n\n\n<div style=\"height:100px\" aria-hidden=\"true\" class=\"wp-block-spacer\"><\/div>\n\n\n\n<h2 class=\"wp-block-heading has-text-align-center has-ast-global-color-0-color has-text-color has-x-large-font-size\" style=\"text-transform:uppercase\">modalit\u00e9s<\/h2>\n\n\n\n<hr class=\"wp-block-separator has-alpha-channel-opacity\"\/>\n\n\n\n<div class=\"wp-block-columns is-layout-flex wp-container-core-columns-is-layout-28f84493 wp-block-columns-is-layout-flex\">\n<div class=\"wp-block-column is-layout-flow wp-block-column-is-layout-flow\">\n<h2 class=\"wp-block-heading has-text-align-center has-ast-global-color-4-color has-ast-global-color-1-background-color has-text-color has-background\" style=\"font-size:20px\">R\u00e9servation<\/h2>\n\n\n\n<p class=\"has-text-align-left\"><strong>Les r\u00e9servations des salles municipales se font \u00e0 la journ\u00e9e (de 8h00 \u00e0 8h00 le lendemain). A partir du deuxi\u00e8me jour, la location est \u00e0 demi-tarif. Si location de deux jours cons\u00e9cutifs, possibilit\u00e9 de r\u00e9server la demi-journ\u00e9e imm\u00e9diatement avant ou apr\u00e8s la location, au&nbsp; quart de tarif.<\/strong><\/p>\n\n\n\n<p class=\"has-text-align-left\"><strong>Les options de r\u00e9servation de salles peuvent se faire en mairie ou par t\u00e9l\u00e9phone<\/strong>.<\/p>\n\n\n\n<p class=\"has-text-align-left\">L&rsquo;option est maintenue une semaine. Pour valider la r\u00e9servation, merci de passer en mairie afin de remplir le formulaire de demande et verser un ch\u00e8que d&rsquo;arrhes de 20% de la somme totale \u00e0 l&rsquo;ordre du tr\u00e9sor public.<\/p>\n<\/div>\n\n\n\n<div class=\"wp-block-column is-layout-flow wp-block-column-is-layout-flow\">\n<h2 class=\"wp-block-heading has-text-align-center has-ast-global-color-4-color has-ast-global-color-0-background-color has-text-color has-background\" style=\"font-size:20px\">InformationS<\/h2>\n\n\n\n<p>Dans la semaine qui pr\u00e9c\u00e8de votre r\u00e9servation, nous vous communiquerons les coordonn\u00e9es de la personne \u00e0 contacter pour fixer le rendez-vous de remise de cl\u00e9s et de l&rsquo;\u00e9tat des lieux de la salle.<\/p>\n\n\n\n<p>Les associations brog\u00e9liennes b\u00e9n\u00e9ficient d\u2019une location annuelle gratuite (sans exc\u00e9der deux jours cons\u00e9cutifs pour une m\u00eame manifestation). Au-del\u00e0 de deux jours, la location sera factur\u00e9e demi- tarif pour une journ\u00e9e et quart de tarif pour demi- journ\u00e9e.<\/p>\n<\/div>\n<\/div>\n\n\n\n<h2 class=\"wp-block-heading has-text-align-center has-ast-global-color-0-color has-text-color has-x-large-font-size\" style=\"text-transform:uppercase\">Salle du morambeau<\/h2>\n\n\n\n<hr class=\"wp-block-separator has-alpha-channel-opacity\"\/>\n\n\n\n<div class=\"wp-block-columns alignwide is-layout-flex wp-container-core-columns-is-layout-28f84493 wp-block-columns-is-layout-flex\">\n<div class=\"wp-block-column is-layout-flow wp-block-column-is-layout-flow\">\n<figure class=\"wp-block-image size-full is-resized\"><img loading=\"lazy\" decoding=\"async\" width=\"348\" height=\"261\" src=\"http:\/\/www.lebreuilbourgogne.fr\/wp-content\/uploads\/2023\/07\/morambeau2.jpg\" alt=\"\" class=\"wp-image-2670\" style=\"width:429px;height:auto\" srcset=\"https:\/\/www.lebreuilbourgogne.fr\/wp-content\/uploads\/2023\/07\/morambeau2.jpg 348w, https:\/\/www.lebreuilbourgogne.fr\/wp-content\/uploads\/2023\/07\/morambeau2-300x225.jpg 300w\" sizes=\"auto, (max-width: 348px) 100vw, 348px\" \/><\/figure>\n<\/div>\n\n\n\n<div class=\"wp-block-column is-layout-flow wp-block-column-is-layout-flow\">\n<p class=\"has-text-align-center has-medium-font-size\"><strong>La salle du Morambeau est situ\u00e9e au coeur du Parc du Morambeau<\/strong><\/p>\n\n\n\n<p class=\"has-text-align-center has-medium-font-size\"><strong>Capacit\u00e9 d&rsquo;accueil : 180 public assis et 235 public debout<\/strong><\/p>\n\n\n\n<figure class=\"wp-block-table is-style-regular\" style=\"padding-top:0;padding-right:0;padding-bottom:0;padding-left:0;font-size:15px;letter-spacing:-1px;line-height:1.3\"><table style=\"border-width:2px\"><tbody><tr><td>Demandeur : <\/td><td>Salle :<\/td><td>Tarif \u00e0 la journ\u00e9e  :<\/td><\/tr><tr><td>Administr\u00e9s<\/td><td><br>Salle<br>Salle + cuisine<\/td><td><br>290 \u20ac<br>410 \u20ac<\/td><\/tr><tr><td>Administr\u00e9s ext\u00e9rieurs et <br>associations ext\u00e9rieures<\/td><td><br>Salle<br>Salle + cuisine<\/td><td><br>335 \u20ac<br>640 \u20ac<\/td><\/tr><tr><td>Association locales <\/td><td>Activit\u00e9s Lucratives<br>Activit\u00e9s non-lucratives<br>Repas<\/td><td>97\u20ac<br>gratuit<br>150\u20ac<\/td><\/tr><\/tbody><\/table><\/figure>\n<\/div>\n<\/div>\n\n\n\n<h2 class=\"wp-block-heading has-text-align-center has-ast-global-color-0-color has-text-color has-x-large-font-size\"><strong>Salle de montvaltin<\/strong><\/h2>\n\n\n\n<hr class=\"wp-block-separator has-alpha-channel-opacity\"\/>\n\n\n\n<div class=\"wp-block-columns alignwide is-layout-flex wp-container-core-columns-is-layout-28f84493 wp-block-columns-is-layout-flex\">\n<div class=\"wp-block-column is-layout-flow wp-block-column-is-layout-flow\">\n<figure class=\"wp-block-image size-full is-resized\"><img loading=\"lazy\" decoding=\"async\" width=\"965\" height=\"643\" src=\"http:\/\/www.lebreuilbourgogne.fr\/wp-content\/uploads\/2023\/07\/montvaltin-1.jpg\" alt=\"\" class=\"wp-image-2673\" srcset=\"https:\/\/www.lebreuilbourgogne.fr\/wp-content\/uploads\/2023\/07\/montvaltin-1.jpg 965w, https:\/\/www.lebreuilbourgogne.fr\/wp-content\/uploads\/2023\/07\/montvaltin-1-300x200.jpg 300w, https:\/\/www.lebreuilbourgogne.fr\/wp-content\/uploads\/2023\/07\/montvaltin-1-768x512.jpg 768w\" sizes=\"auto, (max-width: 965px) 100vw, 965px\" \/><\/figure>\n<\/div>\n\n\n\n<div class=\"wp-block-column is-layout-flow wp-block-column-is-layout-flow\">\n<p class=\"has-text-align-center has-medium-font-size\"><strong>La salle de Montvaltin est situ\u00e9e \u00e0 proximit\u00e9 du Stade de foot<\/strong><\/p>\n\n\n\n<p class=\"has-text-align-center has-medium-font-size\"><strong>Capacit\u00e9 d&rsquo;accueil : 80 public assis et 130 public debout<\/strong><\/p>\n\n\n\n<figure class=\"wp-block-table is-style-regular\" style=\"font-size:15px;letter-spacing:-1px;line-height:1.3\"><table style=\"border-width:2px\"><tbody><tr><td>Demandeur : <\/td><td>Salle : <\/td><td>Tarif \u00e0 la journ\u00e9e :<\/td><\/tr><tr><td>Administr\u00e9s<\/td><td>Salle<br>Salle + cuisine<\/td><td>125 \u20ac<br>175 \u20ac<\/td><\/tr><tr><td>Administr\u00e9s ext\u00e9rieurs et <br>associations ext\u00e9rieures<\/td><td>Salle <br>Salle + cuisine<\/td><td>180 \u20ac<br>250 \u20ac<\/td><\/tr><tr><td>Association locales <\/td><td>Activit\u00e9s Lucratives<br>Activit\u00e9s non-lucratives<\/td><td>50 \u20ac<br>gratuit<\/td><\/tr><\/tbody><\/table><\/figure>\n<\/div>\n<\/div>\n\n\n\n<h2 class=\"wp-block-heading has-text-align-center has-ast-global-color-0-color has-text-color has-x-large-font-size\">SALLE JULES FERRY (EX MAIRIE)<\/h2>\n\n\n\n<hr class=\"wp-block-separator has-alpha-channel-opacity\"\/>\n\n\n\n<div class=\"wp-block-columns alignwide is-layout-flex wp-container-core-columns-is-layout-28f84493 wp-block-columns-is-layout-flex\">\n<div class=\"wp-block-column is-layout-flow wp-block-column-is-layout-flow\">\n<figure class=\"wp-block-image size-large\"><img loading=\"lazy\" decoding=\"async\" width=\"1024\" height=\"768\" src=\"http:\/\/www.lebreuilbourgogne.fr\/wp-content\/uploads\/2023\/07\/IMG_0071-1024x768.jpeg\" alt=\"\" class=\"wp-image-3143\" srcset=\"https:\/\/www.lebreuilbourgogne.fr\/wp-content\/uploads\/2023\/07\/IMG_0071-1024x768.jpeg 1024w, https:\/\/www.lebreuilbourgogne.fr\/wp-content\/uploads\/2023\/07\/IMG_0071-300x225.jpeg 300w, https:\/\/www.lebreuilbourgogne.fr\/wp-content\/uploads\/2023\/07\/IMG_0071-768x576.jpeg 768w, https:\/\/www.lebreuilbourgogne.fr\/wp-content\/uploads\/2023\/07\/IMG_0071-1536x1152.jpeg 1536w, https:\/\/www.lebreuilbourgogne.fr\/wp-content\/uploads\/2023\/07\/IMG_0071.jpeg 2048w\" sizes=\"auto, (max-width: 1024px) 100vw, 1024px\" \/><\/figure>\n<\/div>\n\n\n\n<div class=\"wp-block-column is-layout-flow wp-block-column-is-layout-flow\">\n<p class=\"has-text-align-center has-medium-font-size\"><strong>La salle Jules Ferry (l&rsquo;Ex-mairie) est situ\u00e9e dans le Bourg en face de l&rsquo;Eglise <\/strong><\/p>\n\n\n\n<p class=\"has-text-align-center has-medium-font-size\"><strong>La location pour cette salle s&rsquo;\u00e9tend de 9h \u00e0 22h <\/strong><\/p>\n\n\n\n<p class=\"has-text-align-center has-medium-font-size\"><strong>Capacit\u00e9 d&rsquo;accueil : 40 public assis<\/strong><\/p>\n\n\n\n<figure class=\"wp-block-table is-style-regular\" style=\"font-size:15px;letter-spacing:-1px;line-height:1.3\"><table style=\"border-width:2px\"><tbody><tr><td>Demandeur :<\/td><td>Salle :<\/td><td>Tarif \u00e0 la journ\u00e9e : <\/td><\/tr><tr><td>Administr\u00e9s<\/td><td>Salle<\/td><td>125 \u20ac<\/td><\/tr><tr><td>Administr\u00e9s ext\u00e9rieurs et <br>associations ext\u00e9rieures<\/td><td>Salle<\/td><td>180 \u20ac<\/td><\/tr><tr><td>Association locales <\/td><td>Activit\u00e9s non-lucratives<\/td><td>gratuit<\/td><\/tr><\/tbody><\/table><\/figure>\n<\/div>\n<\/div>\n\n\n\n<h2 class=\"wp-block-heading has-text-align-center has-ast-global-color-0-color has-text-color has-x-large-font-size\">Location de materiel<\/h2>\n\n\n\n<hr class=\"wp-block-separator has-alpha-channel-opacity\"\/>\n\n\n\n<div class=\"wp-block-columns is-layout-flex wp-container-core-columns-is-layout-28f84493 wp-block-columns-is-layout-flex\">\n<div class=\"wp-block-column is-layout-flow wp-block-column-is-layout-flow\">\n<div data-wp-interactive=\"core\/file\" class=\"wp-block-file\"><object data-wp-bind--hidden=\"!state.hasPdfPreview\" hidden class=\"wp-block-file__embed\" data=\"https:\/\/www.lebreuilbourgogne.fr\/wp-content\/uploads\/2025\/07\/demande-de-materiel-Particuliers-2025-1-1.pdf\" type=\"application\/pdf\" style=\"width:100%;height:600px\" aria-label=\"Contenu embarqu\u00e9 demande de mat\u00e9riel Particuliers 2025.\"><\/object><a id=\"wp-block-file--media-2ba9d211-8cf7-4455-8b6a-7c1312b9b0b7\" href=\"https:\/\/www.lebreuilbourgogne.fr\/wp-content\/uploads\/2025\/07\/demande-de-materiel-Particuliers-2025-1-1.pdf\">demande de mat\u00e9riel Particuliers 2025<\/a><a href=\"https:\/\/www.lebreuilbourgogne.fr\/wp-content\/uploads\/2025\/07\/demande-de-materiel-Particuliers-2025-1-1.pdf\" class=\"wp-block-file__button wp-element-button\" download aria-describedby=\"wp-block-file--media-2ba9d211-8cf7-4455-8b6a-7c1312b9b0b7\">T\u00e9l\u00e9charger<\/a><\/div>\n<\/div>\n\n\n\n<div class=\"wp-block-column is-layout-flow wp-block-column-is-layout-flow\">\n<div data-wp-interactive=\"core\/file\" class=\"wp-block-file\"><object data-wp-bind--hidden=\"!state.hasPdfPreview\" hidden class=\"wp-block-file__embed\" data=\"https:\/\/www.lebreuilbourgogne.fr\/wp-content\/uploads\/2025\/07\/demande-de-materiel-Entreprises-et-Associations-2025-1-1.pdf\" type=\"application\/pdf\" style=\"width:100%;height:600px\" aria-label=\"Contenu embarqu\u00e9 demande de mat\u00e9riel Entreprises et Associations 2025.\"><\/object><a id=\"wp-block-file--media-7ad76494-37b5-40d5-9e9f-c7e3cc08aa77\" href=\"https:\/\/www.lebreuilbourgogne.fr\/wp-content\/uploads\/2025\/07\/demande-de-materiel-Entreprises-et-Associations-2025-1-1.pdf\">demande de mat\u00e9riel Entreprises et Associations 2025<\/a><a href=\"https:\/\/www.lebreuilbourgogne.fr\/wp-content\/uploads\/2025\/07\/demande-de-materiel-Entreprises-et-Associations-2025-1-1.pdf\" class=\"wp-block-file__button wp-element-button\" download aria-describedby=\"wp-block-file--media-7ad76494-37b5-40d5-9e9f-c7e3cc08aa77\">T\u00e9l\u00e9charger<\/a><\/div>\n<\/div>\n<\/div>\n","protected":false},"excerpt":{"rendered":"<p>modalit\u00e9s R\u00e9servation Les r\u00e9servations des salles municipales se font \u00e0 la journ\u00e9e (de 8h00 \u00e0 8h00 le lendemain). A partir du deuxi\u00e8me jour, la location est \u00e0 demi-tarif. Si location [&hellip;]<\/p>\n","protected":false},"author":2,"featured_media":0,"parent":19,"menu_order":4,"comment_status":"closed","ping_status":"closed","template":"","meta":{"_monsterinsights_skip_tracking":false,"_monsterinsights_sitenote_active":false,"_monsterinsights_sitenote_note":"","_monsterinsights_sitenote_category":0,"site-sidebar-layout":"default","site-content-layout":"","ast-site-content-layout":"","site-content-style":"default","site-sidebar-style":"default","ast-global-header-display":"","ast-banner-title-visibility":"","ast-main-header-display":"","ast-hfb-above-header-display":"","ast-hfb-below-header-display":"","ast-hfb-mobile-header-display":"","site-post-title":"disabled","ast-breadcrumbs-content":"","ast-featured-img":"","footer-sml-layout":"","theme-transparent-header-meta":"","adv-header-id-meta":"","stick-header-meta":"","header-above-stick-meta":"","header-main-stick-meta":"","header-below-stick-meta":"","astra-migrate-meta-layouts":"default","ast-page-background-enabled":"default","ast-page-background-meta":{"desktop":{"background-color":"var(--ast-global-color-4)","background-image":"","background-repeat":"repeat","background-position":"center center","background-size":"auto","background-attachment":"scroll","background-type":"","background-media":"","overlay-type":"","overlay-color":"","overlay-opacity":"","overlay-gradient":""},"tablet":{"background-color":"","background-image":"","background-repeat":"repeat","background-position":"center center","background-size":"auto","background-attachment":"scroll","background-type":"","background-media":"","overlay-type":"","overlay-color":"","overlay-opacity":"","overlay-gradient":""},"mobile":{"background-color":"","background-image":"","background-repeat":"repeat","background-position":"center center","background-size":"auto","background-attachment":"scroll","background-type":"","background-media":"","overlay-type":"","overlay-color":"","overlay-opacity":"","overlay-gradient":""}},"ast-content-background-meta":{"desktop":{"background-color":"var(--ast-global-color-5)","background-image":"","background-repeat":"repeat","background-position":"center center","background-size":"auto","background-attachment":"scroll","background-type":"","background-media":"","overlay-type":"","overlay-color":"","overlay-opacity":"","overlay-gradient":""},"tablet":{"background-color":"var(--ast-global-color-5)","background-image":"","background-repeat":"repeat","background-position":"center center","background-size":"auto","background-attachment":"scroll","background-type":"","background-media":"","overlay-type":"","overlay-color":"","overlay-opacity":"","overlay-gradient":""},"mobile":{"background-color":"var(--ast-global-color-5)","background-image":"","background-repeat":"repeat","background-position":"center center","background-size":"auto","background-attachment":"scroll","background-type":"","background-media":"","overlay-type":"","overlay-color":"","overlay-opacity":"","overlay-gradient":""}},"_EventAllDay":false,"_EventTimezone":"","_EventStartDate":"","_EventEndDate":"","_EventStartDateUTC":"","_EventEndDateUTC":"","_EventShowMap":false,"_EventShowMapLink":false,"_EventURL":"","_EventCost":"","_EventCostDescription":"","_EventCurrencySymbol":"","_EventCurrencyCode":"","_EventCurrencyPosition":"","_EventDateTimeSeparator":"","_EventTimeRangeSeparator":"","_EventOrganizerID":[],"_EventVenueID":[],"_OrganizerEmail":"","_OrganizerPhone":"","_OrganizerWebsite":"","_VenueAddress":"","_VenueCity":"","_VenueCountry":"","_VenueProvince":"","_VenueState":"","_VenueZip":"","_VenuePhone":"","_VenueURL":"","_VenueStateProvince":"","_VenueLat":"","_VenueLng":"","_VenueShowMap":false,"_VenueShowMapLink":false,"footnotes":""},"class_list":["post-2669","page","type-page","status-publish","hentry"],"_links":{"self":[{"href":"https:\/\/www.lebreuilbourgogne.fr\/index.php\/wp-json\/wp\/v2\/pages\/2669","targetHints":{"allow":["GET"]}}],"collection":[{"href":"https:\/\/www.lebreuilbourgogne.fr\/index.php\/wp-json\/wp\/v2\/pages"}],"about":[{"href":"https:\/\/www.lebreuilbourgogne.fr\/index.php\/wp-json\/wp\/v2\/types\/page"}],"author":[{"embeddable":true,"href":"https:\/\/www.lebreuilbourgogne.fr\/index.php\/wp-json\/wp\/v2\/users\/2"}],"replies":[{"embeddable":true,"href":"https:\/\/www.lebreuilbourgogne.fr\/index.php\/wp-json\/wp\/v2\/comments?post=2669"}],"version-history":[{"count":34,"href":"https:\/\/www.lebreuilbourgogne.fr\/index.php\/wp-json\/wp\/v2\/pages\/2669\/revisions"}],"predecessor-version":[{"id":7638,"href":"https:\/\/www.lebreuilbourgogne.fr\/index.php\/wp-json\/wp\/v2\/pages\/2669\/revisions\/7638"}],"up":[{"embeddable":true,"href":"https:\/\/www.lebreuilbourgogne.fr\/index.php\/wp-json\/wp\/v2\/pages\/19"}],"wp:attachment":[{"href":"https:\/\/www.lebreuilbourgogne.fr\/index.php\/wp-json\/wp\/v2\/media?parent=2669"}],"curies":[{"name":"wp","href":"https:\/\/api.w.org\/{rel}","templated":true}]}}