{"id":2694,"date":"2023-07-10T15:52:09","date_gmt":"2023-07-10T13:52:09","guid":{"rendered":"http:\/\/www.lebreuilbourgogne.fr\/?page_id=2694"},"modified":"2026-01-15T14:42:06","modified_gmt":"2026-01-15T13:42:06","slug":"ecoles","status":"publish","type":"page","link":"https:\/\/www.lebreuilbourgogne.fr\/index.php\/enfance-jeunesse\/ecoles\/","title":{"rendered":"Ecoles"},"content":{"rendered":"\n<div class=\"wp-block-cover alignfull is-light\"><img loading=\"lazy\" decoding=\"async\" width=\"2048\" height=\"1536\" class=\"wp-block-cover__image-background wp-image-2823\" alt=\"\" src=\"http:\/\/www.lebreuilbourgogne.fr\/wp-content\/uploads\/2023\/07\/ecole-primaire-.jpg\" data-object-fit=\"cover\" srcset=\"https:\/\/www.lebreuilbourgogne.fr\/wp-content\/uploads\/2023\/07\/ecole-primaire-.jpg 2048w, https:\/\/www.lebreuilbourgogne.fr\/wp-content\/uploads\/2023\/07\/ecole-primaire--300x225.jpg 300w, https:\/\/www.lebreuilbourgogne.fr\/wp-content\/uploads\/2023\/07\/ecole-primaire--1024x768.jpg 1024w, https:\/\/www.lebreuilbourgogne.fr\/wp-content\/uploads\/2023\/07\/ecole-primaire--768x576.jpg 768w, https:\/\/www.lebreuilbourgogne.fr\/wp-content\/uploads\/2023\/07\/ecole-primaire--1536x1152.jpg 1536w\" sizes=\"auto, (max-width: 2048px) 100vw, 2048px\" \/><span aria-hidden=\"true\" class=\"wp-block-cover__background has-background-dim\"><\/span><div class=\"wp-block-cover__inner-container is-layout-flow wp-block-cover-is-layout-flow\">\n<p class=\"has-text-align-center\" style=\"font-size:70px;text-transform:uppercase\"><strong>\u00e9coles<\/strong><\/p>\n<\/div><\/div>\n\n\n\n<div style=\"height:100px\" aria-hidden=\"true\" class=\"wp-block-spacer\"><\/div>\n\n\n\n<div class=\"wp-block-columns has-ast-global-color-4-color has-text-color is-layout-flex wp-container-core-columns-is-layout-28f84493 wp-block-columns-is-layout-flex\">\n<div class=\"wp-block-column has-ast-global-color-4-color has-ast-global-color-0-background-color has-text-color has-background is-layout-flow wp-block-column-is-layout-flow\">\n<h2 class=\"wp-block-heading has-text-align-center has-ast-global-color-4-color has-text-color\" style=\"font-size:20px\">\u00e9cole \u00e9l\u00e9mentaire les pr\u00e9s calards<\/h2>\n\n\n\n<p class=\"has-text-align-center has-ast-global-color-4-color has-text-color has-medium-font-size\">1 rue Bel Air &#8211; 71670 LE BREUIL &#8211; 03 85 55 29 86<\/p>\n\n\n\n<p class=\"has-text-align-center has-ast-global-color-4-color has-text-color\"><strong>0711393D@ac-dijon.fr<\/strong><\/p>\n\n\n\n<p class=\"has-text-align-center has-ast-global-color-4-color has-text-color has-medium-font-size\" style=\"text-transform:uppercase\">Directrice : Madame Bonsembiante-Vailloud<\/p>\n<\/div>\n\n\n\n<div class=\"wp-block-column has-ast-global-color-4-color has-ast-global-color-1-background-color has-text-color has-background is-layout-flow wp-block-column-is-layout-flow\">\n<h2 class=\"wp-block-heading has-text-align-center has-ast-global-color-4-color has-text-color\" style=\"font-size:20px\">\u00e9cole maternelle fran\u00e7oise dolto<\/h2>\n\n\n\n<p class=\"has-text-align-center has-ast-global-color-4-color has-text-color has-medium-font-size\">3 rue Bel Air &#8211; 71670 LE BREUIL &#8211; 03 85 55 44 16<\/p>\n\n\n\n<p class=\"has-text-align-center has-ast-global-color-4-color has-text-color\"><strong>ec-mat-le-breuil-71@ac-dijon.fr<\/strong><\/p>\n\n\n\n<p class=\"has-text-align-center has-ast-global-color-4-color has-text-color has-medium-font-size\" style=\"text-transform:uppercase\">Directrice : Madame CHAPULLIOT<\/p>\n<\/div>\n<\/div>\n\n\n\n<h2 class=\"wp-block-heading has-text-align-center has-ast-global-color-0-color has-text-color has-large-font-size\">Inscriptions<\/h2>\n\n\n\n<hr class=\"wp-block-separator has-alpha-channel-opacity\"\/>\n\n\n\n<p class=\"has-text-align-center has-medium-font-size\"><strong>Les inscriptions en premi\u00e8re ann\u00e9e \u00e0 l&rsquo;\u00e9cole maternelle Fran\u00e7ois Dolto ou \u00e0 l&rsquo;\u00e9cole \u00e9l\u00e9mentaire des Pr\u00e9s Calards se font aupr\u00e8s de la Mairie.<\/strong><\/p>\n\n\n\n<p class=\"has-text-align-center\">Si votre enfant entre pour la premi\u00e8re ann\u00e9e \u00e0 l&rsquo;\u00e9cole maternelle Fran\u00e7oise Dolto ou \u00e0 l&rsquo;\u00e9cole \u00e9l\u00e9mentaire des Pr\u00e9s Calards, vous devez proc\u00e9der \u00e0 son inscription au plus t\u00f4t et <strong>si possible avant le 10 avril 2026.<\/strong><\/p>\n\n\n\n<div class=\"wp-block-columns is-layout-flex wp-container-core-columns-is-layout-28f84493 wp-block-columns-is-layout-flex\">\n<div class=\"wp-block-column is-layout-flow wp-block-column-is-layout-flow\">\n<div data-wp-interactive=\"core\/file\" class=\"wp-block-file\"><object data-wp-bind--hidden=\"!state.hasPdfPreview\" hidden class=\"wp-block-file__embed\" data=\"https:\/\/www.lebreuilbourgogne.fr\/wp-content\/uploads\/2026\/01\/FICHE-PRE-INSCRIPTION-ECOLE-MATERNELLE-2026-2027-1.pdf\" type=\"application\/pdf\" style=\"width:100%;height:600px\" aria-label=\"Contenu embarqu\u00e9 FICHE PRE-INSCRIPTION ECOLE MATERNELLE 2026-2027.\"><\/object><a id=\"wp-block-file--media-d54fdc6e-3e16-48a8-8437-16b96de3d0f1\" href=\"https:\/\/www.lebreuilbourgogne.fr\/wp-content\/uploads\/2026\/01\/FICHE-PRE-INSCRIPTION-ECOLE-MATERNELLE-2026-2027-1.pdf\">FICHE PRE-INSCRIPTION ECOLE MATERNELLE 2026-2027<\/a><a href=\"https:\/\/www.lebreuilbourgogne.fr\/wp-content\/uploads\/2026\/01\/FICHE-PRE-INSCRIPTION-ECOLE-MATERNELLE-2026-2027-1.pdf\" class=\"wp-block-file__button wp-element-button\" download aria-describedby=\"wp-block-file--media-d54fdc6e-3e16-48a8-8437-16b96de3d0f1\">T\u00e9l\u00e9charger<\/a><\/div>\n<\/div>\n\n\n\n<div class=\"wp-block-column is-layout-flow wp-block-column-is-layout-flow\">\n<div data-wp-interactive=\"core\/file\" class=\"wp-block-file\"><object data-wp-bind--hidden=\"!state.hasPdfPreview\" hidden class=\"wp-block-file__embed\" data=\"https:\/\/www.lebreuilbourgogne.fr\/wp-content\/uploads\/2026\/01\/FICHE-PRE-INSCRIPTION-ECOLE-ELEMENTAIRE-2025-2026-1.pdf\" type=\"application\/pdf\" style=\"width:100%;height:600px\" aria-label=\"Contenu embarqu\u00e9 FICHE PRE-INSCRIPTION ECOLE ELEMENTAIRE 2025-2026.\"><\/object><a id=\"wp-block-file--media-3742dce2-371c-4d50-89a8-1079f8b58df8\" href=\"https:\/\/www.lebreuilbourgogne.fr\/wp-content\/uploads\/2026\/01\/FICHE-PRE-INSCRIPTION-ECOLE-ELEMENTAIRE-2025-2026-1.pdf\">FICHE PRE-INSCRIPTION ECOLE ELEMENTAIRE 2025-2026<\/a><a href=\"https:\/\/www.lebreuilbourgogne.fr\/wp-content\/uploads\/2026\/01\/FICHE-PRE-INSCRIPTION-ECOLE-ELEMENTAIRE-2025-2026-1.pdf\" class=\"wp-block-file__button wp-element-button\" download aria-describedby=\"wp-block-file--media-3742dce2-371c-4d50-89a8-1079f8b58df8\">T\u00e9l\u00e9charger<\/a><\/div>\n<\/div>\n\n\n\n<div class=\"wp-block-column is-layout-flow wp-block-column-is-layout-flow\">\n<div data-wp-interactive=\"core\/file\" class=\"wp-block-file\"><object data-wp-bind--hidden=\"!state.hasPdfPreview\" hidden class=\"wp-block-file__embed\" data=\"https:\/\/www.lebreuilbourgogne.fr\/wp-content\/uploads\/2026\/01\/pieces-justificatives.pdf\" type=\"application\/pdf\" style=\"width:100%;height:600px\" aria-label=\"Contenu embarqu\u00e9 pieces justificatives.\"><\/object><a id=\"wp-block-file--media-8fef4ed7-9bcb-4ee1-adf6-16924253c1be\" href=\"https:\/\/www.lebreuilbourgogne.fr\/wp-content\/uploads\/2026\/01\/pieces-justificatives.pdf\">pieces justificatives<\/a><a href=\"https:\/\/www.lebreuilbourgogne.fr\/wp-content\/uploads\/2026\/01\/pieces-justificatives.pdf\" class=\"wp-block-file__button wp-element-button\" download aria-describedby=\"wp-block-file--media-8fef4ed7-9bcb-4ee1-adf6-16924253c1be\">T\u00e9l\u00e9charger<\/a><\/div>\n<\/div>\n<\/div>\n\n\n\n<p class=\"has-text-align-center\" style=\"font-size:18px\"><strong>Le dossier de demande d&rsquo;inscription complet devra \u00eatre retourn\u00e9 en Mairie, soit par courriel \u00e0 l&rsquo;adresse suivante : <a href=\"mailto:mairie@lebreuilbourgogne.fr\">mairie@lebreuilbourgogne.fr<\/a>, soit par voie postale \u00e0 l\u2019adresse&nbsp;: H\u00f4tel de Ville 1 Place du 19 Mars 1962 LE BREUIL 71670 soit directement en main propre l\u2019accueil.<\/strong><\/p>\n\n\n\n<p class=\"has-text-align-center has-ast-global-color-1-color has-text-color\"><strong>L&rsquo;inscription de votre enfant ne sera effective qu&rsquo;apr\u00e8s confirmation par la Directrice de l\u2019\u00e9tablissement scolaire, qui prendra contact avec vous.<\/strong><\/p>\n\n\n\n<div style=\"height:22px\" aria-hidden=\"true\" class=\"wp-block-spacer\"><\/div>\n\n\n\n<h2 class=\"wp-block-heading has-text-align-center has-ast-global-color-0-color has-text-color has-large-font-size\">D\u00e9rogation<\/h2>\n\n\n\n<hr class=\"wp-block-separator has-alpha-channel-opacity\"\/>\n\n\n\n<p class=\"has-text-align-center\" style=\"font-size:18px\"><strong>Les demandes de d\u00e9rogations doivent \u00eatre adress\u00e9s \u00e0 la commune o\u00f9 se situe l&rsquo;\u00e9tablissement.<\/strong><\/p>\n\n\n\n<p style=\"font-size:18px\"><strong>Pour&nbsp;les inscriptions d&rsquo;enfants ne r\u00e9sidant pas sur Le Breuil, une d\u00e9rogation est indispensable. Il est n\u00e9cessaire d\u2019en faire la demande en Mairie par courriel ou par courrier expliquant les motivations de cette d\u00e9marche<\/strong> <strong>via le formulaire ci-dessous.<\/strong><\/p>\n\n\n\n<div data-wp-interactive=\"core\/file\" class=\"wp-block-file\"><object data-wp-bind--hidden=\"!state.hasPdfPreview\" hidden class=\"wp-block-file__embed\" data=\"https:\/\/www.lebreuilbourgogne.fr\/wp-content\/uploads\/2026\/01\/IMPRIME-DE-DEROGATION-SCOLAIRE.pdf\" type=\"application\/pdf\" style=\"width:100%;height:600px\" aria-label=\"Contenu embarqu\u00e9 IMPRIME DE DEROGATION SCOLAIRE.\"><\/object><a id=\"wp-block-file--media-7233960e-ae4c-4615-947e-3c23d739a054\" href=\"https:\/\/www.lebreuilbourgogne.fr\/wp-content\/uploads\/2026\/01\/IMPRIME-DE-DEROGATION-SCOLAIRE.pdf\">IMPRIME DE DEROGATION SCOLAIRE<\/a><a href=\"https:\/\/www.lebreuilbourgogne.fr\/wp-content\/uploads\/2026\/01\/IMPRIME-DE-DEROGATION-SCOLAIRE.pdf\" class=\"wp-block-file__button wp-element-button\" download aria-describedby=\"wp-block-file--media-7233960e-ae4c-4615-947e-3c23d739a054\">T\u00e9l\u00e9charger<\/a><\/div>\n\n\n\n<div style=\"height:100px\" aria-hidden=\"true\" class=\"wp-block-spacer\"><\/div>\n","protected":false},"excerpt":{"rendered":"<p>\u00e9cole \u00e9l\u00e9mentaire les pr\u00e9s calards 1 rue Bel Air &#8211; 71670 LE BREUIL &#8211; 03 85 55 29 86 0711393D@ac-dijon.fr Directrice : Madame Bonsembiante-Vailloud \u00e9cole maternelle fran\u00e7oise dolto 3 rue [&hellip;]<\/p>\n","protected":false},"author":2,"featured_media":0,"parent":25,"menu_order":5,"comment_status":"closed","ping_status":"closed","template":"","meta":{"_monsterinsights_skip_tracking":false,"_monsterinsights_sitenote_active":false,"_monsterinsights_sitenote_note":"","_monsterinsights_sitenote_category":0,"site-sidebar-layout":"default","site-content-layout":"","ast-site-content-layout":"default","site-content-style":"default","site-sidebar-style":"default","ast-global-header-display":"","ast-banner-title-visibility":"","ast-main-header-display":"","ast-hfb-above-header-display":"","ast-hfb-below-header-display":"","ast-hfb-mobile-header-display":"","site-post-title":"disabled","ast-breadcrumbs-content":"","ast-featured-img":"","footer-sml-layout":"","theme-transparent-header-meta":"","adv-header-id-meta":"","stick-header-meta":"","header-above-stick-meta":"","header-main-stick-meta":"","header-below-stick-meta":"","astra-migrate-meta-layouts":"set","ast-page-background-enabled":"default","ast-page-background-meta":{"desktop":{"background-color":"var(--ast-global-color-4)","background-image":"","background-repeat":"repeat","background-position":"center center","background-size":"auto","background-attachment":"scroll","background-type":"","background-media":"","overlay-type":"","overlay-color":"","overlay-opacity":"","overlay-gradient":""},"tablet":{"background-color":"","background-image":"","background-repeat":"repeat","background-position":"center center","background-size":"auto","background-attachment":"scroll","background-type":"","background-media":"","overlay-type":"","overlay-color":"","overlay-opacity":"","overlay-gradient":""},"mobile":{"background-color":"","background-image":"","background-repeat":"repeat","background-position":"center center","background-size":"auto","background-attachment":"scroll","background-type":"","background-media":"","overlay-type":"","overlay-color":"","overlay-opacity":"","overlay-gradient":""}},"ast-content-background-meta":{"desktop":{"background-color":"var(--ast-global-color-5)","background-image":"","background-repeat":"repeat","background-position":"center center","background-size":"auto","background-attachment":"scroll","background-type":"","background-media":"","overlay-type":"","overlay-color":"","overlay-opacity":"","overlay-gradient":""},"tablet":{"background-color":"var(--ast-global-color-5)","background-image":"","background-repeat":"repeat","background-position":"center center","background-size":"auto","background-attachment":"scroll","background-type":"","background-media":"","overlay-type":"","overlay-color":"","overlay-opacity":"","overlay-gradient":""},"mobile":{"background-color":"var(--ast-global-color-5)","background-image":"","background-repeat":"repeat","background-position":"center center","background-size":"auto","background-attachment":"scroll","background-type":"","background-media":"","overlay-type":"","overlay-color":"","overlay-opacity":"","overlay-gradient":""}},"_EventAllDay":false,"_EventTimezone":"","_EventStartDate":"","_EventEndDate":"","_EventStartDateUTC":"","_EventEndDateUTC":"","_EventShowMap":false,"_EventShowMapLink":false,"_EventURL":"","_EventCost":"","_EventCostDescription":"","_EventCurrencySymbol":"","_EventCurrencyCode":"","_EventCurrencyPosition":"","_EventDateTimeSeparator":"","_EventTimeRangeSeparator":"","_EventOrganizerID":[],"_EventVenueID":[],"_OrganizerEmail":"","_OrganizerPhone":"","_OrganizerWebsite":"","_VenueAddress":"","_VenueCity":"","_VenueCountry":"","_VenueProvince":"","_VenueState":"","_VenueZip":"","_VenuePhone":"","_VenueURL":"","_VenueStateProvince":"","_VenueLat":"","_VenueLng":"","_VenueShowMap":false,"_VenueShowMapLink":false,"footnotes":""},"class_list":["post-2694","page","type-page","status-publish","hentry"],"_links":{"self":[{"href":"https:\/\/www.lebreuilbourgogne.fr\/index.php\/wp-json\/wp\/v2\/pages\/2694","targetHints":{"allow":["GET"]}}],"collection":[{"href":"https:\/\/www.lebreuilbourgogne.fr\/index.php\/wp-json\/wp\/v2\/pages"}],"about":[{"href":"https:\/\/www.lebreuilbourgogne.fr\/index.php\/wp-json\/wp\/v2\/types\/page"}],"author":[{"embeddable":true,"href":"https:\/\/www.lebreuilbourgogne.fr\/index.php\/wp-json\/wp\/v2\/users\/2"}],"replies":[{"embeddable":true,"href":"https:\/\/www.lebreuilbourgogne.fr\/index.php\/wp-json\/wp\/v2\/comments?post=2694"}],"version-history":[{"count":16,"href":"https:\/\/www.lebreuilbourgogne.fr\/index.php\/wp-json\/wp\/v2\/pages\/2694\/revisions"}],"predecessor-version":[{"id":7633,"href":"https:\/\/www.lebreuilbourgogne.fr\/index.php\/wp-json\/wp\/v2\/pages\/2694\/revisions\/7633"}],"up":[{"embeddable":true,"href":"https:\/\/www.lebreuilbourgogne.fr\/index.php\/wp-json\/wp\/v2\/pages\/25"}],"wp:attachment":[{"href":"https:\/\/www.lebreuilbourgogne.fr\/index.php\/wp-json\/wp\/v2\/media?parent=2694"}],"curies":[{"name":"wp","href":"https:\/\/api.w.org\/{rel}","templated":true}]}}