{"id":2738,"date":"2023-07-10T16:11:47","date_gmt":"2023-07-10T14:11:47","guid":{"rendered":"http:\/\/www.lebreuilbourgogne.fr\/?page_id=2738"},"modified":"2025-10-21T17:08:16","modified_gmt":"2025-10-21T15:08:16","slug":"portail-famille","status":"publish","type":"page","link":"https:\/\/www.lebreuilbourgogne.fr\/index.php\/enfance-jeunesse\/portail-famille\/","title":{"rendered":"Portail famille et r\u00e9servation"},"content":{"rendered":"\n<div class=\"wp-block-cover alignfull is-light\"><img loading=\"lazy\" decoding=\"async\" width=\"2560\" height=\"1920\" class=\"wp-block-cover__image-background wp-image-3149\" alt=\"\" src=\"http:\/\/www.lebreuilbourgogne.fr\/wp-content\/uploads\/2023\/07\/IMG_3002-1-scaled.jpg\" data-object-fit=\"cover\" srcset=\"https:\/\/www.lebreuilbourgogne.fr\/wp-content\/uploads\/2023\/07\/IMG_3002-1-scaled.jpg 2560w, https:\/\/www.lebreuilbourgogne.fr\/wp-content\/uploads\/2023\/07\/IMG_3002-1-300x225.jpg 300w, https:\/\/www.lebreuilbourgogne.fr\/wp-content\/uploads\/2023\/07\/IMG_3002-1-1024x768.jpg 1024w, https:\/\/www.lebreuilbourgogne.fr\/wp-content\/uploads\/2023\/07\/IMG_3002-1-768x576.jpg 768w, https:\/\/www.lebreuilbourgogne.fr\/wp-content\/uploads\/2023\/07\/IMG_3002-1-1536x1152.jpg 1536w, https:\/\/www.lebreuilbourgogne.fr\/wp-content\/uploads\/2023\/07\/IMG_3002-1-2048x1536.jpg 2048w\" sizes=\"auto, (max-width: 2560px) 100vw, 2560px\" \/><span aria-hidden=\"true\" class=\"wp-block-cover__background has-background-dim\"><\/span><div class=\"wp-block-cover__inner-container is-layout-flow wp-block-cover-is-layout-flow\">\n<p class=\"has-text-align-center has-ast-global-color-4-color has-text-color has-link-color wp-elements-d0f558b3070901e56a8c00b52dfd13a4\" style=\"font-size:60px;letter-spacing:-4px;line-height:1.3;text-transform:uppercase\"><strong>Portail Famille et r\u00e9servation<\/strong><\/p>\n<\/div><\/div>\n\n\n\n<div style=\"height:101px\" aria-hidden=\"true\" class=\"wp-block-spacer\"><\/div>\n\n\n\n<p class=\"has-text-align-center has-ast-global-color-4-color has-ast-global-color-0-background-color has-text-color has-background\" style=\"font-size:25px\"><strong>Le Portail FAMILLE <\/strong>est une plateforme d\u00e9mat\u00e9rialis\u00e9e qui constitue l\u2019outil qui permet aux familles d\u2019inscrire les enfants et de r\u00e9server des activit\u00e9s &nbsp;via un compte&nbsp;personnel, avec des identifiants et mots de passe qui sont propres \u00e0 chaque famille et parents.<\/p>\n\n\n\n<div class=\"wp-block-columns alignwide is-layout-flex wp-container-core-columns-is-layout-28f84493 wp-block-columns-is-layout-flex\" style=\"border-style:none;border-width:0px\">\n<div class=\"wp-block-column is-layout-flow wp-block-column-is-layout-flow\">\n<figure class=\"wp-block-image alignwide size-full\"><img loading=\"lazy\" decoding=\"async\" width=\"1080\" height=\"1080\" src=\"http:\/\/www.lebreuilbourgogne.fr\/wp-content\/uploads\/2023\/07\/New-Product-Mockup-Now-Available-Marketing-Promotion-Instagram-Post.png\" alt=\"\" class=\"wp-image-2772\" srcset=\"https:\/\/www.lebreuilbourgogne.fr\/wp-content\/uploads\/2023\/07\/New-Product-Mockup-Now-Available-Marketing-Promotion-Instagram-Post.png 1080w, https:\/\/www.lebreuilbourgogne.fr\/wp-content\/uploads\/2023\/07\/New-Product-Mockup-Now-Available-Marketing-Promotion-Instagram-Post-300x300.png 300w, https:\/\/www.lebreuilbourgogne.fr\/wp-content\/uploads\/2023\/07\/New-Product-Mockup-Now-Available-Marketing-Promotion-Instagram-Post-1024x1024.png 1024w, https:\/\/www.lebreuilbourgogne.fr\/wp-content\/uploads\/2023\/07\/New-Product-Mockup-Now-Available-Marketing-Promotion-Instagram-Post-150x150.png 150w, https:\/\/www.lebreuilbourgogne.fr\/wp-content\/uploads\/2023\/07\/New-Product-Mockup-Now-Available-Marketing-Promotion-Instagram-Post-768x768.png 768w\" sizes=\"auto, (max-width: 1080px) 100vw, 1080px\" \/><\/figure>\n<\/div>\n\n\n\n<div class=\"wp-block-column is-layout-flow wp-block-column-is-layout-flow\">\n<p class=\"has-medium-font-size\" style=\"text-transform:uppercase\"><strong>Le portail permet de&nbsp;:<\/strong><\/p>\n\n\n\n<ul class=\"wp-block-list\">\n<li class=\"has-medium-font-size\">Mettre \u00e0 jour les informations administratives (adresse, t\u00e9l\u00e9phone, situation familiale \u2026.)<\/li>\n\n\n\n<li class=\"has-medium-font-size\">G\u00e9rer l\u2019ensemble des r\u00e9servations de chaque enfant dans l\u2019un des services (inscription, modification d\u2019inscription, annulation \u2026 ) <strong><em>dans le respect des dates limites<\/em><\/strong>.<\/li>\n\n\n\n<li class=\"has-medium-font-size\">Consulter les informations des services&nbsp;: menus du restaurant, date de d\u00e9but des r\u00e9servations, programme d\u2019activit\u00e9s, \u00e9volution des services offerts par le portail, r\u00e8glement int\u00e9rieur.<\/li>\n\n\n\n<li class=\"has-medium-font-size\">Consulter&nbsp; et payer les factures<\/li>\n<\/ul>\n\n\n\n<div style=\"height:31px\" aria-hidden=\"true\" class=\"wp-block-spacer\"><\/div>\n\n\n\n<p class=\"has-text-align-center has-medium-font-size\"><strong>Le Portail Famille est consultable depuis un ordinateur, une tablette ou directement depuis l&rsquo;application \u00ab\u00a0LE BREUIL 71\u00a0\u00bb<\/strong><\/p>\n\n\n\n<div class=\"wp-block-columns is-layout-flex wp-container-core-columns-is-layout-28f84493 wp-block-columns-is-layout-flex\">\n<div class=\"wp-block-column is-layout-flow wp-block-column-is-layout-flow\">\n<div class=\"wp-block-buttons is-layout-flex wp-block-buttons-is-layout-flex\">\n<div class=\"wp-block-button\"><a class=\"wp-block-button__link wp-element-button\" href=\"https:\/\/portail.berger-levrault.fr\/12514\/accueil\">LIEN VERS LE PORTAIL<\/a><\/div>\n<\/div>\n<\/div>\n\n\n\n<div class=\"wp-block-column is-layout-flow wp-block-column-is-layout-flow\">\n<div class=\"wp-block-buttons is-layout-flex wp-block-buttons-is-layout-flex\">\n<div class=\"wp-block-button\"><a class=\"wp-block-button__link wp-element-button\" href=\"https:\/\/apps.apple.com\/us\/app\/le-breuil-71\/id1555057221\">APPLICATION APPLE<\/a><\/div>\n<\/div>\n<\/div>\n\n\n\n<div class=\"wp-block-column is-layout-flow wp-block-column-is-layout-flow\">\n<div class=\"wp-block-buttons is-layout-flex wp-block-buttons-is-layout-flex\">\n<div class=\"wp-block-button\"><a class=\"wp-block-button__link wp-element-button\" href=\"https:\/\/play.google.com\/store\/apps\/details?id=bergerlevrault.app.communeit.breuil&amp;pli=1\">APPLICATION PLAYSTORE<\/a><\/div>\n<\/div>\n<\/div>\n<\/div>\n<\/div>\n<\/div>\n\n\n\n<p class=\"has-text-align-center has-ast-global-color-4-color has-ast-global-color-1-background-color has-text-color has-background has-medium-font-size\"><strong>Pour les familles qui ne disposent pas d\u2019un ordinateur ou d\u2019un acc\u00e8s internet et l\u2019EPN mettent gratuitement \u00e0 disposition un ordinateur. Le secr\u00e9tariat du service est \u00e9galement disponible pour vous guider dans l\u2019utilisation du portail.<\/strong><\/p>\n\n\n\n<div style=\"height:64px\" aria-hidden=\"true\" class=\"wp-block-spacer\"><\/div>\n\n\n\n<h2 class=\"wp-block-heading has-text-align-center has-ast-global-color-0-color has-text-color has-large-font-size\" style=\"letter-spacing:-4px\"><strong>LE DOSSIER UNIQUE D\u2019INSCRIPTION ( DUI)<\/strong><\/h2>\n\n\n\n<hr class=\"wp-block-separator has-alpha-channel-opacity\"\/>\n\n\n\n<p class=\"has-text-align-center has-medium-font-size\">Les parents souhaitant inscrire un enfant aux temps d\u2019activit\u00e9s extra et p\u00e9ri scolaires doivent au pr\u00e9alable remplir le DUI. <strong>Il est indispensable et obligatoire<\/strong>.<\/p>\n\n\n\n<p class=\"has-text-align-center has-medium-font-size\">Apr\u00e8s avoir fait une demande \u00e9crite au secr\u00e9tariat du service enfance jeunesse, le demandeur recevra un code d\u2019acc\u00e8s au portail famille. Il pourra ainsi remplir le DUA de son enfant directement sur le portail via internet. Il pourra \u00e9ventuellement s\u2019y connecter via un lien sur le site internet de la commune. Les pi\u00e8ces n\u00e9cessaires \u00e0 la constitution du DUA (attestation CE, fiche sanitaire de liaison, assurance\u2026) seront \u00e0 envoyer par courriel.  La constitution d\u2019un DUI &nbsp;peut s\u2019effectuer \u00e0 tout moment de l\u2019ann\u00e9e. Il est valable pour l\u2019ann\u00e9e scolaire et reconduit apr\u00e8s demande des responsables de l\u2019enfant.<\/p>\n\n\n\n<p class=\"has-text-align-center\">Si les informations indiqu\u00e9es par les familles sur le portail ne permettent pas le bon fonctionnement du service (adresse postale, t\u00e9l\u00e9phone ou mail \u2026 erron\u00e9e), <strong>la municipalit\u00e9 se r\u00e9serve le droit de bloquer l\u2019acc\u00e8s au compte.<\/strong><\/p>\n\n\n\n<p>En cas de s\u00e9paration ou divorce, chaque parent devra remplir un dossier pour son ou ses enfants ind\u00e9pendamment de son ex conjoint. En cas de situation conflictuelle entre les d\u00e9tenteurs de l\u2019autorit\u00e9 parentale, il pourra \u00eatre demand\u00e9 dans l\u2019int\u00e9r\u00eat de l\u2019enfant, le jugement d\u00e9livr\u00e9 par le Juge aux Affaires Familiales. &nbsp;&nbsp;&nbsp;&nbsp;&nbsp;&nbsp;&nbsp;&nbsp;<\/p>\n\n\n\n<p class=\"has-text-align-center has-ast-global-color-4-color has-ast-global-color-0-background-color has-text-color has-background has-medium-font-size\"><strong>Pour toute aide, l\u2019accueil est assur\u00e9 au secr\u00e9tariat du service (03.85.73.90.54) du lundi au vendredi de 8h30 \u00e0 12h00 et par mail \u00e0 enfance.jeunesse@lebreuilbourgogne.fr<\/strong><\/p>\n\n\n\n<p class=\"has-text-align-center\"><strong><em>TOUT DOSSIER INCOMPLET NE POURRA ETRE PRIS EN COMPTE ET NE PERMETTRA PAS L\u2019ACCES AUX RESERVATIONS POUR LES ACTIVITES PROPOSEES.<\/em><\/strong><\/p>\n\n\n\n<div style=\"height:54px\" aria-hidden=\"true\" class=\"wp-block-spacer\"><\/div>\n\n\n\n<h2 class=\"wp-block-heading has-text-align-center has-ast-global-color-0-color has-text-color has-x-large-font-size\"><strong>LES RESERVATIONS<\/strong><\/h2>\n\n\n\n<hr class=\"wp-block-separator has-alpha-channel-opacity\"\/>\n\n\n\n<p class=\"has-text-align-center has-medium-font-size\">Pour des raisons d\u2019organisation de service, de commandes, de gestion de l\u2019effectif d\u2019animateurs, il est imp\u00e9ratif que les parents r\u00e9servent l\u2019activit\u00e9 pour leurs enfants via le portail famille.<\/p>\n\n\n\n<p class=\"has-medium-font-size\"><strong>Les parents peuvent r\u00e9server selon deux formules :<\/strong><\/p>\n\n\n\n<ul class=\"wp-block-list\">\n<li class=\"has-medium-font-size\"><strong>R\u00e9servation r\u00e9guli\u00e8re<\/strong> : l\u2019enfant va fr\u00e9quenter les services de la m\u00eame mani\u00e8re toute l\u2019ann\u00e9e (1, 2, 3,4 ou 5 fois par semaine), il sera donc possible de r\u00e9server les activit\u00e9s toute l\u2019ann\u00e9e d\u00e8s la rentr\u00e9e de septembre<\/li>\n\n\n\n<li class=\"has-medium-font-size\"><strong>R\u00e9servation occasionnelle ou irr\u00e9guli\u00e8re<\/strong> : l\u2019enfant va fr\u00e9quenter les services de mani\u00e8re occasionnelle et irr\u00e9guli\u00e8re. Dans ce cas, un planning de pr\u00e9sences sera \u00e0 compl\u00e9ter en fonction des besoins, en respectant des dates maximum apr\u00e8s lesquels il ne sera plus possible de r\u00e9server.<\/li>\n<\/ul>\n\n\n\n<p class=\"has-text-align-center has-ast-global-color-4-color has-ast-global-color-1-background-color has-text-color has-background has-medium-font-size\"><strong>Les r\u00e9servations et annulation de r\u00e9servation peuvent se faire d\u00e8s que le Dossier Unique d\u2019Activit\u00e9 est complet. Elles doivent se faire au plus tard le lundi 23h59 pour la semaine suivante en ce qui concerne le restaurant et 3 jours avant pour la garderie et les mercredis.<\/strong><\/p>\n\n\n\n<p class=\"has-medium-font-size\"><strong>EXCEPTIONS:<\/strong><\/p>\n\n\n\n<ul class=\"wp-block-list\">\n<li class=\"has-medium-font-size\">pour le <strong>transport scolaire <\/strong>la r\u00e9servation se fait \u00e0 l\u2019ann\u00e9e d\u00e8s la rentr\u00e9e scolaire de septembre.<\/li>\n\n\n\n<li class=\"has-medium-font-size\">Pour les<strong> vacances scolaires&nbsp;<\/strong>: la date maximum de r\u00e9servation sera pr\u00e9cis\u00e9e sur le programme d\u2019activit\u00e9s distribu\u00e9 aux parents via le portail familles et la page facebook de la commune.<\/li>\n<\/ul>\n\n\n\n<p class=\"has-text-align-center has-ast-global-color-0-color has-text-color has-medium-font-size\"><strong>Aucun enfant ne pourra \u00eatre accueilli si la r\u00e9servation pr\u00e9alable de l\u2019activit\u00e9 n\u2019a \u00e9t\u00e9 faite.  Si un enfant se pr\u00e9sente n\u00e9anmoins au service sans r\u00e9servation, le prix de l&rsquo;activit\u00e9 sera doubl\u00e9<\/strong><\/p>\n\n\n\n<p class=\"has-medium-font-size\" style=\"text-transform:uppercase\"><strong>Les absences<\/strong> : &nbsp;&nbsp;&nbsp;&nbsp;&nbsp;&nbsp;&nbsp;&nbsp;&nbsp;&nbsp;&nbsp;&nbsp;&nbsp;<\/p>\n\n\n\n<ul class=\"wp-block-list\">\n<li><strong>Toute absence, non justifi\u00e9e sera factur\u00e9e \u00e0 l\u2019exception&nbsp;:<\/strong><ul><li>Des absences de votre\/vos enfant(s) \u00e0 l\u2019un des accueils p\u00e9riscolaires, \u00e0 l\u2019occasion de sorties scolaires p\u00e9dagogiques<\/li><\/ul><ul><li>De l\u2019absence de l\u2019enseignant<\/li><\/ul>\n<ul class=\"wp-block-list\">\n<li>En cas d\u2019inscription d\u2019une fratrie, si l\u2019absence d\u2019un des membres de la fratrie est justifi\u00e9e par certificat m\u00e9dical, les absences des autres enfants de la fratrie ne seront pas factur\u00e9es.<\/li>\n<\/ul>\n<\/li>\n<\/ul>\n\n\n\n<div style=\"height:68px\" aria-hidden=\"true\" class=\"wp-block-spacer\"><\/div>\n\n\n\n<h2 class=\"wp-block-heading has-text-align-center has-ast-global-color-0-color has-text-color has-large-font-size\">Facturation et paiement<\/h2>\n\n\n\n<hr class=\"wp-block-separator has-alpha-channel-opacity\"\/>\n\n\n\n<p class=\"has-text-align-center has-medium-font-size\">Les tarifs sont fix\u00e9s chaque ann\u00e9e par d\u00e9lib\u00e9ration du conseil municipal. La facturation, tous services confondus, sera effectu\u00e9 chaque d\u00e9but de mois pour les activit\u00e9s du mois pr\u00e9c\u00e9dent. Les parents recevront un titre de recettes du Tr\u00e9sor public. Ils pourront n\u00e9anmoins au pr\u00e9alable consulter le portail famille pour y retrouver le montant de leur facture.<\/p>\n\n\n\n<p class=\"has-medium-font-size\"><strong>Les factures peuvent \u00eatre r\u00e9gl\u00e9es selon plusieurs modalit\u00e9s&nbsp;:<\/strong><\/p>\n\n\n\n<ol style=\"list-style-type:1\" class=\"wp-block-list\">\n<li class=\"has-medium-font-size\">-R\u00e8glement en ligne via le site internet de la Tr\u00e9sorerie&nbsp; (TIPI).<\/li>\n\n\n\n<li class=\"has-medium-font-size\">-Pr\u00e9l\u00e8vement automatique<\/li>\n\n\n\n<li class=\"has-medium-font-size\">-Par ch\u00e8que bancaire, par esp\u00e8ces, par CESU, par Ch\u00e8ques Vacances en paiement direct au Centre des Finances Publiques du Creusot.<\/li>\n<\/ol>\n\n\n\n<p class=\"has-text-align-center\"><em>Les Impay\u00e9s sont g\u00e9r\u00e9s par le tr\u00e9sor public. En cas de difficult\u00e9 de paiement, le tr\u00e9sor public doit \u00eatre imm\u00e9diatement averti.<\/em><\/p>\n\n\n\n<p class=\"has-text-align-center has-ast-global-color-4-color has-ast-global-color-1-background-color has-text-color has-background has-medium-font-size\"><strong>En cas d\u2019impay\u00e9s les parents s\u2019exposent \u00e0 une exclusion de leur enfant des activit\u00e9s p\u00e9ri et extrascolaires.&nbsp;<\/strong><\/p>\n\n\n\n<p><em>En cas de contestation sur le montant de la facture, celle-ci doit faire l\u2019objet d\u2019un courrier adress\u00e9 \u00e0 Madame le Maire au plus vite \u00e0 r\u00e9ception, et dans un d\u00e9lai de 2 mois maximum.<\/em><\/p>\n","protected":false},"excerpt":{"rendered":"<p>Le Portail FAMILLE est une plateforme d\u00e9mat\u00e9rialis\u00e9e qui constitue l\u2019outil qui permet aux familles d\u2019inscrire les enfants et de r\u00e9server des activit\u00e9s &nbsp;via un compte&nbsp;personnel, avec des identifiants et mots [&hellip;]<\/p>\n","protected":false},"author":2,"featured_media":0,"parent":25,"menu_order":1,"comment_status":"closed","ping_status":"closed","template":"","meta":{"_monsterinsights_skip_tracking":false,"_monsterinsights_sitenote_active":false,"_monsterinsights_sitenote_note":"","_monsterinsights_sitenote_category":0,"site-sidebar-layout":"default","site-content-layout":"","ast-site-content-layout":"","site-content-style":"default","site-sidebar-style":"default","ast-global-header-display":"","ast-banner-title-visibility":"","ast-main-header-display":"","ast-hfb-above-header-display":"","ast-hfb-below-header-display":"","ast-hfb-mobile-header-display":"","site-post-title":"disabled","ast-breadcrumbs-content":"","ast-featured-img":"","footer-sml-layout":"","theme-transparent-header-meta":"","adv-header-id-meta":"","stick-header-meta":"","header-above-stick-meta":"","header-main-stick-meta":"","header-below-stick-meta":"","astra-migrate-meta-layouts":"default","ast-page-background-enabled":"default","ast-page-background-meta":{"desktop":{"background-color":"var(--ast-global-color-4)","background-image":"","background-repeat":"repeat","background-position":"center center","background-size":"auto","background-attachment":"scroll","background-type":"","background-media":"","overlay-type":"","overlay-color":"","overlay-opacity":"","overlay-gradient":""},"tablet":{"background-color":"","background-image":"","background-repeat":"repeat","background-position":"center center","background-size":"auto","background-attachment":"scroll","background-type":"","background-media":"","overlay-type":"","overlay-color":"","overlay-opacity":"","overlay-gradient":""},"mobile":{"background-color":"","background-image":"","background-repeat":"repeat","background-position":"center center","background-size":"auto","background-attachment":"scroll","background-type":"","background-media":"","overlay-type":"","overlay-color":"","overlay-opacity":"","overlay-gradient":""}},"ast-content-background-meta":{"desktop":{"background-color":"var(--ast-global-color-5)","background-image":"","background-repeat":"repeat","background-position":"center center","background-size":"auto","background-attachment":"scroll","background-type":"","background-media":"","overlay-type":"","overlay-color":"","overlay-opacity":"","overlay-gradient":""},"tablet":{"background-color":"var(--ast-global-color-5)","background-image":"","background-repeat":"repeat","background-position":"center center","background-size":"auto","background-attachment":"scroll","background-type":"","background-media":"","overlay-type":"","overlay-color":"","overlay-opacity":"","overlay-gradient":""},"mobile":{"background-color":"var(--ast-global-color-5)","background-image":"","background-repeat":"repeat","background-position":"center center","background-size":"auto","background-attachment":"scroll","background-type":"","background-media":"","overlay-type":"","overlay-color":"","overlay-opacity":"","overlay-gradient":""}},"_EventAllDay":false,"_EventTimezone":"","_EventStartDate":"","_EventEndDate":"","_EventStartDateUTC":"","_EventEndDateUTC":"","_EventShowMap":false,"_EventShowMapLink":false,"_EventURL":"","_EventCost":"","_EventCostDescription":"","_EventCurrencySymbol":"","_EventCurrencyCode":"","_EventCurrencyPosition":"","_EventDateTimeSeparator":"","_EventTimeRangeSeparator":"","_EventOrganizerID":[],"_EventVenueID":[],"_OrganizerEmail":"","_OrganizerPhone":"","_OrganizerWebsite":"","_VenueAddress":"","_VenueCity":"","_VenueCountry":"","_VenueProvince":"","_VenueState":"","_VenueZip":"","_VenuePhone":"","_VenueURL":"","_VenueStateProvince":"","_VenueLat":"","_VenueLng":"","_VenueShowMap":false,"_VenueShowMapLink":false,"footnotes":""},"class_list":["post-2738","page","type-page","status-publish","hentry"],"_links":{"self":[{"href":"https:\/\/www.lebreuilbourgogne.fr\/index.php\/wp-json\/wp\/v2\/pages\/2738","targetHints":{"allow":["GET"]}}],"collection":[{"href":"https:\/\/www.lebreuilbourgogne.fr\/index.php\/wp-json\/wp\/v2\/pages"}],"about":[{"href":"https:\/\/www.lebreuilbourgogne.fr\/index.php\/wp-json\/wp\/v2\/types\/page"}],"author":[{"embeddable":true,"href":"https:\/\/www.lebreuilbourgogne.fr\/index.php\/wp-json\/wp\/v2\/users\/2"}],"replies":[{"embeddable":true,"href":"https:\/\/www.lebreuilbourgogne.fr\/index.php\/wp-json\/wp\/v2\/comments?post=2738"}],"version-history":[{"count":19,"href":"https:\/\/www.lebreuilbourgogne.fr\/index.php\/wp-json\/wp\/v2\/pages\/2738\/revisions"}],"predecessor-version":[{"id":7286,"href":"https:\/\/www.lebreuilbourgogne.fr\/index.php\/wp-json\/wp\/v2\/pages\/2738\/revisions\/7286"}],"up":[{"embeddable":true,"href":"https:\/\/www.lebreuilbourgogne.fr\/index.php\/wp-json\/wp\/v2\/pages\/25"}],"wp:attachment":[{"href":"https:\/\/www.lebreuilbourgogne.fr\/index.php\/wp-json\/wp\/v2\/media?parent=2738"}],"curies":[{"name":"wp","href":"https:\/\/api.w.org\/{rel}","templated":true}]}}