{"id":2751,"date":"2023-07-10T17:22:53","date_gmt":"2023-07-10T15:22:53","guid":{"rendered":"http:\/\/www.lebreuilbourgogne.fr\/?page_id=2751"},"modified":"2024-01-30T16:59:48","modified_gmt":"2024-01-30T15:59:48","slug":"modalites-et-tarifs","status":"publish","type":"page","link":"https:\/\/www.lebreuilbourgogne.fr\/index.php\/enfance-jeunesse\/accueil-de-loisirs\/modalites-et-tarifs\/","title":{"rendered":"Modalit\u00e9s et tarifs"},"content":{"rendered":"\n<div class=\"wp-block-cover alignfull\"><span aria-hidden=\"true\" class=\"wp-block-cover__background has-background-dim\"><\/span><img loading=\"lazy\" decoding=\"async\" width=\"2560\" height=\"1440\" class=\"wp-block-cover__image-background wp-image-2914\" alt=\"\" src=\"http:\/\/www.lebreuilbourgogne.fr\/wp-content\/uploads\/2023\/07\/service-jeunesse-centre-mitterrand-1-scaled.jpg\" data-object-fit=\"cover\" srcset=\"https:\/\/www.lebreuilbourgogne.fr\/wp-content\/uploads\/2023\/07\/service-jeunesse-centre-mitterrand-1-scaled.jpg 2560w, https:\/\/www.lebreuilbourgogne.fr\/wp-content\/uploads\/2023\/07\/service-jeunesse-centre-mitterrand-1-300x169.jpg 300w, https:\/\/www.lebreuilbourgogne.fr\/wp-content\/uploads\/2023\/07\/service-jeunesse-centre-mitterrand-1-1024x576.jpg 1024w, https:\/\/www.lebreuilbourgogne.fr\/wp-content\/uploads\/2023\/07\/service-jeunesse-centre-mitterrand-1-768x432.jpg 768w, https:\/\/www.lebreuilbourgogne.fr\/wp-content\/uploads\/2023\/07\/service-jeunesse-centre-mitterrand-1-1536x864.jpg 1536w, https:\/\/www.lebreuilbourgogne.fr\/wp-content\/uploads\/2023\/07\/service-jeunesse-centre-mitterrand-1-2048x1152.jpg 2048w\" sizes=\"auto, (max-width: 2560px) 100vw, 2560px\" \/><div class=\"wp-block-cover__inner-container is-layout-flow wp-block-cover-is-layout-flow\">\n<p class=\"has-text-align-center\" style=\"font-size:60px;line-height:1.3;text-transform:uppercase\"><strong>Modalit\u00e9s et tarifs<\/strong><\/p>\n<\/div><\/div>\n\n\n\n<div style=\"height:78px\" aria-hidden=\"true\" class=\"wp-block-spacer\"><\/div>\n\n\n\n<p class=\"has-text-align-center\" style=\"font-size:18px\"><strong>L\u2019accueil de loisirs est propos\u00e9 les mercredis de septembre \u00e0 juin et durant les vacances d\u2019automne, d\u2019hiver, de printemps et d\u2019\u00e9t\u00e9 avec un programme d\u2019activit\u00e9s \u00e9labor\u00e9 par l\u2019\u00e9quipe d\u2019animation, sp\u00e9cifique \u00e0 chaque tranche d\u2019\u00e2ge.<\/strong><\/p>\n\n\n\n<h2 class=\"wp-block-heading has-text-align-center has-ast-global-color-0-color has-text-color has-large-font-size\"><strong>L\u2019accueil de loisirs des mercredis est ouvert aux enfants \u00e2g\u00e9s de 3 \u00e0 17 ans<\/strong><\/h2>\n\n\n\n<hr class=\"wp-block-separator has-alpha-channel-opacity\"\/>\n\n\n\n<div class=\"wp-block-columns is-layout-flex wp-container-core-columns-is-layout-28f84493 wp-block-columns-is-layout-flex\">\n<div class=\"wp-block-column has-medium-font-size is-layout-flow wp-block-column-is-layout-flow\">\n<figure class=\"wp-block-image aligncenter size-large is-resized\"><img loading=\"lazy\" decoding=\"async\" width=\"768\" height=\"1024\" src=\"http:\/\/www.lebreuilbourgogne.fr\/wp-content\/uploads\/2023\/08\/354202347_653638333476591_8937532967385149095_n-768x1024.jpg\" alt=\"\" class=\"wp-image-3318\" style=\"width:379px;height:505px\" srcset=\"https:\/\/www.lebreuilbourgogne.fr\/wp-content\/uploads\/2023\/08\/354202347_653638333476591_8937532967385149095_n-768x1024.jpg 768w, https:\/\/www.lebreuilbourgogne.fr\/wp-content\/uploads\/2023\/08\/354202347_653638333476591_8937532967385149095_n-225x300.jpg 225w, https:\/\/www.lebreuilbourgogne.fr\/wp-content\/uploads\/2023\/08\/354202347_653638333476591_8937532967385149095_n-1152x1536.jpg 1152w, https:\/\/www.lebreuilbourgogne.fr\/wp-content\/uploads\/2023\/08\/354202347_653638333476591_8937532967385149095_n.jpg 1200w\" sizes=\"auto, (max-width: 768px) 100vw, 768px\" \/><\/figure>\n<\/div>\n\n\n\n<div class=\"wp-block-column has-medium-font-size is-layout-flow wp-block-column-is-layout-flow\">\n<ul class=\"wp-block-list\">\n<li style=\"font-size:18px;line-height:2\"><strong>3\/5 ans&nbsp;: <\/strong>Les Tout p\u2019tits loulous<\/li>\n\n\n\n<li style=\"font-size:18px;line-height:2\"><strong>6\/7 ans&nbsp;:<\/strong> Les P\u2019tits loulous<\/li>\n\n\n\n<li style=\"font-size:18px;line-height:2\"><strong>8\/10 ans&nbsp;:<\/strong> Les Loulous<\/li>\n\n\n\n<li style=\"font-size:18px;line-height:2\"><strong>11\/14 ans&nbsp;:<\/strong> Les Zigotos<\/li>\n\n\n\n<li style=\"font-size:18px;line-height:2\"><strong>15\/17 ans&nbsp;:<\/strong> Les Flemmes<\/li>\n<\/ul>\n\n\n\n<p class=\"has-text-align-center\" style=\"font-size:18px\">L\u2019accueil de loisirs des mercredis et des vacances des <strong>Tout p\u2019tits loulous, P\u2019tits loulous et Loulous<\/strong> se fait de 7h30 \u00e0 18h30 avec 3 modes d\u2019accueil : <strong>\u00e0 la journ\u00e9e&nbsp;; \u00e0 la 1\/2 journ\u00e9e avec repas&nbsp;; \u00e0 la 1\/2 journ\u00e9e sans repas<\/strong><\/p>\n\n\n\n<p class=\"has-text-align-center\" style=\"font-size:18px\">L\u2019accueil de loisirs des<strong> Zigotos et des Flemmes<\/strong> se fait le <strong>mercredi de 13h30 \u00e0 18h30 et le vendredi de 16h30 \u00e0 18h30 <\/strong>ainsi que durant les vacances scolaires \u00e0 l&rsquo;Espace Jeune.<\/p>\n<\/div>\n<\/div>\n\n\n\n<div class=\"wp-block-columns is-layout-flex wp-container-core-columns-is-layout-28f84493 wp-block-columns-is-layout-flex\">\n<div class=\"wp-block-column is-layout-flow wp-block-column-is-layout-flow\">\n<p class=\"has-text-align-center has-ast-global-color-4-color has-ast-global-color-1-background-color has-text-color has-background\" style=\"font-size:18px\"><strong>Les r\u00e9servations pour les activit\u00e9s se font directement le <a href=\"http:\/\/www.lebreuilbourgogne.fr\/index.php\/enfance-jeunesse\/portail-famille\/\">Portail Famille<\/a><\/strong>. <\/p>\n<\/div>\n<\/div>\n\n\n\n<p class=\"has-text-align-center has-ast-global-color-0-color has-text-color has-medium-font-size\"><em>Les r\u00e9servations pour les enfants non brogeliens se font sur place au Centre Fran\u00e7ois Mitterrand. Toutes les r\u00e9servations se font aux dates et heures pr\u00e9vues dans les programmes.<\/em><\/p>\n\n\n\n<h2 class=\"wp-block-heading has-text-align-center has-ast-global-color-0-color has-text-color has-large-font-size\">TARIFS 3-10 ans<\/h2>\n\n\n\n<hr class=\"wp-block-separator has-alpha-channel-opacity\"\/>\n\n\n\n<figure class=\"wp-block-table\" style=\"font-size:15px;letter-spacing:-0.5px;line-height:1.3\"><table><tbody><tr><td><strong>QUOTIENT FAMILIAL<\/strong><\/td><td><strong>0-500<\/strong><\/td><td><strong>501-600<\/strong><\/td><td><strong>601-655<\/strong><\/td><td><strong>656-720<\/strong><\/td><td><strong>721-810<\/strong><\/td><td><strong>811-1000<\/strong><\/td><td><strong>1001 et +<\/strong><\/td><\/tr><tr><td>Tarif \u00e0 la demi-journ\u00e9e sans repas<\/td><td>2.00 \u20ac<\/td><td>2.40 \u20ac<\/td><td>2.88 \u20ac<\/td><td>3.46 \u20ac<\/td><td>4.15 \u20ac<\/td><td>4.98 \u20ac<\/td><td>5.98 \u20ac<\/td><\/tr><tr><td>Tarif \u00e0 la demi-journ\u00e9e avec repas<\/td><td>5.10 \u20ac<\/td><td>5.60 \u20ac<\/td><td>6.15 \u20ac<\/td><td>6.90 \u20ac<\/td><td>7.60 \u20ac<\/td><td>8.45 \u20ac<\/td><td>9.20 \u20ac<\/td><\/tr><tr><td>Taris \u00e0 la journ\u00e9e avec repas<\/td><td>6.00 \u20ac<\/td><td>7.20 \u20ac<\/td><td>8.60 \u20ac<\/td><td>10.30 \u20ac<\/td><td>12.20 \u20ac<\/td><td>13.80 \u20ac<\/td><td>15.00 \u20ac<\/td><\/tr><\/tbody><\/table><\/figure>\n\n\n\n<p class=\"has-text-align-left has-medium-font-size\"><strong>S\u00e9jours et mini-s\u00e9jours<\/strong><\/p>\n\n\n\n<figure class=\"wp-block-table\" style=\"font-size:15px;letter-spacing:-0.5px;line-height:1.3\"><table><tbody><tr><td><strong>QUOTIENT FAMILIAL<\/strong><\/td><td><\/td><td><strong>0-500<\/strong><\/td><td><strong>501-600<\/strong><\/td><td><strong>601-655<\/strong><\/td><td><strong>656-720<\/strong><\/td><td><strong>721-810<\/strong><\/td><td><strong>811 et +<\/strong><\/td><\/tr><tr><td>Activit\u00e9s sports \/ par nuit camp sans activit\u00e9s<\/td><td>Brog\u00e9liens<br>Ext\u00e9rieurs<\/td><td>18.00 \u20ac<br>21.60 \u20ac<\/td><td>18.40 \u20ac<br>22.10 \u20ac<\/td><td>18.80 \u20ac<br>22.55 \u20ac<\/td><td>19.20 \u20ac<br>23.05 \u20ac<\/td><td>19.60 \u20ac<br>23.50 \u20ac<\/td><td>20.00 \u20ac<br>24.00 \u20ac<\/td><\/tr><tr><td>Activit\u00e9s sports sensations \/ par nuit camp avec activit\u00e9s <\/td><td>Brog\u00e9liens<br>Ext\u00e9rieurs<\/td><td>27.00 \u20ac<br>32.40 \u20ac<\/td><td>27.60 \u20ac<br>33.10 \u20ac<\/td><td>28.20 \u20ac<br>33.80 \u20ac<\/td><td>28.80 \u20ac<br>34.60 \u20ac<\/td><td>29.40 \u20ac<br>35.40 \u20ac<\/td><td>30.00 \u20ac<br>36.00 \u20ac<\/td><\/tr><\/tbody><\/table><\/figure>\n\n\n\n<div style=\"height:45px\" aria-hidden=\"true\" class=\"wp-block-spacer\"><\/div>\n\n\n\n<h2 class=\"wp-block-heading has-text-align-center has-ast-global-color-0-color has-text-color has-large-font-size\"><strong>Tarifs <\/strong>11-17 ans<\/h2>\n\n\n\n<hr class=\"wp-block-separator has-alpha-channel-opacity\"\/>\n\n\n\n<figure class=\"wp-block-table\" style=\"font-size:15px;letter-spacing:-0.5px;line-height:1.3\"><table><tbody><tr><td><strong>ACTIVITES<\/strong><\/td><td><strong>QUOTIENT FAMILIAL<\/strong><\/td><td><strong>656-720<\/strong><\/td><td><strong>721-810<\/strong><\/td><td><strong>601-655<\/strong><\/td><td><strong>656-720<\/strong><\/td><td>721-810<\/td><td><strong>811 et +<\/strong><\/td><\/tr><tr><td>Cr\u00e9ativit\u00e9s et de d\u00e9tente<\/td><td>Brog\u00e9lien <br>Ext\u00e9rieurs<\/td><td>9.00 \u20ac<br>10.80 \u20ac<\/td><td>9.20 \u20ac<br>11.05 \u20ac<\/td><td>9.40 \u20ac<br>11.30 \u20ac<\/td><td>9.60 \u20ac<br>11.50 \u20ac<\/td><td>9.80 \u20ac<br>11.75 \u20ac<\/td><td>10.00 \u20ac<br>12.00 \u20ac<\/td><\/tr><tr><td>Culturelles et r\u00e9cr\u00e9atives<\/td><td>Brog\u00e9lien <br>Ext\u00e9rieurs<\/td><td>13.50 \u20ac<br>16.20 \u20ac<\/td><td>13.80 \u20ac<br>16.55 \u20ac<\/td><td>14.10 \u20ac<br>16.90 \u20ac<\/td><td>14.40 \u20ac<br>17.30 \u20ac<\/td><td>14.70 \u20ac<br>17.70 \u20ac<\/td><td>15.00 \u20ac<br>18.00 \u20ac<\/td><\/tr><tr><td>Sports<\/td><td>Brog\u00e9lien <br>Ext\u00e9rieurs<\/td><td>18.40 \u20ac<br>21.60 \u20ac<\/td><td>18.60 \u20ac<br>22.10 \u20ac<\/td><td>18.80 \u20ac<br>22.50 \u20ac<\/td><td>19.20 \u20ac<br>23.05 \u20ac<\/td><td>19.60 \u20ac<br>23.50 \u20ac<\/td><td>20.00 \u20ac<br>24.00 \u20ac<\/td><\/tr><tr><td>Sensations<\/td><td>Brog\u00e9lien <br>Ext\u00e9rieurs<\/td><td>27.00 \u20ac<br>32.40 \u20ac<\/td><td>27.60 \u20ac<br>33.10 \u20ac<\/td><td>28.20 \u20ac<br>33.80 \u20ac<\/td><td>28.80 \u20ac<br>34.60 \u20ac<\/td><td>29.40 \u20ac<br>35.40 \u20ac<\/td><td>30.00 \u20ac<br>36.00 \u20ac<\/td><\/tr><tr><td>Adh\u00e9sion<\/td><td>Brog\u00e9lien <br>Ext\u00e9rieurs<\/td><td>7.20 \u20ac<br>9.00 \u20ac<\/td><td>7.35 \u20ac<br>9.20 \u20ac<\/td><td>7.50 \u20ac<br>9.40 \u20ac<\/td><td>7.70 \u20ac<br>9.60 \u20ac<\/td><td>7.85 \u20ac<br>9.80 \u20ac<\/td><td>8.00\u20ac<br>10.00\u20ac<\/td><\/tr><\/tbody><\/table><\/figure>\n\n\n\n<div style=\"height:44px\" aria-hidden=\"true\" class=\"wp-block-spacer\"><\/div>\n","protected":false},"excerpt":{"rendered":"<p>L\u2019accueil de loisirs est propos\u00e9 les mercredis de septembre \u00e0 juin et durant les vacances d\u2019automne, d\u2019hiver, de printemps et d\u2019\u00e9t\u00e9 avec un programme d\u2019activit\u00e9s \u00e9labor\u00e9 par l\u2019\u00e9quipe d\u2019animation, sp\u00e9cifique [&hellip;]<\/p>\n","protected":false},"author":2,"featured_media":0,"parent":2690,"menu_order":1,"comment_status":"closed","ping_status":"closed","template":"","meta":{"_monsterinsights_skip_tracking":false,"_monsterinsights_sitenote_active":false,"_monsterinsights_sitenote_note":"","_monsterinsights_sitenote_category":0,"site-sidebar-layout":"default","site-content-layout":"","ast-site-content-layout":"default","site-content-style":"default","site-sidebar-style":"default","ast-global-header-display":"","ast-banner-title-visibility":"","ast-main-header-display":"","ast-hfb-above-header-display":"","ast-hfb-below-header-display":"","ast-hfb-mobile-header-display":"","site-post-title":"disabled","ast-breadcrumbs-content":"","ast-featured-img":"","footer-sml-layout":"","theme-transparent-header-meta":"","adv-header-id-meta":"","stick-header-meta":"","header-above-stick-meta":"","header-main-stick-meta":"","header-below-stick-meta":"","astra-migrate-meta-layouts":"set","ast-page-background-enabled":"default","ast-page-background-meta":{"desktop":{"background-color":"var(--ast-global-color-4)","background-image":"","background-repeat":"repeat","background-position":"center center","background-size":"auto","background-attachment":"scroll","background-type":"","background-media":"","overlay-type":"","overlay-color":"","overlay-opacity":"","overlay-gradient":""},"tablet":{"background-color":"","background-image":"","background-repeat":"repeat","background-position":"center center","background-size":"auto","background-attachment":"scroll","background-type":"","background-media":"","overlay-type":"","overlay-color":"","overlay-opacity":"","overlay-gradient":""},"mobile":{"background-color":"","background-image":"","background-repeat":"repeat","background-position":"center center","background-size":"auto","background-attachment":"scroll","background-type":"","background-media":"","overlay-type":"","overlay-color":"","overlay-opacity":"","overlay-gradient":""}},"ast-content-background-meta":{"desktop":{"background-color":"var(--ast-global-color-5)","background-image":"","background-repeat":"repeat","background-position":"center center","background-size":"auto","background-attachment":"scroll","background-type":"","background-media":"","overlay-type":"","overlay-color":"","overlay-opacity":"","overlay-gradient":""},"tablet":{"background-color":"var(--ast-global-color-5)","background-image":"","background-repeat":"repeat","background-position":"center center","background-size":"auto","background-attachment":"scroll","background-type":"","background-media":"","overlay-type":"","overlay-color":"","overlay-opacity":"","overlay-gradient":""},"mobile":{"background-color":"var(--ast-global-color-5)","background-image":"","background-repeat":"repeat","background-position":"center center","background-size":"auto","background-attachment":"scroll","background-type":"","background-media":"","overlay-type":"","overlay-color":"","overlay-opacity":"","overlay-gradient":""}},"_EventAllDay":false,"_EventTimezone":"","_EventStartDate":"","_EventEndDate":"","_EventStartDateUTC":"","_EventEndDateUTC":"","_EventShowMap":false,"_EventShowMapLink":false,"_EventURL":"","_EventCost":"","_EventCostDescription":"","_EventCurrencySymbol":"","_EventCurrencyCode":"","_EventCurrencyPosition":"","_EventDateTimeSeparator":"","_EventTimeRangeSeparator":"","_EventOrganizerID":[],"_EventVenueID":[],"_OrganizerEmail":"","_OrganizerPhone":"","_OrganizerWebsite":"","_VenueAddress":"","_VenueCity":"","_VenueCountry":"","_VenueProvince":"","_VenueState":"","_VenueZip":"","_VenuePhone":"","_VenueURL":"","_VenueStateProvince":"","_VenueLat":"","_VenueLng":"","_VenueShowMap":false,"_VenueShowMapLink":false,"footnotes":""},"class_list":["post-2751","page","type-page","status-publish","hentry"],"_links":{"self":[{"href":"https:\/\/www.lebreuilbourgogne.fr\/index.php\/wp-json\/wp\/v2\/pages\/2751","targetHints":{"allow":["GET"]}}],"collection":[{"href":"https:\/\/www.lebreuilbourgogne.fr\/index.php\/wp-json\/wp\/v2\/pages"}],"about":[{"href":"https:\/\/www.lebreuilbourgogne.fr\/index.php\/wp-json\/wp\/v2\/types\/page"}],"author":[{"embeddable":true,"href":"https:\/\/www.lebreuilbourgogne.fr\/index.php\/wp-json\/wp\/v2\/users\/2"}],"replies":[{"embeddable":true,"href":"https:\/\/www.lebreuilbourgogne.fr\/index.php\/wp-json\/wp\/v2\/comments?post=2751"}],"version-history":[{"count":14,"href":"https:\/\/www.lebreuilbourgogne.fr\/index.php\/wp-json\/wp\/v2\/pages\/2751\/revisions"}],"predecessor-version":[{"id":4123,"href":"https:\/\/www.lebreuilbourgogne.fr\/index.php\/wp-json\/wp\/v2\/pages\/2751\/revisions\/4123"}],"up":[{"embeddable":true,"href":"https:\/\/www.lebreuilbourgogne.fr\/index.php\/wp-json\/wp\/v2\/pages\/2690"}],"wp:attachment":[{"href":"https:\/\/www.lebreuilbourgogne.fr\/index.php\/wp-json\/wp\/v2\/media?parent=2751"}],"curies":[{"name":"wp","href":"https:\/\/api.w.org\/{rel}","templated":true}]}}