{"id":3538,"date":"2023-10-13T09:47:56","date_gmt":"2023-10-13T07:47:56","guid":{"rendered":"http:\/\/www.lebreuilbourgogne.fr\/?page_id=3538"},"modified":"2024-01-30T17:07:23","modified_gmt":"2024-01-30T16:07:23","slug":"mediation-sociale-de-proximite","status":"publish","type":"page","link":"https:\/\/www.lebreuilbourgogne.fr\/index.php\/actions-sociales\/mediation-sociale-de-proximite\/","title":{"rendered":"M\u00e9diation sociale de proximit\u00e9"},"content":{"rendered":"\n<div class=\"wp-block-cover alignfull\"><span aria-hidden=\"true\" class=\"wp-block-cover__background has-background-dim\"><\/span><img loading=\"lazy\" decoding=\"async\" width=\"2560\" height=\"1920\" class=\"wp-block-cover__image-background wp-image-3715\" alt=\"\" src=\"http:\/\/www.lebreuilbourgogne.fr\/wp-content\/uploads\/2023\/12\/paquebot-2-scaled.jpg\" data-object-fit=\"cover\" srcset=\"https:\/\/www.lebreuilbourgogne.fr\/wp-content\/uploads\/2023\/12\/paquebot-2-scaled.jpg 2560w, https:\/\/www.lebreuilbourgogne.fr\/wp-content\/uploads\/2023\/12\/paquebot-2-300x225.jpg 300w, https:\/\/www.lebreuilbourgogne.fr\/wp-content\/uploads\/2023\/12\/paquebot-2-1024x768.jpg 1024w, https:\/\/www.lebreuilbourgogne.fr\/wp-content\/uploads\/2023\/12\/paquebot-2-768x576.jpg 768w, https:\/\/www.lebreuilbourgogne.fr\/wp-content\/uploads\/2023\/12\/paquebot-2-1536x1152.jpg 1536w, https:\/\/www.lebreuilbourgogne.fr\/wp-content\/uploads\/2023\/12\/paquebot-2-2048x1536.jpg 2048w\" sizes=\"auto, (max-width: 2560px) 100vw, 2560px\" \/><div class=\"wp-block-cover__inner-container is-layout-flow wp-block-cover-is-layout-flow\">\n<p class=\"has-text-align-center\" style=\"font-size:60px;letter-spacing:-2px;line-height:1.3;text-transform:uppercase\"><strong>Service de m\u00e9diation sociale de Proximit\u00e9<\/strong><\/p>\n<\/div><\/div>\n\n\n\n<p><\/p>\n\n\n\n<p class=\"has-text-align-center\">Ce service a pour mission de <strong>favoriser le lien social, d\u2019accompagner les habitants, de pr\u00e9venir les troubles et r\u00e9guler les conflits<\/strong>. En particulier les populations les plus en difficult\u00e9s.<\/p>\n\n\n\n<div class=\"wp-block-columns is-layout-flex wp-container-core-columns-is-layout-28f84493 wp-block-columns-is-layout-flex\">\n<div class=\"wp-block-column is-layout-flow wp-block-column-is-layout-flow\" style=\"flex-basis:33.33%\">\n<figure class=\"wp-block-image size-large\"><img loading=\"lazy\" decoding=\"async\" width=\"1024\" height=\"768\" src=\"http:\/\/www.lebreuilbourgogne.fr\/wp-content\/uploads\/2023\/12\/IMG_1593-1024x768.jpg\" alt=\"\" class=\"wp-image-3730\" srcset=\"https:\/\/www.lebreuilbourgogne.fr\/wp-content\/uploads\/2023\/12\/IMG_1593-1024x768.jpg 1024w, https:\/\/www.lebreuilbourgogne.fr\/wp-content\/uploads\/2023\/12\/IMG_1593-300x225.jpg 300w, https:\/\/www.lebreuilbourgogne.fr\/wp-content\/uploads\/2023\/12\/IMG_1593-768x576.jpg 768w, https:\/\/www.lebreuilbourgogne.fr\/wp-content\/uploads\/2023\/12\/IMG_1593-1536x1152.jpg 1536w, https:\/\/www.lebreuilbourgogne.fr\/wp-content\/uploads\/2023\/12\/IMG_1593-2048x1536.jpg 2048w\" sizes=\"auto, (max-width: 1024px) 100vw, 1024px\" \/><\/figure>\n\n\n\n<p class=\"has-text-align-center has-ast-global-color-0-color has-text-color has-link-color wp-elements-152951f802d075a406b14b1f1de50362\" style=\"font-size:26px\"><strong>M\u00e9diation Sociale de Proximit\u00e9<\/strong><\/p>\n\n\n\n<ul class=\"wp-block-list\">\n<li>Yann REPY&nbsp;\u2013 M\u00e9diateur social de proximit\u00e9<\/li>\n\n\n\n<li>Le Paquebot \u2013 Place de la Fraternit\u00e9<\/li>\n\n\n\n<li> 71670 LE BREUIL<\/li>\n\n\n\n<li>03.85.55.91.10 \u2013 06.78.40.75.64<\/li>\n\n\n\n<li><a href=\"mailto:Mediation.sociale@lebreuilbourgogne.fr\">Mediation.sociale@lebreuilbourgogne.fr<\/a> <a href=\"http:\/\/www.lebreuilbourgogne.fr\">www.lebreuilbourgogne.fr<\/a><\/li>\n<\/ul>\n<\/div>\n\n\n\n<div class=\"wp-block-column is-layout-flow wp-block-column-is-layout-flow\" style=\"flex-basis:66.66%\">\n<p class=\"has-ast-global-color-4-color has-ast-global-color-1-background-color has-text-color has-background has-link-color has-medium-font-size wp-elements-4d67291f3b71e6338f3729980468bb6f\"><strong>Yann R\u00e9py, m\u00e9diateur social de proximit\u00e9 est pr\u00e9sent pour : <\/strong><\/p>\n\n\n\n<ul class=\"wp-block-list\">\n<li>Aller \u00e0 votre rencontre et travailler avec vous sur les diff\u00e9rents projets collectifs pouvant favoriser et d\u00e9velopper le lien social sur la commune<\/li>\n\n\n\n<li>Se positionner comme point relais entre les diff\u00e9rents organismes priv\u00e9s et publics<\/li>\n\n\n\n<li>Vous accompagner dans vos d\u00e9marches en vous mettant en relation avec les bons organismes, en fonction de vos demandes et surtout de vos besoins<\/li>\n\n\n\n<li>Pr\u00e9venir des troubles et r\u00e9guler les conflits&nbsp;notamment en s\u2019appuyant sur des dispositifs existants comme le Conseil Intercommunal de S\u00e9curit\u00e9 et de Pr\u00e9vention de la D\u00e9linquance (CISPD). Il participe, \u00e9galement, \u00e0 la \u00ab&nbsp;Cellule de Veille&nbsp;\u00bb qui r\u00e9unit les \u00e9quipes \u00e9ducatives des \u00e9tablissement scolaires, les professionnels de l&rsquo;insertion, de la sant\u00e9, du tissu associatif ainsi que les \u00e9ducateurs et m\u00e9diateurs sociaux autour de situations pr\u00e9occupantes concernant les jeunes. L\u2019objectif est d\u2019accompagner ces populations \u00e0 risque, de restaurer le dialogue et d\u2019essayer de trouver des solutions ensemble.<\/li>\n<\/ul>\n\n\n\n<p>Le service de M\u00e9diation Sociale de Proximit\u00e9 int\u00e8gre \u00e9galement les dispositifs existants au sein de la Ville du Breuil. Le m\u00e9diateur social travaille en collaboration directe avec le Service Jeunesse et le CCAS de la Ville du Breuil. C\u2019est d\u2019ailleurs pour cela que le bureau de Yann se situe au Paquebot, lieu de l\u2019accueil de jour des s\u00e9niors et \u00e0 proximit\u00e9 du Centre Fran\u00e7ois Mitterrand.<\/p>\n<\/div>\n<\/div>\n\n\n\n<ul class=\"wp-block-list\">\n<li><\/li>\n<\/ul>\n","protected":false},"excerpt":{"rendered":"<p>Ce service a pour mission de favoriser le lien social, d\u2019accompagner les habitants, de pr\u00e9venir les troubles et r\u00e9guler les conflits. En particulier les populations les plus en difficult\u00e9s. M\u00e9diation [&hellip;]<\/p>\n","protected":false},"author":2,"featured_media":0,"parent":26,"menu_order":2,"comment_status":"closed","ping_status":"closed","template":"","meta":{"_monsterinsights_skip_tracking":false,"_monsterinsights_sitenote_active":false,"_monsterinsights_sitenote_note":"","_monsterinsights_sitenote_category":0,"site-sidebar-layout":"default","site-content-layout":"","ast-site-content-layout":"default","site-content-style":"default","site-sidebar-style":"default","ast-global-header-display":"","ast-banner-title-visibility":"","ast-main-header-display":"","ast-hfb-above-header-display":"","ast-hfb-below-header-display":"","ast-hfb-mobile-header-display":"","site-post-title":"disabled","ast-breadcrumbs-content":"","ast-featured-img":"","footer-sml-layout":"","theme-transparent-header-meta":"","adv-header-id-meta":"","stick-header-meta":"","header-above-stick-meta":"","header-main-stick-meta":"","header-below-stick-meta":"","astra-migrate-meta-layouts":"set","ast-page-background-enabled":"default","ast-page-background-meta":{"desktop":{"background-color":"var(--ast-global-color-4)","background-image":"","background-repeat":"repeat","background-position":"center center","background-size":"auto","background-attachment":"scroll","background-type":"","background-media":"","overlay-type":"","overlay-color":"","overlay-opacity":"","overlay-gradient":""},"tablet":{"background-color":"","background-image":"","background-repeat":"repeat","background-position":"center center","background-size":"auto","background-attachment":"scroll","background-type":"","background-media":"","overlay-type":"","overlay-color":"","overlay-opacity":"","overlay-gradient":""},"mobile":{"background-color":"","background-image":"","background-repeat":"repeat","background-position":"center center","background-size":"auto","background-attachment":"scroll","background-type":"","background-media":"","overlay-type":"","overlay-color":"","overlay-opacity":"","overlay-gradient":""}},"ast-content-background-meta":{"desktop":{"background-color":"var(--ast-global-color-5)","background-image":"","background-repeat":"repeat","background-position":"center center","background-size":"auto","background-attachment":"scroll","background-type":"","background-media":"","overlay-type":"","overlay-color":"","overlay-opacity":"","overlay-gradient":""},"tablet":{"background-color":"var(--ast-global-color-5)","background-image":"","background-repeat":"repeat","background-position":"center center","background-size":"auto","background-attachment":"scroll","background-type":"","background-media":"","overlay-type":"","overlay-color":"","overlay-opacity":"","overlay-gradient":""},"mobile":{"background-color":"var(--ast-global-color-5)","background-image":"","background-repeat":"repeat","background-position":"center center","background-size":"auto","background-attachment":"scroll","background-type":"","background-media":"","overlay-type":"","overlay-color":"","overlay-opacity":"","overlay-gradient":""}},"_EventAllDay":false,"_EventTimezone":"","_EventStartDate":"","_EventEndDate":"","_EventStartDateUTC":"","_EventEndDateUTC":"","_EventShowMap":false,"_EventShowMapLink":false,"_EventURL":"","_EventCost":"","_EventCostDescription":"","_EventCurrencySymbol":"","_EventCurrencyCode":"","_EventCurrencyPosition":"","_EventDateTimeSeparator":"","_EventTimeRangeSeparator":"","_EventOrganizerID":[],"_EventVenueID":[],"_OrganizerEmail":"","_OrganizerPhone":"","_OrganizerWebsite":"","_VenueAddress":"","_VenueCity":"","_VenueCountry":"","_VenueProvince":"","_VenueState":"","_VenueZip":"","_VenuePhone":"","_VenueURL":"","_VenueStateProvince":"","_VenueLat":"","_VenueLng":"","_VenueShowMap":false,"_VenueShowMapLink":false,"footnotes":""},"class_list":["post-3538","page","type-page","status-publish","hentry"],"_links":{"self":[{"href":"https:\/\/www.lebreuilbourgogne.fr\/index.php\/wp-json\/wp\/v2\/pages\/3538","targetHints":{"allow":["GET"]}}],"collection":[{"href":"https:\/\/www.lebreuilbourgogne.fr\/index.php\/wp-json\/wp\/v2\/pages"}],"about":[{"href":"https:\/\/www.lebreuilbourgogne.fr\/index.php\/wp-json\/wp\/v2\/types\/page"}],"author":[{"embeddable":true,"href":"https:\/\/www.lebreuilbourgogne.fr\/index.php\/wp-json\/wp\/v2\/users\/2"}],"replies":[{"embeddable":true,"href":"https:\/\/www.lebreuilbourgogne.fr\/index.php\/wp-json\/wp\/v2\/comments?post=3538"}],"version-history":[{"count":6,"href":"https:\/\/www.lebreuilbourgogne.fr\/index.php\/wp-json\/wp\/v2\/pages\/3538\/revisions"}],"predecessor-version":[{"id":4140,"href":"https:\/\/www.lebreuilbourgogne.fr\/index.php\/wp-json\/wp\/v2\/pages\/3538\/revisions\/4140"}],"up":[{"embeddable":true,"href":"https:\/\/www.lebreuilbourgogne.fr\/index.php\/wp-json\/wp\/v2\/pages\/26"}],"wp:attachment":[{"href":"https:\/\/www.lebreuilbourgogne.fr\/index.php\/wp-json\/wp\/v2\/media?parent=3538"}],"curies":[{"name":"wp","href":"https:\/\/api.w.org\/{rel}","templated":true}]}}